{"id":2753,"date":"2019-10-31T17:29:57","date_gmt":"2019-10-31T16:29:57","guid":{"rendered":"https:\/\/wheelchair-tours.org\/?page_id=2753"},"modified":"2019-11-01T16:16:00","modified_gmt":"2019-11-01T15:16:00","slug":"social-media","status":"publish","type":"page","link":"https:\/\/wheelchair-tours.org\/it\/social-media\/","title":{"rendered":"social media"},"content":{"rendered":"<div data-elementor-type=\"wp-page\" data-elementor-id=\"2753\" class=\"elementor elementor-2753\">\n\t\t\t\t\t\t\t\t\t<section class=\"has_eae_slider elementor-section elementor-top-section elementor-element elementor-element-6957f37 elementor-section-full_width elementor-section-height-default elementor-section-height-default\" data-eae-slider=\"71245\" data-id=\"6957f37\" data-element_type=\"section\">\n\t\t\t\t\t\t<div class=\"elementor-container elementor-column-gap-default\">\n\t\t\t\t\t<div class=\"has_eae_slider elementor-column elementor-col-100 elementor-top-column elementor-element elementor-element-3883c89\" data-eae-slider=\"71651\" data-id=\"3883c89\" data-element_type=\"column\">\n\t\t\t<div class=\"elementor-widget-wrap elementor-element-populated\">\n\t\t\t\t\t\t\t\t<div class=\"elementor-element elementor-element-46deb8c elementor-widget elementor-widget-template\" data-id=\"46deb8c\" data-element_type=\"widget\" data-widget_type=\"template.default\">\n\t\t\t\t<div class=\"elementor-widget-container\">\n\t\t\t\t\t<div class=\"elementor-template\">\n\t\t\t\t\t<div data-elementor-type=\"archive\" data-elementor-id=\"2769\" class=\"elementor elementor-2769\">\n\t\t<div class=\"elementor-section-wrap\">\n\t\t\t\t\t<section class=\"has_eae_slider elementor-section elementor-top-section elementor-element elementor-element-3128475a elementor-section-height-min-height elementor-section-full_width elementor-section-stretched elementor-section-height-default elementor-section-items-middle\" data-eae-slider=\"96807\" data-id=\"3128475a\" data-element_type=\"section\" data-settings=\"{&quot;background_background&quot;:&quot;classic&quot;,&quot;stretch_section&quot;:&quot;section-stretched&quot;}\" data-e-bg-lazyload=\"\">\n\t\t\t\t\t\t\t<div class=\"elementor-background-overlay\"><\/div>\n\t\t\t\t\t\t\t<div class=\"elementor-container elementor-column-gap-default\">\n\t\t\t\t\t<div class=\"has_eae_slider elementor-column elementor-col-25 elementor-top-column elementor-element elementor-element-6fba83f3\" data-eae-slider=\"49900\" data-id=\"6fba83f3\" data-element_type=\"column\">\n\t\t\t<div class=\"elementor-widget-wrap\">\n\t\t\t\t\t\t\t\t\t<\/div>\n\t\t<\/div>\n\t\t\t\t<div class=\"has_eae_slider elementor-column elementor-col-50 elementor-top-column elementor-element elementor-element-4bf6ee0c\" data-eae-slider=\"9923\" data-id=\"4bf6ee0c\" data-element_type=\"column\">\n\t\t\t<div class=\"elementor-widget-wrap elementor-element-populated\">\n\t\t\t\t\t\t\t\t<div class=\"elementor-element elementor-element-70fdbe34 elementor-widget elementor-widget-heading\" data-id=\"70fdbe34\" data-element_type=\"widget\" data-widget_type=\"heading.default\">\n\t\t\t\t<div class=\"elementor-widget-container\">\n\t\t\t<h2 class=\"elementor-heading-title elementor-size-default\">social media<\/h2>\t\t<\/div>\n\t\t\t\t<\/div>\n\t\t\t\t\t<\/div>\n\t\t<\/div>\n\t\t\t\t<div class=\"has_eae_slider elementor-column elementor-col-25 elementor-top-column elementor-element elementor-element-64432b15\" data-eae-slider=\"93441\" data-id=\"64432b15\" data-element_type=\"column\">\n\t\t\t<div class=\"elementor-widget-wrap\">\n\t\t\t\t\t\t\t\t\t<\/div>\n\t\t<\/div>\n\t\t\t\t\t\t\t<\/div>\n\t\t<\/section>\n\t\t\t\t<section class=\"has_eae_slider elementor-section elementor-top-section elementor-element elementor-element-7cb48d6d elementor-section-stretched elementor-section-full_width elementor-section-height-default elementor-section-height-default\" data-eae-slider=\"22539\" data-id=\"7cb48d6d\" data-element_type=\"section\" data-settings=\"{&quot;background_background&quot;:&quot;classic&quot;,&quot;shape_divider_top&quot;:&quot;mountains&quot;,&quot;shape_divider_bottom&quot;:&quot;mountains&quot;,&quot;stretch_section&quot;:&quot;section-stretched&quot;}\">\n\t\t\t\t\t<div class=\"elementor-shape elementor-shape-top\" data-negative=\"false\">\n\t\t\t<svg xmlns=\"http:\/\/www.w3.org\/2000\/svg\" viewbox=\"0 0 1000 100\" preserveaspectratio=\"none\">\n\t<path class=\"elementor-shape-fill\" opacity=\"0.33\" d=\"M473,67.3c-203.9,88.3-263.1-34-320.3,0C66,119.1,0,59.7,0,59.7V0h1000v59.7 c0,0-62.1,26.1-94.9,29.3c-32.8,3.3-62.8-12.3-75.8-22.1C806,49.6,745.3,8.7,694.9,4.7S492.4,59,473,67.3z\"\/>\n\t<path class=\"elementor-shape-fill\" opacity=\"0.66\" d=\"M734,67.3c-45.5,0-77.2-23.2-129.1-39.1c-28.6-8.7-150.3-10.1-254,39.1 s-91.7-34.4-149.2,0C115.7,118.3,0,39.8,0,39.8V0h1000v36.5c0,0-28.2-18.5-92.1-18.5C810.2,18.1,775.7,67.3,734,67.3z\"\/>\n\t<path class=\"elementor-shape-fill\" d=\"M766.1,28.9c-200-57.5-266,65.5-395.1,19.5C242,1.8,242,5.4,184.8,20.6C128,35.8,132.3,44.9,89.9,52.5C28.6,63.7,0,0,0,0 h1000c0,0-9.9,40.9-83.6,48.1S829.6,47,766.1,28.9z\"\/>\n<\/svg>\t\t<\/div>\n\t\t\t\t<div class=\"elementor-shape elementor-shape-bottom\" data-negative=\"false\">\n\t\t\t<svg xmlns=\"http:\/\/www.w3.org\/2000\/svg\" viewbox=\"0 0 1000 100\" preserveaspectratio=\"none\">\n\t<path class=\"elementor-shape-fill\" opacity=\"0.33\" d=\"M473,67.3c-203.9,88.3-263.1-34-320.3,0C66,119.1,0,59.7,0,59.7V0h1000v59.7 c0,0-62.1,26.1-94.9,29.3c-32.8,3.3-62.8-12.3-75.8-22.1C806,49.6,745.3,8.7,694.9,4.7S492.4,59,473,67.3z\"\/>\n\t<path class=\"elementor-shape-fill\" opacity=\"0.66\" d=\"M734,67.3c-45.5,0-77.2-23.2-129.1-39.1c-28.6-8.7-150.3-10.1-254,39.1 s-91.7-34.4-149.2,0C115.7,118.3,0,39.8,0,39.8V0h1000v36.5c0,0-28.2-18.5-92.1-18.5C810.2,18.1,775.7,67.3,734,67.3z\"\/>\n\t<path class=\"elementor-shape-fill\" d=\"M766.1,28.9c-200-57.5-266,65.5-395.1,19.5C242,1.8,242,5.4,184.8,20.6C128,35.8,132.3,44.9,89.9,52.5C28.6,63.7,0,0,0,0 h1000c0,0-9.9,40.9-83.6,48.1S829.6,47,766.1,28.9z\"\/>\n<\/svg>\t\t<\/div>\n\t\t\t\t\t<div class=\"elementor-container elementor-column-gap-default\">\n\t\t\t\t\t<div class=\"has_eae_slider elementor-column elementor-col-25 elementor-top-column elementor-element elementor-element-6a47529a\" data-eae-slider=\"11383\" data-id=\"6a47529a\" data-element_type=\"column\">\n\t\t\t<div class=\"elementor-widget-wrap\">\n\t\t\t\t\t\t\t\t\t<\/div>\n\t\t<\/div>\n\t\t\t\t<div class=\"has_eae_slider elementor-column elementor-col-50 elementor-top-column elementor-element elementor-element-24404a5\" data-eae-slider=\"21568\" data-id=\"24404a5\" data-element_type=\"column\">\n\t\t\t<div class=\"elementor-widget-wrap elementor-element-populated\">\n\t\t\t\t\t\t\t\t<div class=\"elementor-element elementor-element-2cac7c97 elementor-blockquote--skin-quotation elementor-blockquote--align-center elementor-blockquote--button-color-official elementor-widget elementor-widget-blockquote\" data-id=\"2cac7c97\" data-element_type=\"widget\" data-widget_type=\"blockquote.default\">\n\t\t\t\t<div class=\"elementor-widget-container\">\n\t\t\t\t\t<blockquote class=\"elementor-blockquote\">\n\t\t\t<p class=\"elementor-blockquote__content\">\n\t\t\t\tAmiamo i contenuti.\t\t\t<\/p>\n\t\t\t\t\t\t\t<footer>\n\t\t\t\t\t\t\t\t\t\t\t<cite class=\"elementor-blockquote__author\">rollin' alps<\/cite>\n\t\t\t\t\t\t\t\t\t\t\t\t\t\t<\/footer>\n\t\t\t\t\t<\/blockquote>\n\t\t\t\t<\/div>\n\t\t\t\t<\/div>\n\t\t\t\t\t<\/div>\n\t\t<\/div>\n\t\t\t\t<div class=\"has_eae_slider elementor-column elementor-col-25 elementor-top-column elementor-element elementor-element-4c4dd0da\" data-eae-slider=\"68431\" data-id=\"4c4dd0da\" data-element_type=\"column\">\n\t\t\t<div class=\"elementor-widget-wrap\">\n\t\t\t\t\t\t\t\t\t<\/div>\n\t\t<\/div>\n\t\t\t\t\t\t\t<\/div>\n\t\t<\/section>\n\t\t\t\t<section class=\"has_eae_slider elementor-section elementor-top-section elementor-element elementor-element-1ad887e1 elementor-section-boxed elementor-section-height-default elementor-section-height-default\" data-eae-slider=\"94163\" data-id=\"1ad887e1\" data-element_type=\"section\" data-settings=\"{&quot;background_background&quot;:&quot;classic&quot;}\">\n\t\t\t\t\t\t<div class=\"elementor-container elementor-column-gap-default\">\n\t\t\t\t\t<div class=\"has_eae_slider elementor-column elementor-col-100 elementor-top-column elementor-element elementor-element-156ea781\" data-eae-slider=\"24891\" data-id=\"156ea781\" data-element_type=\"column\">\n\t\t\t<div class=\"elementor-widget-wrap elementor-element-populated\">\n\t\t\t\t\t\t\t\t<div class=\"elementor-element elementor-element-31689210 elementor-widget elementor-widget-text-editor\" data-id=\"31689210\" data-element_type=\"widget\" data-widget_type=\"text-editor.default\">\n\t\t\t\t<div class=\"elementor-widget-container\">\n\t\t\t\t\t\t\t<p>rollin&#8216; alps<\/p>\t\t\t\t\t\t<\/div>\n\t\t\t\t<\/div>\n\t\t\t\t<div class=\"elementor-element elementor-element-61faa2e elementor-widget elementor-widget-heading\" data-id=\"61faa2e\" data-element_type=\"widget\" data-widget_type=\"heading.default\">\n\t\t\t\t<div class=\"elementor-widget-container\">\n\t\t\t<h2 class=\"elementor-heading-title elementor-size-default\">social media<\/h2>\t\t<\/div>\n\t\t\t\t<\/div>\n\t\t\t\t<div class=\"elementor-element elementor-element-1c34cc2e elementor-widget-divider--view-line elementor-widget elementor-widget-divider\" data-id=\"1c34cc2e\" data-element_type=\"widget\" data-widget_type=\"divider.default\">\n\t\t\t\t<div class=\"elementor-widget-container\">\n\t\t\t\t\t<div class=\"elementor-divider\">\n\t\t\t<span class=\"elementor-divider-separator\">\n\t\t\t\t\t\t<\/span>\n\t\t<\/div>\n\t\t\t\t<\/div>\n\t\t\t\t<\/div>\n\t\t\t\t\t<\/div>\n\t\t<\/div>\n\t\t\t\t\t\t\t<\/div>\n\t\t<\/section>\n\t\t\t\t<section class=\"has_eae_slider elementor-section elementor-top-section elementor-element elementor-element-7ef47768 elementor-section-boxed elementor-section-height-default elementor-section-height-default\" data-eae-slider=\"29260\" data-id=\"7ef47768\" data-element_type=\"section\">\n\t\t\t\t\t\t<div class=\"elementor-container elementor-column-gap-default\">\n\t\t\t\t\t<div class=\"has_eae_slider elementor-column elementor-col-25 elementor-top-column elementor-element elementor-element-1335ab58\" data-eae-slider=\"91146\" data-id=\"1335ab58\" data-element_type=\"column\">\n\t\t\t<div class=\"elementor-widget-wrap\">\n\t\t\t\t\t\t\t\t\t<\/div>\n\t\t<\/div>\n\t\t\t\t<div class=\"has_eae_slider elementor-column elementor-col-50 elementor-top-column elementor-element elementor-element-29c4a8b0\" data-eae-slider=\"33801\" data-id=\"29c4a8b0\" data-element_type=\"column\">\n\t\t\t<div class=\"elementor-widget-wrap elementor-element-populated\">\n\t\t\t\t\t\t\t\t<div class=\"elementor-element elementor-element-6c3b422b elementor-widget elementor-widget-text-editor\" data-id=\"6c3b422b\" data-element_type=\"widget\" data-widget_type=\"text-editor.default\">\n\t\t\t\t<div class=\"elementor-widget-container\">\n\t\t\t\t\t\t\t<p>Tramite questa pagina potete trovare i nostri ultimi post\/contributi sui canali dei social media.<\/p><p>L'abbiamo impostato principalmente in modo che i link, i contenuti, i video ecc. possano essere accessibili anche in un secondo momento.\u00a0<br \/><br \/>In questo modo avrete sempre le informazioni a portata di mano.<\/p>\t\t\t\t\t\t<\/div>\n\t\t\t\t<\/div>\n\t\t\t\t\t<\/div>\n\t\t<\/div>\n\t\t\t\t<div class=\"has_eae_slider elementor-column elementor-col-25 elementor-top-column elementor-element elementor-element-7a801f8e\" data-eae-slider=\"62575\" data-id=\"7a801f8e\" data-element_type=\"column\">\n\t\t\t<div class=\"elementor-widget-wrap\">\n\t\t\t\t\t\t\t\t\t<\/div>\n\t\t<\/div>\n\t\t\t\t\t\t\t<\/div>\n\t\t<\/section>\n\t\t\t\t<section class=\"has_eae_slider elementor-section elementor-top-section elementor-element elementor-element-572ad618 elementor-section-stretched elementor-section-full_width elementor-section-height-default elementor-section-height-default\" data-eae-slider=\"92657\" data-id=\"572ad618\" data-element_type=\"section\" data-settings=\"{&quot;stretch_section&quot;:&quot;section-stretched&quot;}\">\n\t\t\t\t\t\t<div class=\"elementor-container elementor-column-gap-default\">\n\t\t\t\t\t<div class=\"has_eae_slider elementor-column elementor-col-33 elementor-top-column elementor-element elementor-element-27bc7e1a\" data-eae-slider=\"46241\" data-id=\"27bc7e1a\" data-element_type=\"column\">\n\t\t\t<div class=\"elementor-widget-wrap elementor-element-populated\">\n\t\t\t\t\t\t\t\t<div class=\"elementor-element elementor-element-5f9f945a elementor-widget elementor-widget-image\" data-id=\"5f9f945a\" data-element_type=\"widget\" data-widget_type=\"image.default\">\n\t\t\t\t<div class=\"elementor-widget-container\">\n\t\t\t\t\t\t\t\t\t\t\t\t\t\t\t<img loading=\"lazy\" decoding=\"async\" width=\"640\" height=\"400\" src=\"https:\/\/wheelchair-tours.org\/wp-content\/uploads\/2019\/10\/Wheelchair-Tours-Rollstuhl-Wandern-Seiser-Alm-Mahlknechthuette-Ausblick-Alm-Panorama.jpg\" class=\"attachment-full size-full wp-image-2375\" alt=\"Wheelchair-Tours-Rollstuhl-Wandern-Seiser-Alm-Mahlknechthuette-Ausblick-Alm-Panorama-featured-image\" srcset=\"https:\/\/wheelchair-tours.org\/wp-content\/uploads\/2019\/10\/Wheelchair-Tours-Rollstuhl-Wandern-Seiser-Alm-Mahlknechthuette-Ausblick-Alm-Panorama.jpg 640w, https:\/\/wheelchair-tours.org\/wp-content\/uploads\/2019\/10\/Wheelchair-Tours-Rollstuhl-Wandern-Seiser-Alm-Mahlknechthuette-Ausblick-Alm-Panorama-300x188.jpg 300w\" sizes=\"auto, (max-width: 640px) 100vw, 640px\" \/>\t\t\t\t\t\t\t\t\t\t\t\t\t\t\t<\/div>\n\t\t\t\t<\/div>\n\t\t\t\t\t<\/div>\n\t\t<\/div>\n\t\t\t\t<div class=\"has_eae_slider elementor-column elementor-col-33 elementor-top-column elementor-element elementor-element-5b4e47ef\" data-eae-slider=\"42368\" data-id=\"5b4e47ef\" data-element_type=\"column\">\n\t\t\t<div class=\"elementor-widget-wrap elementor-element-populated\">\n\t\t\t\t\t\t\t\t<div class=\"elementor-element elementor-element-6e1cdb6a elementor-widget elementor-widget-image\" data-id=\"6e1cdb6a\" data-element_type=\"widget\" data-widget_type=\"image.default\">\n\t\t\t\t<div class=\"elementor-widget-container\">\n\t\t\t\t\t\t\t\t\t\t\t\t\t\t\t<img loading=\"lazy\" decoding=\"async\" width=\"640\" height=\"400\" src=\"https:\/\/wheelchair-tours.org\/wp-content\/uploads\/2019\/10\/Wheelchair-Tours-Rollstuhl-Wandern-Seiser-Alm-Mahlknechthuette-Ausblick-Eidelweisshuette.jpg\" class=\"attachment-full size-full wp-image-2378\" alt=\"Wheelchair-Tours-Rollstuhl-Wandern-Seiser-Alm-Mahlknechthuette-Ausblick-Alm-Panorama-featured-image\" srcset=\"https:\/\/wheelchair-tours.org\/wp-content\/uploads\/2019\/10\/Wheelchair-Tours-Rollstuhl-Wandern-Seiser-Alm-Mahlknechthuette-Ausblick-Eidelweisshuette.jpg 640w, https:\/\/wheelchair-tours.org\/wp-content\/uploads\/2019\/10\/Wheelchair-Tours-Rollstuhl-Wandern-Seiser-Alm-Mahlknechthuette-Ausblick-Eidelweisshuette-300x188.jpg 300w\" sizes=\"auto, (max-width: 640px) 100vw, 640px\" \/>\t\t\t\t\t\t\t\t\t\t\t\t\t\t\t<\/div>\n\t\t\t\t<\/div>\n\t\t\t\t\t<\/div>\n\t\t<\/div>\n\t\t\t\t<div class=\"has_eae_slider elementor-column elementor-col-33 elementor-top-column elementor-element elementor-element-7182e16e\" data-eae-slider=\"37632\" data-id=\"7182e16e\" data-element_type=\"column\">\n\t\t\t<div class=\"elementor-widget-wrap elementor-element-populated\">\n\t\t\t\t\t\t\t\t<div class=\"elementor-element elementor-element-36eb7bb elementor-widget elementor-widget-image\" data-id=\"36eb7bb\" data-element_type=\"widget\" data-widget_type=\"image.default\">\n\t\t\t\t<div class=\"elementor-widget-container\">\n\t\t\t\t\t\t\t\t\t\t\t\t\t\t\t<img loading=\"lazy\" decoding=\"async\" width=\"640\" height=\"400\" src=\"https:\/\/wheelchair-tours.org\/wp-content\/uploads\/2019\/10\/Wheelchair-Tours-Rollstuhl-Vinschgau-Ausblick-Reschensee.jpg\" class=\"attachment-full size-full wp-image-2269\" alt=\"Wheelchair-Tours-Rollstuhl-Vinschgau-Ausblick-Reschensee\" srcset=\"https:\/\/wheelchair-tours.org\/wp-content\/uploads\/2019\/10\/Wheelchair-Tours-Rollstuhl-Vinschgau-Ausblick-Reschensee.jpg 640w, https:\/\/wheelchair-tours.org\/wp-content\/uploads\/2019\/10\/Wheelchair-Tours-Rollstuhl-Vinschgau-Ausblick-Reschensee-300x188.jpg 300w\" sizes=\"auto, (max-width: 640px) 100vw, 640px\" \/>\t\t\t\t\t\t\t\t\t\t\t\t\t\t\t<\/div>\n\t\t\t\t<\/div>\n\t\t\t\t\t<\/div>\n\t\t<\/div>\n\t\t\t\t\t\t\t<\/div>\n\t\t<\/section>\n\t\t\t\t<section class=\"has_eae_slider elementor-section elementor-top-section elementor-element elementor-element-321c4ae6 elementor-section-content-top elementor-section-boxed elementor-section-height-default elementor-section-height-default\" data-eae-slider=\"59577\" data-id=\"321c4ae6\" data-element_type=\"section\">\n\t\t\t\t\t\t<div class=\"elementor-container elementor-column-gap-narrow\">\n\t\t\t\t\t<div class=\"has_eae_slider elementor-column elementor-col-100 elementor-top-column elementor-element elementor-element-7e6c82b6\" data-eae-slider=\"54784\" data-id=\"7e6c82b6\" data-element_type=\"column\">\n\t\t\t<div class=\"elementor-widget-wrap elementor-element-populated\">\n\t\t\t\t\t\t\t\t<div class=\"elementor-element elementor-element-112ba57e elementor-widget elementor-widget-heading\" data-id=\"112ba57e\" data-element_type=\"widget\" data-widget_type=\"heading.default\">\n\t\t\t\t<div class=\"elementor-widget-container\">\n\t\t\t<h2 class=\"elementor-heading-title elementor-size-default\">Panoramica<\/h2>\t\t<\/div>\n\t\t\t\t<\/div>\n\t\t\t\t<div class=\"elementor-element elementor-element-8b81c0b elementor-widget elementor-widget-heading\" data-id=\"8b81c0b\" data-element_type=\"widget\" data-widget_type=\"heading.default\">\n\t\t\t\t<div class=\"elementor-widget-container\">\n\t\t\t<h3 class=\"elementor-heading-title elementor-size-default\">Filtro<\/h3>\t\t<\/div>\n\t\t\t\t<\/div>\n\t\t\t\t<section class=\"has_eae_slider elementor-section elementor-inner-section elementor-element elementor-element-e78d7c8 elementor-section-boxed elementor-section-height-default elementor-section-height-default\" data-eae-slider=\"52761\" data-id=\"e78d7c8\" data-element_type=\"section\">\n\t\t\t\t\t\t<div class=\"elementor-container elementor-column-gap-default\">\n\t\t\t\t\t<div class=\"has_eae_slider elementor-column elementor-col-20 elementor-inner-column elementor-element elementor-element-c26149b\" data-eae-slider=\"62258\" data-id=\"c26149b\" data-element_type=\"column\">\n\t\t\t<div class=\"elementor-widget-wrap elementor-element-populated\">\n\t\t\t\t\t\t\t\t<div class=\"elementor-element elementor-element-5c3ae91 elementor-widget elementor-widget-checkbox-filter\" data-id=\"5c3ae91\" data-element_type=\"widget\" data-widget_type=\"checkbox-filter.default\">\n\t\t\t\t<div class=\"elementor-widget-container\">\n\t\t\t\n\n    <div>\n      <ul class=\"cat-checkbox-list cat-filter-for-SocialMedia_1\" id=\"filter-kooperation-5c3ae91\" data-hide-empty=\"\">\n        <li\n      class=\"cat-checkbox-filter\"\n      data-term=\"kooperation-interessantes\"\n      data-container=\"filter-kooperation-5c3ae91\"\n      data-posts=\"SocialMedia_1\">\n      <span class=\"cat-checkbox-icon-container\"><i class=\"fa fa-check-circle-o cat-icon-on\" aria-hidden=\"true\"><\/i><i class=\"fa fa-circle-thin cat-icon-off\" aria-hidden=\"true\"><\/i><\/span>\n      Interessante\n      <\/li><li\n      class=\"cat-checkbox-filter\"\n      data-term=\"kooperation-interesting-posts\"\n      data-container=\"filter-kooperation-5c3ae91\"\n      data-posts=\"SocialMedia_1\">\n      <span class=\"cat-checkbox-icon-container\"><i class=\"fa fa-check-circle-o cat-icon-on\" aria-hidden=\"true\"><\/i><i class=\"fa fa-circle-thin cat-icon-off\" aria-hidden=\"true\"><\/i><\/span>\n      Messaggi interessanti\n      <\/li>      <\/ul>\n    <\/div>\n\n    \t\t<\/div>\n\t\t\t\t<\/div>\n\t\t\t\t\t<\/div>\n\t\t<\/div>\n\t\t\t\t<div class=\"has_eae_slider elementor-column elementor-col-20 elementor-inner-column elementor-element elementor-element-a85ed29\" data-eae-slider=\"44319\" data-id=\"a85ed29\" data-element_type=\"column\">\n\t\t\t<div class=\"elementor-widget-wrap elementor-element-populated\">\n\t\t\t\t\t\t\t\t<div class=\"elementor-element elementor-element-a39a9f0 elementor-widget elementor-widget-checkbox-filter\" data-id=\"a39a9f0\" data-element_type=\"widget\" data-widget_type=\"checkbox-filter.default\">\n\t\t\t\t<div class=\"elementor-widget-container\">\n\t\t\t\n\n    <div>\n      <ul class=\"cat-checkbox-list cat-filter-for-SocialMedia_1\" id=\"filter-anekdote-a39a9f0\" data-hide-empty=\"\">\n        <li\n      class=\"cat-checkbox-filter\"\n      data-term=\"anekdote-anecdotes\"\n      data-container=\"filter-anekdote-a39a9f0\"\n      data-posts=\"SocialMedia_1\">\n      <span class=\"cat-checkbox-icon-container\"><i class=\"fa fa-check-circle-o cat-icon-on\" aria-hidden=\"true\"><\/i><i class=\"fa fa-circle-thin cat-icon-off\" aria-hidden=\"true\"><\/i><\/span>\n      Aneddoti\n      <\/li><li\n      class=\"cat-checkbox-filter\"\n      data-term=\"anekdote-anekdote\"\n      data-container=\"filter-anekdote-a39a9f0\"\n      data-posts=\"SocialMedia_1\">\n      <span class=\"cat-checkbox-icon-container\"><i class=\"fa fa-check-circle-o cat-icon-on\" aria-hidden=\"true\"><\/i><i class=\"fa fa-circle-thin cat-icon-off\" aria-hidden=\"true\"><\/i><\/span>\n      Aneddoto\n      <\/li>      <\/ul>\n    <\/div>\n\n    \t\t<\/div>\n\t\t\t\t<\/div>\n\t\t\t\t\t<\/div>\n\t\t<\/div>\n\t\t\t\t<div class=\"has_eae_slider elementor-column elementor-col-20 elementor-inner-column elementor-element elementor-element-f73518c\" data-eae-slider=\"41560\" data-id=\"f73518c\" data-element_type=\"column\">\n\t\t\t<div class=\"elementor-widget-wrap elementor-element-populated\">\n\t\t\t\t\t\t\t\t<div class=\"elementor-element elementor-element-f08c253 elementor-widget elementor-widget-checkbox-filter\" data-id=\"f08c253\" data-element_type=\"widget\" data-widget_type=\"checkbox-filter.default\">\n\t\t\t\t<div class=\"elementor-widget-container\">\n\t\t\t\n\n    <div>\n      <ul class=\"cat-checkbox-list cat-filter-for-SocialMedia_1\" id=\"filter-blogbeitrag-f08c253\" data-hide-empty=\"yes\">\n        <li\n      class=\"cat-checkbox-filter\"\n      data-term=\"blogbeitrag-neuer-blogbeitrag\"\n      data-container=\"filter-blogbeitrag-f08c253\"\n      data-posts=\"SocialMedia_1\">\n      <span class=\"cat-checkbox-icon-container\"><i class=\"fa fa-check-circle-o cat-icon-on\" aria-hidden=\"true\"><\/i><i class=\"fa fa-circle-thin cat-icon-off\" aria-hidden=\"true\"><\/i><\/span>\n      Nuovo post sul blog\n      <\/li><li\n      class=\"cat-checkbox-filter\"\n      data-term=\"blogbeitrag-new-blog-post\"\n      data-container=\"filter-blogbeitrag-f08c253\"\n      data-posts=\"SocialMedia_1\">\n      <span class=\"cat-checkbox-icon-container\"><i class=\"fa fa-check-circle-o cat-icon-on\" aria-hidden=\"true\"><\/i><i class=\"fa fa-circle-thin cat-icon-off\" aria-hidden=\"true\"><\/i><\/span>\n      Nuovo post sul blog\n      <\/li>      <\/ul>\n    <\/div>\n\n    \t\t<\/div>\n\t\t\t\t<\/div>\n\t\t\t\t\t<\/div>\n\t\t<\/div>\n\t\t\t\t<div class=\"has_eae_slider elementor-column elementor-col-20 elementor-inner-column elementor-element elementor-element-574fe70\" data-eae-slider=\"62809\" data-id=\"574fe70\" data-element_type=\"column\">\n\t\t\t<div class=\"elementor-widget-wrap elementor-element-populated\">\n\t\t\t\t\t\t\t\t<div class=\"elementor-element elementor-element-688582a elementor-widget elementor-widget-checkbox-filter\" data-id=\"688582a\" data-element_type=\"widget\" data-widget_type=\"checkbox-filter.default\">\n\t\t\t\t<div class=\"elementor-widget-container\">\n\t\t\t\n\n    <div>\n      <ul class=\"cat-checkbox-list cat-filter-for-SocialMedia_1\" id=\"filter-neue_tour-688582a\" data-hide-empty=\"\">\n        <li\n      class=\"cat-checkbox-filter\"\n      data-term=\"neue_tour-neue-tour\"\n      data-container=\"filter-neue_tour-688582a\"\n      data-posts=\"SocialMedia_1\">\n      <span class=\"cat-checkbox-icon-container\"><i class=\"fa fa-check-circle-o cat-icon-on\" aria-hidden=\"true\"><\/i><i class=\"fa fa-circle-thin cat-icon-off\" aria-hidden=\"true\"><\/i><\/span>\n      Nuovo tour\n      <\/li><li\n      class=\"cat-checkbox-filter\"\n      data-term=\"neue_tour-new-tour\"\n      data-container=\"filter-neue_tour-688582a\"\n      data-posts=\"SocialMedia_1\">\n      <span class=\"cat-checkbox-icon-container\"><i class=\"fa fa-check-circle-o cat-icon-on\" aria-hidden=\"true\"><\/i><i class=\"fa fa-circle-thin cat-icon-off\" aria-hidden=\"true\"><\/i><\/span>\n      Nuovo tour\n      <\/li>      <\/ul>\n    <\/div>\n\n    \t\t<\/div>\n\t\t\t\t<\/div>\n\t\t\t\t\t<\/div>\n\t\t<\/div>\n\t\t\t\t<div class=\"has_eae_slider elementor-column elementor-col-20 elementor-inner-column elementor-element elementor-element-430c885\" data-eae-slider=\"5704\" data-id=\"430c885\" data-element_type=\"column\">\n\t\t\t<div class=\"elementor-widget-wrap elementor-element-populated\">\n\t\t\t\t\t\t\t\t<div class=\"elementor-element elementor-element-5c82552 elementor-widget elementor-widget-checkbox-filter\" data-id=\"5c82552\" data-element_type=\"widget\" data-widget_type=\"checkbox-filter.default\">\n\t\t\t\t<div class=\"elementor-widget-container\">\n\t\t\t\n\n    <div>\n      <ul class=\"cat-checkbox-list cat-filter-for-SocialMedia_1\" id=\"filter-neues_feature-5c82552\" data-hide-empty=\"\">\n        <li\n      class=\"cat-checkbox-filter\"\n      data-term=\"neues_feature-neues-feature\"\n      data-container=\"filter-neues_feature-5c82552\"\n      data-posts=\"SocialMedia_1\">\n      <span class=\"cat-checkbox-icon-container\"><i class=\"fa fa-check-circle-o cat-icon-on\" aria-hidden=\"true\"><\/i><i class=\"fa fa-circle-thin cat-icon-off\" aria-hidden=\"true\"><\/i><\/span>\n      Nuova caratteristica\n      <\/li><li\n      class=\"cat-checkbox-filter\"\n      data-term=\"neues_feature-new-feature\"\n      data-container=\"filter-neues_feature-5c82552\"\n      data-posts=\"SocialMedia_1\">\n      <span class=\"cat-checkbox-icon-container\"><i class=\"fa fa-check-circle-o cat-icon-on\" aria-hidden=\"true\"><\/i><i class=\"fa fa-circle-thin cat-icon-off\" aria-hidden=\"true\"><\/i><\/span>\n      Nuova caratteristica\n      <\/li>      <\/ul>\n    <\/div>\n\n    \t\t<\/div>\n\t\t\t\t<\/div>\n\t\t\t\t\t<\/div>\n\t\t<\/div>\n\t\t\t\t\t\t\t<\/div>\n\t\t<\/section>\n\t\t\t\t<div class=\"elementor-element elementor-element-14996abb elementor-posts--align-center elementor-grid-4 elementor-grid-tablet-2 elementor-grid-mobile-1 elementor-posts--thumbnail-top elementor-card-shadow-yes elementor-posts__hover-gradient elementor-widget elementor-widget-posts\" data-id=\"14996abb\" data-element_type=\"widget\" id=\"SocialMedia_1\" data-settings=\"{&quot;cards_row_gap&quot;:{&quot;unit&quot;:&quot;px&quot;,&quot;size&quot;:15,&quot;sizes&quot;:[]},&quot;cards_columns&quot;:&quot;4&quot;,&quot;cards_columns_tablet&quot;:&quot;2&quot;,&quot;cards_columns_mobile&quot;:&quot;1&quot;,&quot;cards_row_gap_tablet&quot;:{&quot;unit&quot;:&quot;px&quot;,&quot;size&quot;:&quot;&quot;,&quot;sizes&quot;:[]},&quot;cards_row_gap_mobile&quot;:{&quot;unit&quot;:&quot;px&quot;,&quot;size&quot;:&quot;&quot;,&quot;sizes&quot;:[]}}\" data-widget_type=\"posts.cards\">\n\t\t\t\t<div class=\"elementor-widget-container\">\n\t\t\t\t\t<div class=\"elementor-posts-container elementor-posts elementor-posts--skin-cards elementor-grid\">\n\t\t\t\t<article class=\"elementor-post elementor-grid-item post-5021 social_media_beitrag type-social_media_beitrag status-publish has-post-thumbnail hentry neue_tour-neue-tour\">\n\t\t\t<div class=\"elementor-post__card\">\n\t\t\t\t<a class=\"elementor-post__thumbnail__link\" href=\"https:\/\/wheelchair-tours.org\/it\/social-media-beitrag\/neue-tour-naturerlebnisweg-zans-im-villnoesstal\/\"><div class=\"elementor-post__thumbnail\"><img loading=\"lazy\" decoding=\"async\" width=\"2094\" height=\"1178\" src=\"https:\/\/wheelchair-tours.org\/wp-content\/uploads\/2020\/07\/Wheelchair-Tours-Rollstuhl-Viln\u00f6sstal-Kirche-St-Johann.jpg\" class=\"attachment-full size-full wp-image-5022\" alt=\"Wheelchair-Tours-Rollstuhl-Viln\u00f6sstal-Kirche-St-Johann\" srcset=\"https:\/\/wheelchair-tours.org\/wp-content\/uploads\/2020\/07\/Wheelchair-Tours-Rollstuhl-Viln\u00f6sstal-Kirche-St-Johann.jpg 2094w, https:\/\/wheelchair-tours.org\/wp-content\/uploads\/2020\/07\/Wheelchair-Tours-Rollstuhl-Viln\u00f6sstal-Kirche-St-Johann-300x169.jpg 300w, https:\/\/wheelchair-tours.org\/wp-content\/uploads\/2020\/07\/Wheelchair-Tours-Rollstuhl-Viln\u00f6sstal-Kirche-St-Johann-1024x576.jpg 1024w, https:\/\/wheelchair-tours.org\/wp-content\/uploads\/2020\/07\/Wheelchair-Tours-Rollstuhl-Viln\u00f6sstal-Kirche-St-Johann-768x432.jpg 768w, https:\/\/wheelchair-tours.org\/wp-content\/uploads\/2020\/07\/Wheelchair-Tours-Rollstuhl-Viln\u00f6sstal-Kirche-St-Johann-1536x864.jpg 1536w, https:\/\/wheelchair-tours.org\/wp-content\/uploads\/2020\/07\/Wheelchair-Tours-Rollstuhl-Viln\u00f6sstal-Kirche-St-Johann-2048x1152.jpg 2048w\" sizes=\"auto, (max-width: 2094px) 100vw, 2094px\" \/><\/div><\/a>\n\t\t\t\t<div class=\"elementor-post__text\">\n\t\t\t\t<h3 class=\"elementor-post__title\">\n\t\t\t<a href=\"https:\/\/wheelchair-tours.org\/it\/social-media-beitrag\/neue-tour-naturerlebnisweg-zans-im-villnoesstal\/\">\n\t\t\t\tNuovo tour: Sentiero avventura della natura Zans nella valle di Villn\u00f6ss\t\t\t<\/a>\n\t\t<\/h3>\n\t\t\t\t<div class=\"elementor-post__excerpt\">\n\t\t\t<p>Escursione lungo il sentiero dell'esperienza della natura a Zans \ud83d\ude04 Il tour \u00e8 un'alternativa ai nostri tour pubblicati in precedenza nella valle di Viln\u00f6s. \u2757\ufe0f Il \ud83c\udf3f\ud83c\udf3a Percorso di scoperta della natura<\/p>\n\t\t<\/div>\n\t\t\t\t<\/div>\n\t\t\t\t<div class=\"elementor-post__meta-data\">\n\t\t\t\t\t<span class=\"elementor-post-date\">\n\t\t\t27 Luglio 2020\t\t<\/span>\n\t\t\t\t<span class=\"elementor-post-avatar\">\n\t\t\tNessun commento\t\t<\/span>\n\t\t\t\t<\/div>\n\t\t\t\t\t<\/div>\n\t\t<\/article>\n\t\t\t\t<article class=\"elementor-post elementor-grid-item post-5026 social_media_beitrag type-social_media_beitrag status-publish has-post-thumbnail hentry neue_tour-new-tour\">\n\t\t\t<div class=\"elementor-post__card\">\n\t\t\t\t<a class=\"elementor-post__thumbnail__link\" href=\"https:\/\/wheelchair-tours.org\/it\/social-media-beitrag\/new-tour-nature-discovery-trail-zans-in-the-val-di-funes\/\"><div class=\"elementor-post__thumbnail\"><img loading=\"lazy\" decoding=\"async\" width=\"2094\" height=\"1178\" src=\"https:\/\/wheelchair-tours.org\/wp-content\/uploads\/2020\/07\/Wheelchair-Tours-Rollstuhl-Viln\u00f6sstal-Kirche-St-Johann.jpg\" class=\"attachment-full size-full wp-image-5022\" alt=\"Wheelchair-Tours-Rollstuhl-Viln\u00f6sstal-Kirche-St-Johann\" srcset=\"https:\/\/wheelchair-tours.org\/wp-content\/uploads\/2020\/07\/Wheelchair-Tours-Rollstuhl-Viln\u00f6sstal-Kirche-St-Johann.jpg 2094w, https:\/\/wheelchair-tours.org\/wp-content\/uploads\/2020\/07\/Wheelchair-Tours-Rollstuhl-Viln\u00f6sstal-Kirche-St-Johann-300x169.jpg 300w, https:\/\/wheelchair-tours.org\/wp-content\/uploads\/2020\/07\/Wheelchair-Tours-Rollstuhl-Viln\u00f6sstal-Kirche-St-Johann-1024x576.jpg 1024w, https:\/\/wheelchair-tours.org\/wp-content\/uploads\/2020\/07\/Wheelchair-Tours-Rollstuhl-Viln\u00f6sstal-Kirche-St-Johann-768x432.jpg 768w, https:\/\/wheelchair-tours.org\/wp-content\/uploads\/2020\/07\/Wheelchair-Tours-Rollstuhl-Viln\u00f6sstal-Kirche-St-Johann-1536x864.jpg 1536w, https:\/\/wheelchair-tours.org\/wp-content\/uploads\/2020\/07\/Wheelchair-Tours-Rollstuhl-Viln\u00f6sstal-Kirche-St-Johann-2048x1152.jpg 2048w\" sizes=\"auto, (max-width: 2094px) 100vw, 2094px\" \/><\/div><\/a>\n\t\t\t\t<div class=\"elementor-post__text\">\n\t\t\t\t<h3 class=\"elementor-post__title\">\n\t\t\t<a href=\"https:\/\/wheelchair-tours.org\/it\/social-media-beitrag\/new-tour-nature-discovery-trail-zans-in-the-val-di-funes\/\">\n\t\t\t\tNuovo tour: Percorso di scoperta della natura Zans in Val di Funes\t\t\t<\/a>\n\t\t<\/h3>\n\t\t\t\t<div class=\"elementor-post__excerpt\">\n\t\t\t<p>Escursione lungo il sentiero di scoperta della natura Zans \ud83d\ude04 Questo tour \u00e8 un'alternativa ai nostri tour gi\u00e0 pubblicati nella Viln\u00f6sstal. \u2757\ufe0f Il \ud83c\udf3f\ud83c\udf3a Zans<\/p>\n\t\t<\/div>\n\t\t\t\t<\/div>\n\t\t\t\t<div class=\"elementor-post__meta-data\">\n\t\t\t\t\t<span class=\"elementor-post-date\">\n\t\t\t27 Luglio 2020\t\t<\/span>\n\t\t\t\t<span class=\"elementor-post-avatar\">\n\t\t\tNessun commento\t\t<\/span>\n\t\t\t\t<\/div>\n\t\t\t\t\t<\/div>\n\t\t<\/article>\n\t\t\t\t<article class=\"elementor-post elementor-grid-item post-5011 social_media_beitrag type-social_media_beitrag status-publish has-post-thumbnail hentry kooperation-interessantes\">\n\t\t\t<div class=\"elementor-post__card\">\n\t\t\t\t<a class=\"elementor-post__thumbnail__link\" href=\"https:\/\/wheelchair-tours.org\/it\/social-media-beitrag\/die-50-besten-urlaubsorte-fuer-menschen-mit-eingeschraenkter-mobilitaet\/\"><div class=\"elementor-post__thumbnail\"><img loading=\"lazy\" decoding=\"async\" width=\"640\" height=\"428\" src=\"https:\/\/wheelchair-tours.org\/wp-content\/uploads\/2020\/07\/water-3058236_640.jpg\" class=\"attachment-full size-full wp-image-5012\" alt=\"Beach \/ Stand\" srcset=\"https:\/\/wheelchair-tours.org\/wp-content\/uploads\/2020\/07\/water-3058236_640.jpg 640w, https:\/\/wheelchair-tours.org\/wp-content\/uploads\/2020\/07\/water-3058236_640-300x201.jpg 300w\" sizes=\"auto, (max-width: 640px) 100vw, 640px\" \/><\/div><\/a>\n\t\t\t\t<div class=\"elementor-post__text\">\n\t\t\t\t<h3 class=\"elementor-post__title\">\n\t\t\t<a href=\"https:\/\/wheelchair-tours.org\/it\/social-media-beitrag\/die-50-besten-urlaubsorte-fuer-menschen-mit-eingeschraenkter-mobilitaet\/\">\n\t\t\t\tLe 50 migliori destinazioni di vacanza per le persone con mobilit\u00e0 ridotta\t\t\t<\/a>\n\t\t<\/h3>\n\t\t\t\t<div class=\"elementor-post__excerpt\">\n\t\t\t<p>\u00a9 Paul Brennan on Pixabay Le 50 migliori destinazioni di vacanza per persone con mobilit\u00e0 ridotta \u2753 Ti sei mai chiesto se \u00e8 cos\u00ec<\/p>\n\t\t<\/div>\n\t\t\t\t<\/div>\n\t\t\t\t<div class=\"elementor-post__meta-data\">\n\t\t\t\t\t<span class=\"elementor-post-date\">\n\t\t\t20 Luglio 2020\t\t<\/span>\n\t\t\t\t<span class=\"elementor-post-avatar\">\n\t\t\tNessun commento\t\t<\/span>\n\t\t\t\t<\/div>\n\t\t\t\t\t<\/div>\n\t\t<\/article>\n\t\t\t\t<article class=\"elementor-post elementor-grid-item post-5018 social_media_beitrag type-social_media_beitrag status-publish has-post-thumbnail hentry kooperation-interesting-posts\">\n\t\t\t<div class=\"elementor-post__card\">\n\t\t\t\t<a class=\"elementor-post__thumbnail__link\" href=\"https:\/\/wheelchair-tours.org\/it\/social-media-beitrag\/50-best-wheelchair-accessible-vacation-spots\/\"><div class=\"elementor-post__thumbnail\"><img loading=\"lazy\" decoding=\"async\" width=\"640\" height=\"428\" src=\"https:\/\/wheelchair-tours.org\/wp-content\/uploads\/2020\/07\/water-3058236_640.jpg\" class=\"attachment-full size-full wp-image-5012\" alt=\"Beach \/ Stand\" srcset=\"https:\/\/wheelchair-tours.org\/wp-content\/uploads\/2020\/07\/water-3058236_640.jpg 640w, https:\/\/wheelchair-tours.org\/wp-content\/uploads\/2020\/07\/water-3058236_640-300x201.jpg 300w\" sizes=\"auto, (max-width: 640px) 100vw, 640px\" \/><\/div><\/a>\n\t\t\t\t<div class=\"elementor-post__text\">\n\t\t\t\t<h3 class=\"elementor-post__title\">\n\t\t\t<a href=\"https:\/\/wheelchair-tours.org\/it\/social-media-beitrag\/50-best-wheelchair-accessible-vacation-spots\/\">\n\t\t\t\t50 migliori luoghi di vacanza accessibili con sedia a rotelle\t\t\t<\/a>\n\t\t<\/h3>\n\t\t\t\t<div class=\"elementor-post__excerpt\">\n\t\t\t<p>\u00a0\u00a9 Paul Brennan on Pixabay 50 Best Wheelchair-Accessible Vacations Spots \u2753 Ti sei sempre chiesto se esiste una sorta di top ten list per<\/p>\n\t\t<\/div>\n\t\t\t\t<\/div>\n\t\t\t\t<div class=\"elementor-post__meta-data\">\n\t\t\t\t\t<span class=\"elementor-post-date\">\n\t\t\t20 Luglio 2020\t\t<\/span>\n\t\t\t\t<span class=\"elementor-post-avatar\">\n\t\t\tNessun commento\t\t<\/span>\n\t\t\t\t<\/div>\n\t\t\t\t\t<\/div>\n\t\t<\/article>\n\t\t\t\t<article class=\"elementor-post elementor-grid-item post-4957 social_media_beitrag type-social_media_beitrag status-publish has-post-thumbnail hentry kooperation-interessantes\">\n\t\t\t<div class=\"elementor-post__card\">\n\t\t\t\t<a class=\"elementor-post__thumbnail__link\" href=\"https:\/\/wheelchair-tours.org\/it\/social-media-beitrag\/reisen-mit-dem-rollstuhl-macchu-picchu\/\"><div class=\"elementor-post__thumbnail\"><img loading=\"lazy\" decoding=\"async\" width=\"1080\" height=\"809\" src=\"https:\/\/wheelchair-tours.org\/wp-content\/uploads\/2020\/06\/71802370_144718713513568_592176275232465726_n.jpg\" class=\"attachment-full size-full wp-image-4958\" alt=\"Soaking in the beautiful view at Machu Picchu, Peru.\" srcset=\"https:\/\/wheelchair-tours.org\/wp-content\/uploads\/2020\/06\/71802370_144718713513568_592176275232465726_n.jpg 1080w, https:\/\/wheelchair-tours.org\/wp-content\/uploads\/2020\/06\/71802370_144718713513568_592176275232465726_n-300x225.jpg 300w, https:\/\/wheelchair-tours.org\/wp-content\/uploads\/2020\/06\/71802370_144718713513568_592176275232465726_n-1024x767.jpg 1024w, https:\/\/wheelchair-tours.org\/wp-content\/uploads\/2020\/06\/71802370_144718713513568_592176275232465726_n-768x575.jpg 768w\" sizes=\"auto, (max-width: 1080px) 100vw, 1080px\" \/><\/div><\/a>\n\t\t\t\t<div class=\"elementor-post__text\">\n\t\t\t\t<h3 class=\"elementor-post__title\">\n\t\t\t<a href=\"https:\/\/wheelchair-tours.org\/it\/social-media-beitrag\/reisen-mit-dem-rollstuhl-macchu-picchu\/\">\n\t\t\t\tNuove possibilit\u00e0 - Macchu Picchu\t\t\t<\/a>\n\t\t<\/h3>\n\t\t\t\t<div class=\"elementor-post__excerpt\">\n\t\t\t<p>Sapevamo che era impossibile - ecco perch\u00e9 l'abbiamo fatto. Nelson Mandela \u2757\ufe0f Sfruttare al massimo le possibilit\u00e0 - \u00e8 quello che questi<\/p>\n\t\t<\/div>\n\t\t\t\t<\/div>\n\t\t\t\t<div class=\"elementor-post__meta-data\">\n\t\t\t\t\t<span class=\"elementor-post-date\">\n\t\t\t18 Luglio 2020\t\t<\/span>\n\t\t\t\t<span class=\"elementor-post-avatar\">\n\t\t\tNessun commento\t\t<\/span>\n\t\t\t\t<\/div>\n\t\t\t\t\t<\/div>\n\t\t<\/article>\n\t\t\t\t<article class=\"elementor-post elementor-grid-item post-4964 social_media_beitrag type-social_media_beitrag status-publish has-post-thumbnail hentry kooperation-interesting-posts\">\n\t\t\t<div class=\"elementor-post__card\">\n\t\t\t\t<a class=\"elementor-post__thumbnail__link\" href=\"https:\/\/wheelchair-tours.org\/it\/social-media-beitrag\/new-possibilities-macchu-picchu\/\"><div class=\"elementor-post__thumbnail\"><img loading=\"lazy\" decoding=\"async\" width=\"1080\" height=\"809\" src=\"https:\/\/wheelchair-tours.org\/wp-content\/uploads\/2020\/06\/71802370_144718713513568_592176275232465726_n.jpg\" class=\"attachment-full size-full wp-image-4958\" alt=\"Soaking in the beautiful view at Machu Picchu, Peru.\" srcset=\"https:\/\/wheelchair-tours.org\/wp-content\/uploads\/2020\/06\/71802370_144718713513568_592176275232465726_n.jpg 1080w, https:\/\/wheelchair-tours.org\/wp-content\/uploads\/2020\/06\/71802370_144718713513568_592176275232465726_n-300x225.jpg 300w, https:\/\/wheelchair-tours.org\/wp-content\/uploads\/2020\/06\/71802370_144718713513568_592176275232465726_n-1024x767.jpg 1024w, https:\/\/wheelchair-tours.org\/wp-content\/uploads\/2020\/06\/71802370_144718713513568_592176275232465726_n-768x575.jpg 768w\" sizes=\"auto, (max-width: 1080px) 100vw, 1080px\" \/><\/div><\/a>\n\t\t\t\t<div class=\"elementor-post__text\">\n\t\t\t\t<h3 class=\"elementor-post__title\">\n\t\t\t<a href=\"https:\/\/wheelchair-tours.org\/it\/social-media-beitrag\/new-possibilities-macchu-picchu\/\">\n\t\t\t\tNuove possibilit\u00e0 - Macchu Picchu\t\t\t<\/a>\n\t\t<\/h3>\n\t\t\t\t<div class=\"elementor-post__excerpt\">\n\t\t\t<p>Sapevamo che era impossibile - ecco perch\u00e9 l'abbiamo fatto. Nelson Mandela \u2757\ufe0f Trarre il massimo vantaggio dalle possibilit\u00e0 - \u00e8 questo che ci d\u00e0<\/p>\n\t\t<\/div>\n\t\t\t\t<\/div>\n\t\t\t\t<div class=\"elementor-post__meta-data\">\n\t\t\t\t\t<span class=\"elementor-post-date\">\n\t\t\t18 Luglio 2020\t\t<\/span>\n\t\t\t\t<span class=\"elementor-post-avatar\">\n\t\t\tNessun commento\t\t<\/span>\n\t\t\t\t<\/div>\n\t\t\t\t\t<\/div>\n\t\t<\/article>\n\t\t\t\t<article class=\"elementor-post elementor-grid-item post-5002 social_media_beitrag type-social_media_beitrag status-publish has-post-thumbnail hentry neue_tour-neue-tour\">\n\t\t\t<div class=\"elementor-post__card\">\n\t\t\t\t<a class=\"elementor-post__thumbnail__link\" href=\"https:\/\/wheelchair-tours.org\/it\/social-media-beitrag\/neue-tour-saltner-huette-auf-der-seiser-alm\/\"><div class=\"elementor-post__thumbnail\"><img loading=\"lazy\" decoding=\"async\" width=\"1024\" height=\"576\" src=\"https:\/\/wheelchair-tours.org\/wp-content\/uploads\/2020\/07\/Wheelchair-Tours-Rollstuhl-Seiser-Alm-Eule-vor-Schlern.jpg\" class=\"attachment-full size-full wp-image-5005\" alt=\"Wheelchair-Tours-Rollstuhl-Seiser-Alm-Eule-vor-Schlern\" srcset=\"https:\/\/wheelchair-tours.org\/wp-content\/uploads\/2020\/07\/Wheelchair-Tours-Rollstuhl-Seiser-Alm-Eule-vor-Schlern.jpg 1024w, https:\/\/wheelchair-tours.org\/wp-content\/uploads\/2020\/07\/Wheelchair-Tours-Rollstuhl-Seiser-Alm-Eule-vor-Schlern-300x169.jpg 300w, https:\/\/wheelchair-tours.org\/wp-content\/uploads\/2020\/07\/Wheelchair-Tours-Rollstuhl-Seiser-Alm-Eule-vor-Schlern-768x432.jpg 768w\" sizes=\"auto, (max-width: 1024px) 100vw, 1024px\" \/><\/div><\/a>\n\t\t\t\t<div class=\"elementor-post__text\">\n\t\t\t\t<h3 class=\"elementor-post__title\">\n\t\t\t<a href=\"https:\/\/wheelchair-tours.org\/it\/social-media-beitrag\/neue-tour-saltner-huette-auf-der-seiser-alm\/\">\n\t\t\t\tNuovo tour: Rifugio Saltner sull'Alpe di Siusi\t\t\t<\/a>\n\t\t<\/h3>\n\t\t\t\t<div class=\"elementor-post__excerpt\">\n\t\t\t<p>Escursione al rifugio Saltner sull'Alpe di Siusi L'Alpe di Siusi \ud83d\udc04\ud83d\udc07\ud83c\udf3f \u00e8 ed \u00e8 sempre stata un centro di attrazione per molti escursionisti \ud83d\udeb6\u2640\ufe0f e altri amanti della natura. E<\/p>\n\t\t<\/div>\n\t\t\t\t<\/div>\n\t\t\t\t<div class=\"elementor-post__meta-data\">\n\t\t\t\t\t<span class=\"elementor-post-date\">\n\t\t\t13 Luglio 2020\t\t<\/span>\n\t\t\t\t<span class=\"elementor-post-avatar\">\n\t\t\tNessun commento\t\t<\/span>\n\t\t\t\t<\/div>\n\t\t\t\t\t<\/div>\n\t\t<\/article>\n\t\t\t\t<article class=\"elementor-post elementor-grid-item post-5007 social_media_beitrag type-social_media_beitrag status-publish has-post-thumbnail hentry neue_tour-new-tour\">\n\t\t\t<div class=\"elementor-post__card\">\n\t\t\t\t<a class=\"elementor-post__thumbnail__link\" href=\"https:\/\/wheelchair-tours.org\/it\/social-media-beitrag\/new-tour-rifugio-saltner-saltnerhutte\/\"><div class=\"elementor-post__thumbnail\"><img loading=\"lazy\" decoding=\"async\" width=\"1024\" height=\"576\" src=\"https:\/\/wheelchair-tours.org\/wp-content\/uploads\/2020\/07\/Wheelchair-Tours-Rollstuhl-Seiser-Alm-Eule-vor-Schlern.jpg\" class=\"attachment-full size-full wp-image-5005\" alt=\"Wheelchair-Tours-Rollstuhl-Seiser-Alm-Eule-vor-Schlern\" srcset=\"https:\/\/wheelchair-tours.org\/wp-content\/uploads\/2020\/07\/Wheelchair-Tours-Rollstuhl-Seiser-Alm-Eule-vor-Schlern.jpg 1024w, https:\/\/wheelchair-tours.org\/wp-content\/uploads\/2020\/07\/Wheelchair-Tours-Rollstuhl-Seiser-Alm-Eule-vor-Schlern-300x169.jpg 300w, https:\/\/wheelchair-tours.org\/wp-content\/uploads\/2020\/07\/Wheelchair-Tours-Rollstuhl-Seiser-Alm-Eule-vor-Schlern-768x432.jpg 768w\" sizes=\"auto, (max-width: 1024px) 100vw, 1024px\" \/><\/div><\/a>\n\t\t\t\t<div class=\"elementor-post__text\">\n\t\t\t\t<h3 class=\"elementor-post__title\">\n\t\t\t<a href=\"https:\/\/wheelchair-tours.org\/it\/social-media-beitrag\/new-tour-rifugio-saltner-saltnerhutte\/\">\n\t\t\t\tNuovo tour: Malga Saltner\/Saltnerh\u00fctte\t\t\t<\/a>\n\t\t<\/h3>\n\t\t\t\t<div class=\"elementor-post__excerpt\">\n\t\t\t<p>Escursione al Rifugio Saltner sull'Alpe di Siusi L'Alpe di Siusi \ud83d\udc04\ud83d\udc07\ud83c\udf3f \u00e8 ed \u00e8 sempre stata un'attrazione per molti<\/p>\n\t\t<\/div>\n\t\t\t\t<\/div>\n\t\t\t\t<div class=\"elementor-post__meta-data\">\n\t\t\t\t\t<span class=\"elementor-post-date\">\n\t\t\t13 Luglio 2020\t\t<\/span>\n\t\t\t\t<span class=\"elementor-post-avatar\">\n\t\t\tNessun commento\t\t<\/span>\n\t\t\t\t<\/div>\n\t\t\t\t\t<\/div>\n\t\t<\/article>\n\t\t\t\t<article class=\"elementor-post elementor-grid-item post-4993 social_media_beitrag type-social_media_beitrag status-publish has-post-thumbnail hentry kooperation-interessantes\">\n\t\t\t<div class=\"elementor-post__card\">\n\t\t\t\t<a class=\"elementor-post__thumbnail__link\" href=\"https:\/\/wheelchair-tours.org\/it\/social-media-beitrag\/wasser-ein-tolles-element\/\"><div class=\"elementor-post__thumbnail\"><img loading=\"lazy\" decoding=\"async\" width=\"1038\" height=\"576\" src=\"https:\/\/wheelchair-tours.org\/wp-content\/uploads\/2019\/05\/Wheelchair-Tours-Rollstuhl-V\u00f6ls-Weiher-Sommer.jpg\" class=\"attachment-full size-full wp-image-763\" alt=\"Wheelchair-Tours-Rollstuhl-V\u00f6ls-Weiher-Sommer\" srcset=\"https:\/\/wheelchair-tours.org\/wp-content\/uploads\/2019\/05\/Wheelchair-Tours-Rollstuhl-V\u00f6ls-Weiher-Sommer.jpg 1038w, https:\/\/wheelchair-tours.org\/wp-content\/uploads\/2019\/05\/Wheelchair-Tours-Rollstuhl-V\u00f6ls-Weiher-Sommer-300x166.jpg 300w, https:\/\/wheelchair-tours.org\/wp-content\/uploads\/2019\/05\/Wheelchair-Tours-Rollstuhl-V\u00f6ls-Weiher-Sommer-768x426.jpg 768w, https:\/\/wheelchair-tours.org\/wp-content\/uploads\/2019\/05\/Wheelchair-Tours-Rollstuhl-V\u00f6ls-Weiher-Sommer-1024x568.jpg 1024w\" sizes=\"auto, (max-width: 1038px) 100vw, 1038px\" \/><\/div><\/a>\n\t\t\t\t<div class=\"elementor-post__text\">\n\t\t\t\t<h3 class=\"elementor-post__title\">\n\t\t\t<a href=\"https:\/\/wheelchair-tours.org\/it\/social-media-beitrag\/wasser-ein-tolles-element\/\">\n\t\t\t\tAcqua - un grande elemento!\t\t\t<\/a>\n\t\t<\/h3>\n\t\t\t\t<div class=\"elementor-post__excerpt\">\n\t\t\t<p>Acqua - un grande elemento e luogo per uno sport preferito \u267f\ufe0f\ud83c\udfca\u2640\ufe0f \ud83d\udc49 A febbraio abbiamo affrontato il tema \"Bagni senza barriere - a casa e<\/p>\n\t\t<\/div>\n\t\t\t\t<\/div>\n\t\t\t\t<div class=\"elementor-post__meta-data\">\n\t\t\t\t\t<span class=\"elementor-post-date\">\n\t\t\t8 Luglio 2020\t\t<\/span>\n\t\t\t\t<span class=\"elementor-post-avatar\">\n\t\t\tNessun commento\t\t<\/span>\n\t\t\t\t<\/div>\n\t\t\t\t\t<\/div>\n\t\t<\/article>\n\t\t\t\t<article class=\"elementor-post elementor-grid-item post-4997 social_media_beitrag type-social_media_beitrag status-publish has-post-thumbnail hentry kooperation-interesting-posts\">\n\t\t\t<div class=\"elementor-post__card\">\n\t\t\t\t<a class=\"elementor-post__thumbnail__link\" href=\"https:\/\/wheelchair-tours.org\/it\/social-media-beitrag\/water-a-great-element\/\"><div class=\"elementor-post__thumbnail\"><img loading=\"lazy\" decoding=\"async\" width=\"1038\" height=\"576\" src=\"https:\/\/wheelchair-tours.org\/wp-content\/uploads\/2019\/05\/Wheelchair-Tours-Rollstuhl-V\u00f6ls-Weiher-Sommer.jpg\" class=\"attachment-full size-full wp-image-763\" alt=\"Wheelchair-Tours-Rollstuhl-V\u00f6ls-Weiher-Sommer\" srcset=\"https:\/\/wheelchair-tours.org\/wp-content\/uploads\/2019\/05\/Wheelchair-Tours-Rollstuhl-V\u00f6ls-Weiher-Sommer.jpg 1038w, https:\/\/wheelchair-tours.org\/wp-content\/uploads\/2019\/05\/Wheelchair-Tours-Rollstuhl-V\u00f6ls-Weiher-Sommer-300x166.jpg 300w, https:\/\/wheelchair-tours.org\/wp-content\/uploads\/2019\/05\/Wheelchair-Tours-Rollstuhl-V\u00f6ls-Weiher-Sommer-768x426.jpg 768w, https:\/\/wheelchair-tours.org\/wp-content\/uploads\/2019\/05\/Wheelchair-Tours-Rollstuhl-V\u00f6ls-Weiher-Sommer-1024x568.jpg 1024w\" sizes=\"auto, (max-width: 1038px) 100vw, 1038px\" \/><\/div><\/a>\n\t\t\t\t<div class=\"elementor-post__text\">\n\t\t\t\t<h3 class=\"elementor-post__title\">\n\t\t\t<a href=\"https:\/\/wheelchair-tours.org\/it\/social-media-beitrag\/water-a-great-element\/\">\n\t\t\t\tAcqua - un grande elemento\t\t\t<\/a>\n\t\t<\/h3>\n\t\t\t\t<div class=\"elementor-post__excerpt\">\n\t\t\t<p>L'acqua - un grande elemento e luogo per uno dei nostri sport preferiti in natura \u267f\ufe0f\ud83c\udfca\u2640\ufe0f \ud83d\udc49 A febbraio abbiamo trattato il tema \"Accessibile<\/p>\n\t\t<\/div>\n\t\t\t\t<\/div>\n\t\t\t\t<div class=\"elementor-post__meta-data\">\n\t\t\t\t\t<span class=\"elementor-post-date\">\n\t\t\t8 Luglio 2020\t\t<\/span>\n\t\t\t\t<span class=\"elementor-post-avatar\">\n\t\t\tNessun commento\t\t<\/span>\n\t\t\t\t<\/div>\n\t\t\t\t\t<\/div>\n\t\t<\/article>\n\t\t\t\t<article class=\"elementor-post elementor-grid-item post-4989 social_media_beitrag type-social_media_beitrag status-publish has-post-thumbnail hentry kooperation-interesting-posts\">\n\t\t\t<div class=\"elementor-post__card\">\n\t\t\t\t<a class=\"elementor-post__thumbnail__link\" href=\"https:\/\/wheelchair-tours.org\/it\/social-media-beitrag\/accessibility-in-germany\/\"><div class=\"elementor-post__thumbnail\"><img loading=\"lazy\" decoding=\"async\" width=\"640\" height=\"401\" src=\"https:\/\/wheelchair-tours.org\/wp-content\/uploads\/2020\/07\/beer-3378136_640.jpg\" class=\"attachment-full size-full wp-image-4987\" alt=\"Bier mit Blumen \/Symbol Bayern\" srcset=\"https:\/\/wheelchair-tours.org\/wp-content\/uploads\/2020\/07\/beer-3378136_640.jpg 640w, https:\/\/wheelchair-tours.org\/wp-content\/uploads\/2020\/07\/beer-3378136_640-300x188.jpg 300w\" sizes=\"auto, (max-width: 640px) 100vw, 640px\" \/><\/div><\/a>\n\t\t\t\t<div class=\"elementor-post__text\">\n\t\t\t\t<h3 class=\"elementor-post__title\">\n\t\t\t<a href=\"https:\/\/wheelchair-tours.org\/it\/social-media-beitrag\/accessibility-in-germany\/\">\n\t\t\t\tAccessibilit\u00e0 in Germania?\t\t\t<\/a>\n\t\t<\/h3>\n\t\t\t\t<div class=\"elementor-post__excerpt\">\n\t\t\t<p>\u00a9 pixabay Accessibilit\u00e0 in Germania? Oh caro, che contributo arriva di nuovo adesso \ud83d\ude09 \ud83d\ude05 Non preoccuparti, vogliamo solo attirare la tua attenzione su un rapporto<\/p>\n\t\t<\/div>\n\t\t\t\t<\/div>\n\t\t\t\t<div class=\"elementor-post__meta-data\">\n\t\t\t\t\t<span class=\"elementor-post-date\">\n\t\t\t6 Luglio 2020\t\t<\/span>\n\t\t\t\t<span class=\"elementor-post-avatar\">\n\t\t\tNessun commento\t\t<\/span>\n\t\t\t\t<\/div>\n\t\t\t\t\t<\/div>\n\t\t<\/article>\n\t\t\t\t<article class=\"elementor-post elementor-grid-item post-4981 social_media_beitrag type-social_media_beitrag status-publish has-post-thumbnail hentry kooperation-interessantes\">\n\t\t\t<div class=\"elementor-post__card\">\n\t\t\t\t<a class=\"elementor-post__thumbnail__link\" href=\"https:\/\/wheelchair-tours.org\/it\/social-media-beitrag\/barrierefreiheit-in-deutschland\/\"><div class=\"elementor-post__thumbnail\"><img loading=\"lazy\" decoding=\"async\" width=\"640\" height=\"401\" src=\"https:\/\/wheelchair-tours.org\/wp-content\/uploads\/2020\/07\/beer-3378136_640.jpg\" class=\"attachment-full size-full wp-image-4987\" alt=\"Bier mit Blumen \/Symbol Bayern\" srcset=\"https:\/\/wheelchair-tours.org\/wp-content\/uploads\/2020\/07\/beer-3378136_640.jpg 640w, https:\/\/wheelchair-tours.org\/wp-content\/uploads\/2020\/07\/beer-3378136_640-300x188.jpg 300w\" sizes=\"auto, (max-width: 640px) 100vw, 640px\" \/><\/div><\/a>\n\t\t\t\t<div class=\"elementor-post__text\">\n\t\t\t\t<h3 class=\"elementor-post__title\">\n\t\t\t<a href=\"https:\/\/wheelchair-tours.org\/it\/social-media-beitrag\/barrierefreiheit-in-deutschland\/\">\n\t\t\t\tAccessibilit\u00e0 in Germania?\t\t\t<\/a>\n\t\t<\/h3>\n\t\t\t\t<div class=\"elementor-post__excerpt\">\n\t\t\t<p>\u00a9 pixabay Accessibilit\u00e0 in Germania? Oh caro, che tipo di post \u00e8 questo? \ud83d\ude09 \ud83d\ude05 Non preoccuparti, vogliamo solo attirare la tua attenzione su un articolo di BR Fernsehen.<\/p>\n\t\t<\/div>\n\t\t\t\t<\/div>\n\t\t\t\t<div class=\"elementor-post__meta-data\">\n\t\t\t\t\t<span class=\"elementor-post-date\">\n\t\t\t6 Luglio 2020\t\t<\/span>\n\t\t\t\t<span class=\"elementor-post-avatar\">\n\t\t\tNessun commento\t\t<\/span>\n\t\t\t\t<\/div>\n\t\t\t\t\t<\/div>\n\t\t<\/article>\n\t\t\t\t<article class=\"elementor-post elementor-grid-item post-4971 social_media_beitrag type-social_media_beitrag status-publish has-post-thumbnail hentry kooperation-interessantes\">\n\t\t\t<div class=\"elementor-post__card\">\n\t\t\t\t<a class=\"elementor-post__thumbnail__link\" href=\"https:\/\/wheelchair-tours.org\/it\/social-media-beitrag\/urlaub-in-deutschland-lueneburg\/\"><div class=\"elementor-post__thumbnail\"><img loading=\"lazy\" decoding=\"async\" width=\"640\" height=\"450\" src=\"https:\/\/wheelchair-tours.org\/wp-content\/uploads\/2020\/07\/germany-4548999_640.jpg\" class=\"attachment-full size-full wp-image-4972\" alt=\"Alter Kran am Stint in L\u00fcneburg\" srcset=\"https:\/\/wheelchair-tours.org\/wp-content\/uploads\/2020\/07\/germany-4548999_640.jpg 640w, https:\/\/wheelchair-tours.org\/wp-content\/uploads\/2020\/07\/germany-4548999_640-300x211.jpg 300w\" sizes=\"auto, (max-width: 640px) 100vw, 640px\" \/><\/div><\/a>\n\t\t\t\t<div class=\"elementor-post__text\">\n\t\t\t\t<h3 class=\"elementor-post__title\">\n\t\t\t<a href=\"https:\/\/wheelchair-tours.org\/it\/social-media-beitrag\/urlaub-in-deutschland-lueneburg\/\">\n\t\t\t\tVacanze in Germania - L\u00fcneburg\t\t\t<\/a>\n\t\t<\/h3>\n\t\t\t\t<div class=\"elementor-post__excerpt\">\n\t\t\t<p>\u00a9 Makalu on Pixabay L\u00fcneburg \ud83c\udfeb L\u00fcneburg \u00e8 la \"citt\u00e0 natale\" della nostra collaboratrice Sabrina e una delle pi\u00f9 belle citt\u00e0 della Germania. (almeno dal nostro punto di vista \ud83d\ude01)<\/p>\n\t\t<\/div>\n\t\t\t\t<\/div>\n\t\t\t\t<div class=\"elementor-post__meta-data\">\n\t\t\t\t\t<span class=\"elementor-post-date\">\n\t\t\t4 Luglio 2020\t\t<\/span>\n\t\t\t\t<span class=\"elementor-post-avatar\">\n\t\t\tNessun commento\t\t<\/span>\n\t\t\t\t<\/div>\n\t\t\t\t\t<\/div>\n\t\t<\/article>\n\t\t\t\t<article class=\"elementor-post elementor-grid-item post-4977 social_media_beitrag type-social_media_beitrag status-publish has-post-thumbnail hentry kooperation-interesting-posts\">\n\t\t\t<div class=\"elementor-post__card\">\n\t\t\t\t<a class=\"elementor-post__thumbnail__link\" href=\"https:\/\/wheelchair-tours.org\/it\/social-media-beitrag\/holiday-in-germany-luneburg\/\"><div class=\"elementor-post__thumbnail\"><img loading=\"lazy\" decoding=\"async\" width=\"640\" height=\"450\" src=\"https:\/\/wheelchair-tours.org\/wp-content\/uploads\/2020\/07\/germany-4548999_640.jpg\" class=\"attachment-full size-full wp-image-4972\" alt=\"Alter Kran am Stint in L\u00fcneburg\" srcset=\"https:\/\/wheelchair-tours.org\/wp-content\/uploads\/2020\/07\/germany-4548999_640.jpg 640w, https:\/\/wheelchair-tours.org\/wp-content\/uploads\/2020\/07\/germany-4548999_640-300x211.jpg 300w\" sizes=\"auto, (max-width: 640px) 100vw, 640px\" \/><\/div><\/a>\n\t\t\t\t<div class=\"elementor-post__text\">\n\t\t\t\t<h3 class=\"elementor-post__title\">\n\t\t\t<a href=\"https:\/\/wheelchair-tours.org\/it\/social-media-beitrag\/holiday-in-germany-luneburg\/\">\n\t\t\t\tVacanze in Germania - L\u00fcneburg\t\t\t<\/a>\n\t\t<\/h3>\n\t\t\t\t<div class=\"elementor-post__excerpt\">\n\t\t\t<p>\u00a9 Makalu on Pixabay L\u00fcneburg \ud83c\udfeb L\u00fcneburg \u00e8 la \"citt\u00e0 natale\" della nostra collaboratrice Sabrina e una delle pi\u00f9 belle citt\u00e0 della Germania.<\/p>\n\t\t<\/div>\n\t\t\t\t<\/div>\n\t\t\t\t<div class=\"elementor-post__meta-data\">\n\t\t\t\t\t<span class=\"elementor-post-date\">\n\t\t\t4 Luglio 2020\t\t<\/span>\n\t\t\t\t<span class=\"elementor-post-avatar\">\n\t\t\tNessun commento\t\t<\/span>\n\t\t\t\t<\/div>\n\t\t\t\t\t<\/div>\n\t\t<\/article>\n\t\t\t\t<article class=\"elementor-post elementor-grid-item post-4893 social_media_beitrag type-social_media_beitrag status-publish has-post-thumbnail hentry kooperation-interessantes\">\n\t\t\t<div class=\"elementor-post__card\">\n\t\t\t\t<a class=\"elementor-post__thumbnail__link\" href=\"https:\/\/wheelchair-tours.org\/it\/social-media-beitrag\/barrierefreie-reisen-auch-mit-dem-zug\/\"><div class=\"elementor-post__thumbnail\"><img loading=\"lazy\" decoding=\"async\" width=\"1024\" height=\"576\" src=\"https:\/\/wheelchair-tours.org\/wp-content\/uploads\/2020\/06\/Wheelchair_tours_Rollstuhl_Social_Media_Zugreise_Barrierefrei_Washington-Post.jpg\" class=\"attachment-full size-full wp-image-4894\" alt=\"Wheelchair_tours_Rollstuhl_Social_Media_Zugreise_Barrierefrei_Washington-Post\" srcset=\"https:\/\/wheelchair-tours.org\/wp-content\/uploads\/2020\/06\/Wheelchair_tours_Rollstuhl_Social_Media_Zugreise_Barrierefrei_Washington-Post.jpg 1024w, https:\/\/wheelchair-tours.org\/wp-content\/uploads\/2020\/06\/Wheelchair_tours_Rollstuhl_Social_Media_Zugreise_Barrierefrei_Washington-Post-300x169.jpg 300w, https:\/\/wheelchair-tours.org\/wp-content\/uploads\/2020\/06\/Wheelchair_tours_Rollstuhl_Social_Media_Zugreise_Barrierefrei_Washington-Post-768x432.jpg 768w\" sizes=\"auto, (max-width: 1024px) 100vw, 1024px\" \/><\/div><\/a>\n\t\t\t\t<div class=\"elementor-post__text\">\n\t\t\t\t<h3 class=\"elementor-post__title\">\n\t\t\t<a href=\"https:\/\/wheelchair-tours.org\/it\/social-media-beitrag\/barrierefreie-reisen-auch-mit-dem-zug\/\">\n\t\t\t\tViaggiare senza barriere - anche in treno!\t\t\t<\/a>\n\t\t<\/h3>\n\t\t\t\t<div class=\"elementor-post__excerpt\">\n\t\t\t<p>Viaggi accessibili - anche in treno! Recentemente ci siamo imbattuti in questo interessante articolo \ud83d\udce7 del Washington Post sull'argomento \ud83e\uddf3 Viaggi &amp; Accessibilit\u00e0 \ud83d\udc69\ud83e\uddbd e vorremmo condividerlo con voi.<\/p>\n\t\t<\/div>\n\t\t\t\t<\/div>\n\t\t\t\t<div class=\"elementor-post__meta-data\">\n\t\t\t\t\t<span class=\"elementor-post-date\">\n\t\t\t24 Giugno 2020\t\t<\/span>\n\t\t\t\t<span class=\"elementor-post-avatar\">\n\t\t\tNessun commento\t\t<\/span>\n\t\t\t\t<\/div>\n\t\t\t\t\t<\/div>\n\t\t<\/article>\n\t\t\t\t<article class=\"elementor-post elementor-grid-item post-4898 social_media_beitrag type-social_media_beitrag status-publish has-post-thumbnail hentry kooperation-interesting-posts\">\n\t\t\t<div class=\"elementor-post__card\">\n\t\t\t\t<a class=\"elementor-post__thumbnail__link\" href=\"https:\/\/wheelchair-tours.org\/it\/social-media-beitrag\/accessible-travel-also-by-train\/\"><div class=\"elementor-post__thumbnail\"><img loading=\"lazy\" decoding=\"async\" width=\"1024\" height=\"576\" src=\"https:\/\/wheelchair-tours.org\/wp-content\/uploads\/2020\/06\/Wheelchair_tours_Rollstuhl_Social_Media_Zugreise_Barrierefrei_Washington-Post.jpg\" class=\"attachment-full size-full wp-image-4894\" alt=\"Wheelchair_tours_Rollstuhl_Social_Media_Zugreise_Barrierefrei_Washington-Post\" srcset=\"https:\/\/wheelchair-tours.org\/wp-content\/uploads\/2020\/06\/Wheelchair_tours_Rollstuhl_Social_Media_Zugreise_Barrierefrei_Washington-Post.jpg 1024w, https:\/\/wheelchair-tours.org\/wp-content\/uploads\/2020\/06\/Wheelchair_tours_Rollstuhl_Social_Media_Zugreise_Barrierefrei_Washington-Post-300x169.jpg 300w, https:\/\/wheelchair-tours.org\/wp-content\/uploads\/2020\/06\/Wheelchair_tours_Rollstuhl_Social_Media_Zugreise_Barrierefrei_Washington-Post-768x432.jpg 768w\" sizes=\"auto, (max-width: 1024px) 100vw, 1024px\" \/><\/div><\/a>\n\t\t\t\t<div class=\"elementor-post__text\">\n\t\t\t\t<h3 class=\"elementor-post__title\">\n\t\t\t<a href=\"https:\/\/wheelchair-tours.org\/it\/social-media-beitrag\/accessible-travel-also-by-train\/\">\n\t\t\t\tViaggio accessibile - anche in treno!\t\t\t<\/a>\n\t\t<\/h3>\n\t\t\t\t<div class=\"elementor-post__excerpt\">\n\t\t\t<p>Viaggio accessibile - anche in treno! Recentemente ci siamo imbattuti in questo interessante articolo \ud83d\udce7 del Washington Post su \ud83e\uddf3 Travel &amp; Accessibility \ud83d\udc69\ud83e\uddbd e vorremmo condividerlo con voi qui.<\/p>\n\t\t<\/div>\n\t\t\t\t<\/div>\n\t\t\t\t<div class=\"elementor-post__meta-data\">\n\t\t\t\t\t<span class=\"elementor-post-date\">\n\t\t\t24 Giugno 2020\t\t<\/span>\n\t\t\t\t<span class=\"elementor-post-avatar\">\n\t\t\tNessun commento\t\t<\/span>\n\t\t\t\t<\/div>\n\t\t\t\t\t<\/div>\n\t\t<\/article>\n\t\t\t\t<article class=\"elementor-post elementor-grid-item post-4884 social_media_beitrag type-social_media_beitrag status-publish has-post-thumbnail hentry kooperation-interessantes\">\n\t\t\t<div class=\"elementor-post__card\">\n\t\t\t\t<a class=\"elementor-post__thumbnail__link\" href=\"https:\/\/wheelchair-tours.org\/it\/social-media-beitrag\/barrierefreies-muenchen\/\"><div class=\"elementor-post__thumbnail\"><img loading=\"lazy\" decoding=\"async\" width=\"1024\" height=\"576\" src=\"https:\/\/wheelchair-tours.org\/wp-content\/uploads\/2020\/06\/Wheelchair_tours_Rollstuhl_Social_Media_M\u00fcnchen_Michael_Siebert-Pixabay.jpg\" class=\"attachment-full size-full wp-image-4885\" alt=\"Wheelchair_tours_Rollstuhl_Social_Media_M\u00fcnchen_Michael_Siebert-Pixabay\" srcset=\"https:\/\/wheelchair-tours.org\/wp-content\/uploads\/2020\/06\/Wheelchair_tours_Rollstuhl_Social_Media_M\u00fcnchen_Michael_Siebert-Pixabay.jpg 1024w, https:\/\/wheelchair-tours.org\/wp-content\/uploads\/2020\/06\/Wheelchair_tours_Rollstuhl_Social_Media_M\u00fcnchen_Michael_Siebert-Pixabay-300x169.jpg 300w, https:\/\/wheelchair-tours.org\/wp-content\/uploads\/2020\/06\/Wheelchair_tours_Rollstuhl_Social_Media_M\u00fcnchen_Michael_Siebert-Pixabay-768x432.jpg 768w\" sizes=\"auto, (max-width: 1024px) 100vw, 1024px\" \/><\/div><\/a>\n\t\t\t\t<div class=\"elementor-post__text\">\n\t\t\t\t<h3 class=\"elementor-post__title\">\n\t\t\t<a href=\"https:\/\/wheelchair-tours.org\/it\/social-media-beitrag\/barrierefreies-muenchen\/\">\n\t\t\t\tMonaco senza barriere\t\t\t<\/a>\n\t\t<\/h3>\n\t\t\t\t<div class=\"elementor-post__excerpt\">\n\t\t\t<p>Monaco senza barriere \ud83e\udd28 Dato che le vacanze all'estero sono piuttosto fuori questione al momento, abbiamo pensato di presentare alcune destinazioni vicine. \u2757\u267f A partire da Monaco.<\/p>\n\t\t<\/div>\n\t\t\t\t<\/div>\n\t\t\t\t<div class=\"elementor-post__meta-data\">\n\t\t\t\t\t<span class=\"elementor-post-date\">\n\t\t\t22 Giugno 2020\t\t<\/span>\n\t\t\t\t<span class=\"elementor-post-avatar\">\n\t\t\tNessun commento\t\t<\/span>\n\t\t\t\t<\/div>\n\t\t\t\t\t<\/div>\n\t\t<\/article>\n\t\t\t\t<article class=\"elementor-post elementor-grid-item post-4889 social_media_beitrag type-social_media_beitrag status-publish has-post-thumbnail hentry kooperation-interesting-posts\">\n\t\t\t<div class=\"elementor-post__card\">\n\t\t\t\t<a class=\"elementor-post__thumbnail__link\" href=\"https:\/\/wheelchair-tours.org\/it\/social-media-beitrag\/accessible-munich\/\"><div class=\"elementor-post__thumbnail\"><img loading=\"lazy\" decoding=\"async\" width=\"1024\" height=\"576\" src=\"https:\/\/wheelchair-tours.org\/wp-content\/uploads\/2020\/06\/Wheelchair_tours_Rollstuhl_Social_Media_M\u00fcnchen_Michael_Siebert-Pixabay.jpg\" class=\"attachment-full size-full wp-image-4885\" alt=\"Wheelchair_tours_Rollstuhl_Social_Media_M\u00fcnchen_Michael_Siebert-Pixabay\" srcset=\"https:\/\/wheelchair-tours.org\/wp-content\/uploads\/2020\/06\/Wheelchair_tours_Rollstuhl_Social_Media_M\u00fcnchen_Michael_Siebert-Pixabay.jpg 1024w, https:\/\/wheelchair-tours.org\/wp-content\/uploads\/2020\/06\/Wheelchair_tours_Rollstuhl_Social_Media_M\u00fcnchen_Michael_Siebert-Pixabay-300x169.jpg 300w, https:\/\/wheelchair-tours.org\/wp-content\/uploads\/2020\/06\/Wheelchair_tours_Rollstuhl_Social_Media_M\u00fcnchen_Michael_Siebert-Pixabay-768x432.jpg 768w\" sizes=\"auto, (max-width: 1024px) 100vw, 1024px\" \/><\/div><\/a>\n\t\t\t\t<div class=\"elementor-post__text\">\n\t\t\t\t<h3 class=\"elementor-post__title\">\n\t\t\t<a href=\"https:\/\/wheelchair-tours.org\/it\/social-media-beitrag\/accessible-munich\/\">\n\t\t\t\tMonaco accessibile\t\t\t<\/a>\n\t\t<\/h3>\n\t\t\t\t<div class=\"elementor-post__excerpt\">\n\t\t\t<p>Monaco accessibile \ud83d\ude0d Vacanze in Germania. \ud83e\udd28 Dato che le vacanze all'estero non sono proprio un'opzione al momento, abbiamo pensato di presentare alcune destinazioni vicine.<\/p>\n\t\t<\/div>\n\t\t\t\t<\/div>\n\t\t\t\t<div class=\"elementor-post__meta-data\">\n\t\t\t\t\t<span class=\"elementor-post-date\">\n\t\t\t22 Giugno 2020\t\t<\/span>\n\t\t\t\t<span class=\"elementor-post-avatar\">\n\t\t\tNessun commento\t\t<\/span>\n\t\t\t\t<\/div>\n\t\t\t\t\t<\/div>\n\t\t<\/article>\n\t\t\t\t<article class=\"elementor-post elementor-grid-item post-4878 social_media_beitrag type-social_media_beitrag status-publish has-post-thumbnail hentry kooperation-interesting-posts\">\n\t\t\t<div class=\"elementor-post__card\">\n\t\t\t\t<a class=\"elementor-post__thumbnail__link\" href=\"https:\/\/wheelchair-tours.org\/it\/social-media-beitrag\/the-dolomites-south-tyrols-figurehead\/\"><div class=\"elementor-post__thumbnail\"><img loading=\"lazy\" decoding=\"async\" width=\"1024\" height=\"576\" src=\"https:\/\/wheelchair-tours.org\/wp-content\/uploads\/2020\/06\/Wheelchair_tours_Rollstuhl_Social_Media_Dolomiten-Marmolate_Vincentiu-solomon_Unsplash.jpg\" class=\"attachment-full size-full wp-image-4874\" alt=\"Wheelchair_tours_Rollstuhl_Social_Media_Dolomiten-Marmolate_Vincentiu-solomon_Unsplash\" srcset=\"https:\/\/wheelchair-tours.org\/wp-content\/uploads\/2020\/06\/Wheelchair_tours_Rollstuhl_Social_Media_Dolomiten-Marmolate_Vincentiu-solomon_Unsplash.jpg 1024w, https:\/\/wheelchair-tours.org\/wp-content\/uploads\/2020\/06\/Wheelchair_tours_Rollstuhl_Social_Media_Dolomiten-Marmolate_Vincentiu-solomon_Unsplash-300x169.jpg 300w, https:\/\/wheelchair-tours.org\/wp-content\/uploads\/2020\/06\/Wheelchair_tours_Rollstuhl_Social_Media_Dolomiten-Marmolate_Vincentiu-solomon_Unsplash-768x432.jpg 768w\" sizes=\"auto, (max-width: 1024px) 100vw, 1024px\" \/><\/div><\/a>\n\t\t\t\t<div class=\"elementor-post__text\">\n\t\t\t\t<h3 class=\"elementor-post__title\">\n\t\t\t<a href=\"https:\/\/wheelchair-tours.org\/it\/social-media-beitrag\/the-dolomites-south-tyrols-figurehead\/\">\n\t\t\t\tLe Dolomiti - la \"polena\" dell'Alto Adige\t\t\t<\/a>\n\t\t<\/h3>\n\t\t\t\t<div class=\"elementor-post__excerpt\">\n\t\t\t<p>Le Dolomiti Una parte delle montagne dell'Alto Adige, le Dolomiti, sono un'attrazione annuale per molti \ud83d\udeb6 escursionisti, scalatori e camminatori. A seconda del livello di fitness<\/p>\n\t\t<\/div>\n\t\t\t\t<\/div>\n\t\t\t\t<div class=\"elementor-post__meta-data\">\n\t\t\t\t\t<span class=\"elementor-post-date\">\n\t\t\t20 Giugno 2020\t\t<\/span>\n\t\t\t\t<span class=\"elementor-post-avatar\">\n\t\t\tNessun commento\t\t<\/span>\n\t\t\t\t<\/div>\n\t\t\t\t\t<\/div>\n\t\t<\/article>\n\t\t\t\t<article class=\"elementor-post elementor-grid-item post-4873 social_media_beitrag type-social_media_beitrag status-publish has-post-thumbnail hentry kooperation-interessantes\">\n\t\t\t<div class=\"elementor-post__card\">\n\t\t\t\t<a class=\"elementor-post__thumbnail__link\" href=\"https:\/\/wheelchair-tours.org\/it\/social-media-beitrag\/die-dolomiten-suedtirols-aushaengeschild\/\"><div class=\"elementor-post__thumbnail\"><img loading=\"lazy\" decoding=\"async\" width=\"1024\" height=\"576\" src=\"https:\/\/wheelchair-tours.org\/wp-content\/uploads\/2020\/06\/Wheelchair_tours_Rollstuhl_Social_Media_Dolomiten-Marmolate_Vincentiu-solomon_Unsplash.jpg\" class=\"attachment-full size-full wp-image-4874\" alt=\"Wheelchair_tours_Rollstuhl_Social_Media_Dolomiten-Marmolate_Vincentiu-solomon_Unsplash\" srcset=\"https:\/\/wheelchair-tours.org\/wp-content\/uploads\/2020\/06\/Wheelchair_tours_Rollstuhl_Social_Media_Dolomiten-Marmolate_Vincentiu-solomon_Unsplash.jpg 1024w, https:\/\/wheelchair-tours.org\/wp-content\/uploads\/2020\/06\/Wheelchair_tours_Rollstuhl_Social_Media_Dolomiten-Marmolate_Vincentiu-solomon_Unsplash-300x169.jpg 300w, https:\/\/wheelchair-tours.org\/wp-content\/uploads\/2020\/06\/Wheelchair_tours_Rollstuhl_Social_Media_Dolomiten-Marmolate_Vincentiu-solomon_Unsplash-768x432.jpg 768w\" sizes=\"auto, (max-width: 1024px) 100vw, 1024px\" \/><\/div><\/a>\n\t\t\t\t<div class=\"elementor-post__text\">\n\t\t\t\t<h3 class=\"elementor-post__title\">\n\t\t\t<a href=\"https:\/\/wheelchair-tours.org\/it\/social-media-beitrag\/die-dolomiten-suedtirols-aushaengeschild\/\">\n\t\t\t\tLe Dolomiti - la regione \"ammiraglia\" dell'Alto Adige\t\t\t<\/a>\n\t\t<\/h3>\n\t\t\t\t<div class=\"elementor-post__excerpt\">\n\t\t\t<p>Le Dolomiti Parte delle montagne dell'Alto Adige, le Dolomiti attirano ogni anno molti \ud83d\udeb6\u2640\ufe0f escursionisti, scalatori e camminatori. A seconda del livello di fitness e delle preferenze<\/p>\n\t\t<\/div>\n\t\t\t\t<\/div>\n\t\t\t\t<div class=\"elementor-post__meta-data\">\n\t\t\t\t\t<span class=\"elementor-post-date\">\n\t\t\t20 Giugno 2020\t\t<\/span>\n\t\t\t\t<span class=\"elementor-post-avatar\">\n\t\t\tNessun commento\t\t<\/span>\n\t\t\t\t<\/div>\n\t\t\t\t\t<\/div>\n\t\t<\/article>\n\t\t\t\t<article class=\"elementor-post elementor-grid-item post-4743 social_media_beitrag type-social_media_beitrag status-publish has-post-thumbnail hentry kooperation-interessantes\">\n\t\t\t<div class=\"elementor-post__card\">\n\t\t\t\t<a class=\"elementor-post__thumbnail__link\" href=\"https:\/\/wheelchair-tours.org\/it\/social-media-beitrag\/nicht-schon-wieder-corona-%f0%9f%98%85\/\"><div class=\"elementor-post__thumbnail\"><img loading=\"lazy\" decoding=\"async\" width=\"1240\" height=\"744\" src=\"https:\/\/wheelchair-tours.org\/wp-content\/uploads\/2020\/05\/5012.jpg\" class=\"attachment-full size-full wp-image-4739\" alt=\"Wheelchair-Tours-Rollstuhl-Wandern-Unterland-Suedtirol-AltoAdige-Social_Media-Corona_USA-TheGuardian\" srcset=\"https:\/\/wheelchair-tours.org\/wp-content\/uploads\/2020\/05\/5012.jpg 1240w, https:\/\/wheelchair-tours.org\/wp-content\/uploads\/2020\/05\/5012-300x180.jpg 300w, https:\/\/wheelchair-tours.org\/wp-content\/uploads\/2020\/05\/5012-1024x614.jpg 1024w, https:\/\/wheelchair-tours.org\/wp-content\/uploads\/2020\/05\/5012-768x461.jpg 768w\" sizes=\"auto, (max-width: 1240px) 100vw, 1240px\" \/><\/div><\/a>\n\t\t\t\t<div class=\"elementor-post__text\">\n\t\t\t\t<h3 class=\"elementor-post__title\">\n\t\t\t<a href=\"https:\/\/wheelchair-tours.org\/it\/social-media-beitrag\/nicht-schon-wieder-corona-%f0%9f%98%85\/\">\n\t\t\t\tNon di nuovo Corona! \ud83d\ude05\t\t\t<\/a>\n\t\t<\/h3>\n\t\t\t\t<div class=\"elementor-post__excerpt\">\n\t\t\t<p>\u00a9 Murdo MacLeod\/The Guardian Non di nuovo Corona! S\u00ec, lo sappiamo, l'argomento \u00e8 come la gomma da masticare. Ma \u00e8 e rimane importante<\/p>\n\t\t<\/div>\n\t\t\t\t<\/div>\n\t\t\t\t<div class=\"elementor-post__meta-data\">\n\t\t\t\t\t<span class=\"elementor-post-date\">\n\t\t\t13 Giugno 2020\t\t<\/span>\n\t\t\t\t<span class=\"elementor-post-avatar\">\n\t\t\tNessun commento\t\t<\/span>\n\t\t\t\t<\/div>\n\t\t\t\t\t<\/div>\n\t\t<\/article>\n\t\t\t\t<article class=\"elementor-post elementor-grid-item post-4738 social_media_beitrag type-social_media_beitrag status-publish has-post-thumbnail hentry kooperation-interesting-posts\">\n\t\t\t<div class=\"elementor-post__card\">\n\t\t\t\t<a class=\"elementor-post__thumbnail__link\" href=\"https:\/\/wheelchair-tours.org\/it\/social-media-beitrag\/not-corona-again-%f0%9f%98%85\/\"><div class=\"elementor-post__thumbnail\"><img loading=\"lazy\" decoding=\"async\" width=\"1240\" height=\"744\" src=\"https:\/\/wheelchair-tours.org\/wp-content\/uploads\/2020\/05\/5012.jpg\" class=\"attachment-full size-full wp-image-4739\" alt=\"Wheelchair-Tours-Rollstuhl-Wandern-Unterland-Suedtirol-AltoAdige-Social_Media-Corona_USA-TheGuardian\" srcset=\"https:\/\/wheelchair-tours.org\/wp-content\/uploads\/2020\/05\/5012.jpg 1240w, https:\/\/wheelchair-tours.org\/wp-content\/uploads\/2020\/05\/5012-300x180.jpg 300w, https:\/\/wheelchair-tours.org\/wp-content\/uploads\/2020\/05\/5012-1024x614.jpg 1024w, https:\/\/wheelchair-tours.org\/wp-content\/uploads\/2020\/05\/5012-768x461.jpg 768w\" sizes=\"auto, (max-width: 1240px) 100vw, 1240px\" \/><\/div><\/a>\n\t\t\t\t<div class=\"elementor-post__text\">\n\t\t\t\t<h3 class=\"elementor-post__title\">\n\t\t\t<a href=\"https:\/\/wheelchair-tours.org\/it\/social-media-beitrag\/not-corona-again-%f0%9f%98%85\/\">\n\t\t\t\tNon di nuovo Corona! \ud83d\ude05\t\t\t<\/a>\n\t\t<\/h3>\n\t\t\t\t<div class=\"elementor-post__excerpt\">\n\t\t\t<p>\u00a9 Murdo MacLeod\/The Guardian Non di nuovo Corona! S\u00ec, lo sappiamo, il soggetto \u00e8 come una gomma. Ma \u00e8 e rimarr\u00e0 un argomento importante. \u2757\ud83d\udc69\ud83e\uddbd<\/p>\n\t\t<\/div>\n\t\t\t\t<\/div>\n\t\t\t\t<div class=\"elementor-post__meta-data\">\n\t\t\t\t\t<span class=\"elementor-post-date\">\n\t\t\t13 Giugno 2020\t\t<\/span>\n\t\t\t\t<span class=\"elementor-post-avatar\">\n\t\t\tNessun commento\t\t<\/span>\n\t\t\t\t<\/div>\n\t\t\t\t\t<\/div>\n\t\t<\/article>\n\t\t\t\t<article class=\"elementor-post elementor-grid-item post-4730 social_media_beitrag type-social_media_beitrag status-publish has-post-thumbnail hentry kooperation-interesting-posts\">\n\t\t\t<div class=\"elementor-post__card\">\n\t\t\t\t<a class=\"elementor-post__thumbnail__link\" href=\"https:\/\/wheelchair-tours.org\/it\/social-media-beitrag\/travel-while-disabled-is-4x-more-expensive\/\"><div class=\"elementor-post__thumbnail\"><img loading=\"lazy\" decoding=\"async\" width=\"640\" height=\"378\" src=\"https:\/\/wheelchair-tours.org\/wp-content\/uploads\/2020\/05\/beach-1867137_1280-e1590591795822.jpg\" class=\"attachment-full size-full wp-image-4731\" alt=\"Wheelchair-Tours-Rollstuhl-Wandern-Unterland-Suedtirol-AltoAdige-Social_Media-Travel-expensive-pixabay\" \/><\/div><\/a>\n\t\t\t\t<div class=\"elementor-post__text\">\n\t\t\t\t<h3 class=\"elementor-post__title\">\n\t\t\t<a href=\"https:\/\/wheelchair-tours.org\/it\/social-media-beitrag\/travel-while-disabled-is-4x-more-expensive\/\">\n\t\t\t\tViaggiare mentre si \u00e8 disabili \u00e8 4 volte pi\u00f9 costoso\t\t\t<\/a>\n\t\t<\/h3>\n\t\t\t\t<div class=\"elementor-post__excerpt\">\n\t\t\t<p>\u00a9 pixabay Viaggiare da disabili \u00e8 4 volte pi\u00f9 caro \ud83d\udc4d Grazie a @grabyourwheels ci siamo imbattuti in un interessante articolo \ud83e\uddfe\ud83d\udcda di Quartz media @qz su<\/p>\n\t\t<\/div>\n\t\t\t\t<\/div>\n\t\t\t\t<div class=\"elementor-post__meta-data\">\n\t\t\t\t\t<span class=\"elementor-post-date\">\n\t\t\t8 Giugno 2020\t\t<\/span>\n\t\t\t\t<span class=\"elementor-post-avatar\">\n\t\t\tNessun commento\t\t<\/span>\n\t\t\t\t<\/div>\n\t\t\t\t\t<\/div>\n\t\t<\/article>\n\t\t\t\t<article class=\"elementor-post elementor-grid-item post-4734 social_media_beitrag type-social_media_beitrag status-publish has-post-thumbnail hentry kooperation-interessantes\">\n\t\t\t<div class=\"elementor-post__card\">\n\t\t\t\t<a class=\"elementor-post__thumbnail__link\" href=\"https:\/\/wheelchair-tours.org\/it\/social-media-beitrag\/reisen-mit-behinderung-ist-4x-teurer\/\"><div class=\"elementor-post__thumbnail\"><img loading=\"lazy\" decoding=\"async\" width=\"640\" height=\"378\" src=\"https:\/\/wheelchair-tours.org\/wp-content\/uploads\/2020\/05\/beach-1867137_1280-e1590591795822.jpg\" class=\"attachment-full size-full wp-image-4731\" alt=\"Wheelchair-Tours-Rollstuhl-Wandern-Unterland-Suedtirol-AltoAdige-Social_Media-Travel-expensive-pixabay\" \/><\/div><\/a>\n\t\t\t\t<div class=\"elementor-post__text\">\n\t\t\t\t<h3 class=\"elementor-post__title\">\n\t\t\t<a href=\"https:\/\/wheelchair-tours.org\/it\/social-media-beitrag\/reisen-mit-behinderung-ist-4x-teurer\/\">\n\t\t\t\tViaggiare con una disabilit\u00e0 \u00e8 4 volte pi\u00f9 costoso\t\t\t<\/a>\n\t\t<\/h3>\n\t\t\t\t<div class=\"elementor-post__excerpt\">\n\t\t\t<p>\u00a9 pixabay Viaggiare con una disabilit\u00e0 \u00e8 4 volte pi\u00f9 costoso \ud83d\udc4d Grazie a @grabyourwheels ci siamo imbattuti in un interessante articolo \ud83e\uddfe\ud83d\udcda di Quartz Media @qz in cui<\/p>\n\t\t<\/div>\n\t\t\t\t<\/div>\n\t\t\t\t<div class=\"elementor-post__meta-data\">\n\t\t\t\t\t<span class=\"elementor-post-date\">\n\t\t\t8 Giugno 2020\t\t<\/span>\n\t\t\t\t<span class=\"elementor-post-avatar\">\n\t\t\tNessun commento\t\t<\/span>\n\t\t\t\t<\/div>\n\t\t\t\t\t<\/div>\n\t\t<\/article>\n\t\t\t\t<article class=\"elementor-post elementor-grid-item post-4791 social_media_beitrag type-social_media_beitrag status-publish has-post-thumbnail hentry blogbeitrag-neuer-blogbeitrag\">\n\t\t\t<div class=\"elementor-post__card\">\n\t\t\t\t<a class=\"elementor-post__thumbnail__link\" href=\"https:\/\/wheelchair-tours.org\/it\/social-media-beitrag\/neuer-blog-beitrag-venedig-teil-2-rialto-bruecke-piazza-san-marco\/\"><div class=\"elementor-post__thumbnail\"><img loading=\"lazy\" decoding=\"async\" width=\"640\" height=\"400\" src=\"https:\/\/wheelchair-tours.org\/wp-content\/uploads\/2020\/03\/Wheelchair_tours_Rollstuhl_Wandern_Blog_Venedig_barrierefrei_Aussicht_vom_einkaufszentrum.jpg\" class=\"attachment-full size-full wp-image-4356\" alt=\"Blick von der Dachterreasse des Fondacho auf den Canal Grande\" srcset=\"https:\/\/wheelchair-tours.org\/wp-content\/uploads\/2020\/03\/Wheelchair_tours_Rollstuhl_Wandern_Blog_Venedig_barrierefrei_Aussicht_vom_einkaufszentrum.jpg 640w, https:\/\/wheelchair-tours.org\/wp-content\/uploads\/2020\/03\/Wheelchair_tours_Rollstuhl_Wandern_Blog_Venedig_barrierefrei_Aussicht_vom_einkaufszentrum-300x188.jpg 300w\" sizes=\"auto, (max-width: 640px) 100vw, 640px\" \/><\/div><\/a>\n\t\t\t\t<div class=\"elementor-post__text\">\n\t\t\t\t<h3 class=\"elementor-post__title\">\n\t\t\t<a href=\"https:\/\/wheelchair-tours.org\/it\/social-media-beitrag\/neuer-blog-beitrag-venedig-teil-2-rialto-bruecke-piazza-san-marco\/\">\n\t\t\t\tNuovo post sul blog: Venezia parte 2 - Ponte di Rialto e Piazza San Marco\t\t\t<\/a>\n\t\t<\/h3>\n\t\t\t\t<div class=\"elementor-post__excerpt\">\n\t\t\t<p>Venezia - Ponte di Rialto &amp; Piazza San Marco Come arrivare a Venezia facilmente, anche su ruote \ud83d\udc69\ud83e\uddbd, te l'abbiamo detto il mese scorso.<\/p>\n\t\t<\/div>\n\t\t\t\t<\/div>\n\t\t\t\t<div class=\"elementor-post__meta-data\">\n\t\t\t\t\t<span class=\"elementor-post-date\">\n\t\t\t6 Giugno 2020\t\t<\/span>\n\t\t\t\t<span class=\"elementor-post-avatar\">\n\t\t\tNessun commento\t\t<\/span>\n\t\t\t\t<\/div>\n\t\t\t\t\t<\/div>\n\t\t<\/article>\n\t\t\t\t<article class=\"elementor-post elementor-grid-item post-4796 social_media_beitrag type-social_media_beitrag status-publish has-post-thumbnail hentry blogbeitrag-new-blog-post\">\n\t\t\t<div class=\"elementor-post__card\">\n\t\t\t\t<a class=\"elementor-post__thumbnail__link\" href=\"https:\/\/wheelchair-tours.org\/it\/social-media-beitrag\/new-blog-post-venedig-part-ii-rialto-bridge-piazza-san-marco\/\"><div class=\"elementor-post__thumbnail\"><img loading=\"lazy\" decoding=\"async\" width=\"640\" height=\"400\" src=\"https:\/\/wheelchair-tours.org\/wp-content\/uploads\/2020\/03\/Wheelchair_tours_Rollstuhl_Wandern_Blog_Venedig_barrierefrei_Aussicht_vom_einkaufszentrum.jpg\" class=\"attachment-full size-full wp-image-4356\" alt=\"Blick von der Dachterreasse des Fondacho auf den Canal Grande\" srcset=\"https:\/\/wheelchair-tours.org\/wp-content\/uploads\/2020\/03\/Wheelchair_tours_Rollstuhl_Wandern_Blog_Venedig_barrierefrei_Aussicht_vom_einkaufszentrum.jpg 640w, https:\/\/wheelchair-tours.org\/wp-content\/uploads\/2020\/03\/Wheelchair_tours_Rollstuhl_Wandern_Blog_Venedig_barrierefrei_Aussicht_vom_einkaufszentrum-300x188.jpg 300w\" sizes=\"auto, (max-width: 640px) 100vw, 640px\" \/><\/div><\/a>\n\t\t\t\t<div class=\"elementor-post__text\">\n\t\t\t\t<h3 class=\"elementor-post__title\">\n\t\t\t<a href=\"https:\/\/wheelchair-tours.org\/it\/social-media-beitrag\/new-blog-post-venedig-part-ii-rialto-bridge-piazza-san-marco\/\">\n\t\t\t\tNuovo post sul blog: Venezia parte II - Ponte di Rialto e Piazza San Marco\t\t\t<\/a>\n\t\t<\/h3>\n\t\t\t\t<div class=\"elementor-post__excerpt\">\n\t\t\t<p>Venezia - Ponte di Rialto &amp; Piazza San Marco \ud83d\udce7 \ud83d\udcad Vi abbiamo detto il mese scorso come arrivare a Venezia facilmente, anche se si usa una sedia a rotelle<\/p>\n\t\t<\/div>\n\t\t\t\t<\/div>\n\t\t\t\t<div class=\"elementor-post__meta-data\">\n\t\t\t\t\t<span class=\"elementor-post-date\">\n\t\t\t6 Giugno 2020\t\t<\/span>\n\t\t\t\t<span class=\"elementor-post-avatar\">\n\t\t\tNessun commento\t\t<\/span>\n\t\t\t\t<\/div>\n\t\t\t\t\t<\/div>\n\t\t<\/article>\n\t\t\t\t<article class=\"elementor-post elementor-grid-item post-4726 social_media_beitrag type-social_media_beitrag status-publish has-post-thumbnail hentry neue_tour-new-tour\">\n\t\t\t<div class=\"elementor-post__card\">\n\t\t\t\t<a class=\"elementor-post__thumbnail__link\" href=\"https:\/\/wheelchair-tours.org\/it\/social-media-beitrag\/new-circular-hike-around-the-lake-monticolo\/\"><div class=\"elementor-post__thumbnail\"><img loading=\"lazy\" decoding=\"async\" width=\"1024\" height=\"576\" src=\"https:\/\/wheelchair-tours.org\/wp-content\/uploads\/2020\/05\/Wheelchair-Tours-Rollstuhl-Wandern-Unterland-Suedtirol-AltoAdige-Montiggler-See-Gras-feartured-image.jpg\" class=\"attachment-full size-full wp-image-4705\" alt=\"Wheelchair-Tours-Rollstuhl-Wandern-Unterland-Suedtirol-AltoAdige-Montiggler-See-Gras-feartured-image\" srcset=\"https:\/\/wheelchair-tours.org\/wp-content\/uploads\/2020\/05\/Wheelchair-Tours-Rollstuhl-Wandern-Unterland-Suedtirol-AltoAdige-Montiggler-See-Gras-feartured-image.jpg 1024w, https:\/\/wheelchair-tours.org\/wp-content\/uploads\/2020\/05\/Wheelchair-Tours-Rollstuhl-Wandern-Unterland-Suedtirol-AltoAdige-Montiggler-See-Gras-feartured-image-300x169.jpg 300w, https:\/\/wheelchair-tours.org\/wp-content\/uploads\/2020\/05\/Wheelchair-Tours-Rollstuhl-Wandern-Unterland-Suedtirol-AltoAdige-Montiggler-See-Gras-feartured-image-768x432.jpg 768w\" sizes=\"auto, (max-width: 1024px) 100vw, 1024px\" \/><\/div><\/a>\n\t\t\t\t<div class=\"elementor-post__text\">\n\t\t\t\t<h3 class=\"elementor-post__title\">\n\t\t\t<a href=\"https:\/\/wheelchair-tours.org\/it\/social-media-beitrag\/new-circular-hike-around-the-lake-monticolo\/\">\n\t\t\t\tNovit\u00e0: escursione circolare intorno al lago di Monticolo\t\t\t<\/a>\n\t\t<\/h3>\n\t\t\t\t<div class=\"elementor-post__excerpt\">\n\t\t\t<p>Escursione circolare intorno al lago Monticolo Neue \u267f il viaggio \u00e8 online! Il sole \ud83c\udf1e sta ridendo e le temperature \ud83c\udf21 stanno aumentando... Il momento perfetto<\/p>\n\t\t<\/div>\n\t\t\t\t<\/div>\n\t\t\t\t<div class=\"elementor-post__meta-data\">\n\t\t\t\t\t<span class=\"elementor-post-date\">\n\t\t\t1 Giugno 2020\t\t<\/span>\n\t\t\t\t<span class=\"elementor-post-avatar\">\n\t\t\tNessun commento\t\t<\/span>\n\t\t\t\t<\/div>\n\t\t\t\t\t<\/div>\n\t\t<\/article>\n\t\t\t\t<article class=\"elementor-post elementor-grid-item post-4721 social_media_beitrag type-social_media_beitrag status-publish has-post-thumbnail hentry neue_tour-neue-tour\">\n\t\t\t<div class=\"elementor-post__card\">\n\t\t\t\t<a class=\"elementor-post__thumbnail__link\" href=\"https:\/\/wheelchair-tours.org\/it\/social-media-beitrag\/neue-tour-rundwanderung-um-den-grossen-montiggler-see\/\"><div class=\"elementor-post__thumbnail\"><img loading=\"lazy\" decoding=\"async\" width=\"1024\" height=\"576\" src=\"https:\/\/wheelchair-tours.org\/wp-content\/uploads\/2020\/05\/Wheelchair-Tours-Rollstuhl-Wandern-Unterland-Suedtirol-AltoAdige-Montiggler-See-Gras-feartured-image.jpg\" class=\"attachment-full size-full wp-image-4705\" alt=\"Wheelchair-Tours-Rollstuhl-Wandern-Unterland-Suedtirol-AltoAdige-Montiggler-See-Gras-feartured-image\" srcset=\"https:\/\/wheelchair-tours.org\/wp-content\/uploads\/2020\/05\/Wheelchair-Tours-Rollstuhl-Wandern-Unterland-Suedtirol-AltoAdige-Montiggler-See-Gras-feartured-image.jpg 1024w, https:\/\/wheelchair-tours.org\/wp-content\/uploads\/2020\/05\/Wheelchair-Tours-Rollstuhl-Wandern-Unterland-Suedtirol-AltoAdige-Montiggler-See-Gras-feartured-image-300x169.jpg 300w, https:\/\/wheelchair-tours.org\/wp-content\/uploads\/2020\/05\/Wheelchair-Tours-Rollstuhl-Wandern-Unterland-Suedtirol-AltoAdige-Montiggler-See-Gras-feartured-image-768x432.jpg 768w\" sizes=\"auto, (max-width: 1024px) 100vw, 1024px\" \/><\/div><\/a>\n\t\t\t\t<div class=\"elementor-post__text\">\n\t\t\t\t<h3 class=\"elementor-post__title\">\n\t\t\t<a href=\"https:\/\/wheelchair-tours.org\/it\/social-media-beitrag\/neue-tour-rundwanderung-um-den-grossen-montiggler-see\/\">\n\t\t\t\tNuovo tour: Escursione circolare intorno al Grande Lago di Montiggl\t\t\t<\/a>\n\t\t<\/h3>\n\t\t\t\t<div class=\"elementor-post__excerpt\">\n\t\t\t<p>Escursione intorno al Grande Lago Montiggler Nuovo \u267f Tour \u00e8 online! Il sole \ud83c\udf1e splende e le temperature \ud83c\udf21 stanno salendo... Il momento perfetto per un<\/p>\n\t\t<\/div>\n\t\t\t\t<\/div>\n\t\t\t\t<div class=\"elementor-post__meta-data\">\n\t\t\t\t\t<span class=\"elementor-post-date\">\n\t\t\t1 Giugno 2020\t\t<\/span>\n\t\t\t\t<span class=\"elementor-post-avatar\">\n\t\t\tNessun commento\t\t<\/span>\n\t\t\t\t<\/div>\n\t\t\t\t\t<\/div>\n\t\t<\/article>\n\t\t\t\t<article class=\"elementor-post elementor-grid-item post-4621 social_media_beitrag type-social_media_beitrag status-publish has-post-thumbnail hentry kooperation-interessantes\">\n\t\t\t<div class=\"elementor-post__card\">\n\t\t\t\t<a class=\"elementor-post__thumbnail__link\" href=\"https:\/\/wheelchair-tours.org\/it\/social-media-beitrag\/barrierefreie-abenteuer-die-aufmerksamkeit-waechst\/\"><div class=\"elementor-post__thumbnail\"><img loading=\"lazy\" decoding=\"async\" width=\"1600\" height=\"900\" src=\"https:\/\/wheelchair-tours.org\/wp-content\/uploads\/2020\/04\/Report_AF4A1363_HR_WEB.jpg\" class=\"attachment-full size-full wp-image-4622\" alt=\"Wheelchair-Tours-Rollstuhl-Wandern-Social-Media-National-Geographic\" srcset=\"https:\/\/wheelchair-tours.org\/wp-content\/uploads\/2020\/04\/Report_AF4A1363_HR_WEB.jpg 1600w, https:\/\/wheelchair-tours.org\/wp-content\/uploads\/2020\/04\/Report_AF4A1363_HR_WEB-300x169.jpg 300w, https:\/\/wheelchair-tours.org\/wp-content\/uploads\/2020\/04\/Report_AF4A1363_HR_WEB-1024x576.jpg 1024w, https:\/\/wheelchair-tours.org\/wp-content\/uploads\/2020\/04\/Report_AF4A1363_HR_WEB-768x432.jpg 768w, https:\/\/wheelchair-tours.org\/wp-content\/uploads\/2020\/04\/Report_AF4A1363_HR_WEB-1536x864.jpg 1536w\" sizes=\"auto, (max-width: 1600px) 100vw, 1600px\" \/><\/div><\/a>\n\t\t\t\t<div class=\"elementor-post__text\">\n\t\t\t\t<h3 class=\"elementor-post__title\">\n\t\t\t<a href=\"https:\/\/wheelchair-tours.org\/it\/social-media-beitrag\/barrierefreie-abenteuer-die-aufmerksamkeit-waechst\/\">\n\t\t\t\tAvventure accessibili - l'attenzione cresce!\t\t\t<\/a>\n\t\t<\/h3>\n\t\t\t\t<div class=\"elementor-post__excerpt\">\n\t\t\t<p>\u00a9 Joyce Silberstein\/Wheel the world Avventure accessibili - la consapevolezza sta crescendo! Recentemente ci siamo imbattuti (grazie a Grab Your Wheels, Let's Travel) in un articolo del<\/p>\n\t\t<\/div>\n\t\t\t\t<\/div>\n\t\t\t\t<div class=\"elementor-post__meta-data\">\n\t\t\t\t\t<span class=\"elementor-post-date\">\n\t\t\t25 Maggio 2020\t\t<\/span>\n\t\t\t\t<span class=\"elementor-post-avatar\">\n\t\t\tNessun commento\t\t<\/span>\n\t\t\t\t<\/div>\n\t\t\t\t\t<\/div>\n\t\t<\/article>\n\t\t\t\t<article class=\"elementor-post elementor-grid-item post-4628 social_media_beitrag type-social_media_beitrag status-publish has-post-thumbnail hentry kooperation-interesting-posts\">\n\t\t\t<div class=\"elementor-post__card\">\n\t\t\t\t<a class=\"elementor-post__thumbnail__link\" href=\"https:\/\/wheelchair-tours.org\/it\/social-media-beitrag\/accessible-adventures-the-attention-is-growing\/\"><div class=\"elementor-post__thumbnail\"><img loading=\"lazy\" decoding=\"async\" width=\"1600\" height=\"900\" src=\"https:\/\/wheelchair-tours.org\/wp-content\/uploads\/2020\/04\/Report_AF4A1363_HR_WEB.jpg\" class=\"attachment-full size-full wp-image-4622\" alt=\"Wheelchair-Tours-Rollstuhl-Wandern-Social-Media-National-Geographic\" srcset=\"https:\/\/wheelchair-tours.org\/wp-content\/uploads\/2020\/04\/Report_AF4A1363_HR_WEB.jpg 1600w, https:\/\/wheelchair-tours.org\/wp-content\/uploads\/2020\/04\/Report_AF4A1363_HR_WEB-300x169.jpg 300w, https:\/\/wheelchair-tours.org\/wp-content\/uploads\/2020\/04\/Report_AF4A1363_HR_WEB-1024x576.jpg 1024w, https:\/\/wheelchair-tours.org\/wp-content\/uploads\/2020\/04\/Report_AF4A1363_HR_WEB-768x432.jpg 768w, https:\/\/wheelchair-tours.org\/wp-content\/uploads\/2020\/04\/Report_AF4A1363_HR_WEB-1536x864.jpg 1536w\" sizes=\"auto, (max-width: 1600px) 100vw, 1600px\" \/><\/div><\/a>\n\t\t\t\t<div class=\"elementor-post__text\">\n\t\t\t\t<h3 class=\"elementor-post__title\">\n\t\t\t<a href=\"https:\/\/wheelchair-tours.org\/it\/social-media-beitrag\/accessible-adventures-the-attention-is-growing\/\">\n\t\t\t\tAvventure accessibili - l'attenzione cresce!\t\t\t<\/a>\n\t\t<\/h3>\n\t\t\t\t<div class=\"elementor-post__excerpt\">\n\t\t\t<p>\u00a0\u00a9 Joyce Silberstein\/Wheel the world Avventure accessibili - l'attenzione cresce! Recentemente (grazie a Grab Your Wheels, Let's Travel) siamo venuti a conoscenza di un<\/p>\n\t\t<\/div>\n\t\t\t\t<\/div>\n\t\t\t\t<div class=\"elementor-post__meta-data\">\n\t\t\t\t\t<span class=\"elementor-post-date\">\n\t\t\t25 Maggio 2020\t\t<\/span>\n\t\t\t\t<span class=\"elementor-post-avatar\">\n\t\t\tNessun commento\t\t<\/span>\n\t\t\t\t<\/div>\n\t\t\t\t\t<\/div>\n\t\t<\/article>\n\t\t\t\t<\/div>\n\n\n\t\t\n\t\t\t\t<\/div>\n\t\t\t\t<\/div>\n\t\t\t\t\t<\/div>\n\t\t<\/div>\n\t\t\t\t\t\t\t<\/div>\n\t\t<\/section>\n\t\t\t\t<\/div>\n\t\t<\/div>\n\t\t\t\t<\/div>\n\t\t\t\t<\/div>\n\t\t\t\t<\/div>\n\t\t\t\t\t<\/div>\n\t\t<\/div>\n\t\t\t\t\t\t\t<\/div>\n\t\t<\/section>\n\t\t\t\t\t\t\t<\/div>","protected":false},"excerpt":{"rendered":"","protected":false},"author":1,"featured_media":0,"parent":0,"menu_order":0,"comment_status":"closed","ping_status":"closed","template":"","meta":{"_uag_custom_page_level_css":"","site-sidebar-layout":"no-sidebar","site-content-layout":"page-builder","ast-site-content-layout":"","site-content-style":"default","site-sidebar-style":"default","ast-global-header-display":"","ast-banner-title-visibility":"","ast-main-header-display":"","ast-hfb-above-header-display":"","ast-hfb-below-header-display":"","ast-hfb-mobile-header-display":"","site-post-title":"disabled","ast-breadcrumbs-content":"","ast-featured-img":"disabled","footer-sml-layout":"","theme-transparent-header-meta":"default","adv-header-id-meta":"","stick-header-meta":"","header-above-stick-meta":"","header-main-stick-meta":"","header-below-stick-meta":"","astra-migrate-meta-layouts":"","footnotes":""},"class_list":["post-2753","page","type-page","status-publish","hentry"],"uagb_featured_image_src":{"full":false,"thumbnail":false,"medium":false,"medium_large":false,"large":false,"1536x1536":false,"2048x2048":false,"trp-custom-language-flag":false},"uagb_author_info":{"display_name":"Sabrina","author_link":"https:\/\/wheelchair-tours.org\/it\/author\/sabrina\/"},"uagb_comment_info":0,"uagb_excerpt":null,"_links":{"self":[{"href":"https:\/\/wheelchair-tours.org\/it\/wp-json\/wp\/v2\/pages\/2753","targetHints":{"allow":["GET"]}}],"collection":[{"href":"https:\/\/wheelchair-tours.org\/it\/wp-json\/wp\/v2\/pages"}],"about":[{"href":"https:\/\/wheelchair-tours.org\/it\/wp-json\/wp\/v2\/types\/page"}],"author":[{"embeddable":true,"href":"https:\/\/wheelchair-tours.org\/it\/wp-json\/wp\/v2\/users\/1"}],"replies":[{"embeddable":true,"href":"https:\/\/wheelchair-tours.org\/it\/wp-json\/wp\/v2\/comments?post=2753"}],"version-history":[{"count":4,"href":"https:\/\/wheelchair-tours.org\/it\/wp-json\/wp\/v2\/pages\/2753\/revisions"}],"predecessor-version":[{"id":2954,"href":"https:\/\/wheelchair-tours.org\/it\/wp-json\/wp\/v2\/pages\/2753\/revisions\/2954"}],"wp:attachment":[{"href":"https:\/\/wheelchair-tours.org\/it\/wp-json\/wp\/v2\/media?parent=2753"}],"curies":[{"name":"wp","href":"https:\/\/api.w.org\/{rel}","templated":true}]}}