{"id":6453,"date":"2021-06-04T17:52:54","date_gmt":"2021-06-04T15:52:54","guid":{"rendered":"https:\/\/wheelchair-tours.org\/?page_id=6453"},"modified":"2021-06-04T18:01:53","modified_gmt":"2021-06-04T16:01:53","slug":"die-regionen-suedtirols","status":"publish","type":"page","link":"https:\/\/wheelchair-tours.org\/en\/die-regionen-suedtirols\/","title":{"rendered":"The regions of South Tyrol"},"content":{"rendered":"<div data-elementor-type=\"wp-page\" data-elementor-id=\"6453\" class=\"elementor elementor-6453\">\n\t\t\t\t\t\t\t\t\t<section class=\"has_eae_slider elementor-section elementor-top-section elementor-element elementor-element-b93d787 elementor-section-full_width elementor-section-height-min-height elementor-section-height-default elementor-section-items-middle\" data-eae-slider=\"88858\" data-id=\"b93d787\" data-element_type=\"section\" data-settings=\"{&quot;background_background&quot;:&quot;classic&quot;}\" data-e-bg-lazyload=\"\">\n\t\t\t\t\t\t\t<div class=\"elementor-background-overlay\"><\/div>\n\t\t\t\t\t\t\t<div class=\"elementor-container elementor-column-gap-default\">\n\t\t\t\t\t<div class=\"has_eae_slider elementor-column elementor-col-25 elementor-top-column elementor-element elementor-element-592c75b\" data-eae-slider=\"67721\" data-id=\"592c75b\" data-element_type=\"column\">\n\t\t\t<div class=\"elementor-widget-wrap\">\n\t\t\t\t\t\t\t\t\t<\/div>\n\t\t<\/div>\n\t\t\t\t<div class=\"has_eae_slider elementor-column elementor-col-50 elementor-top-column elementor-element elementor-element-9673a8e\" data-eae-slider=\"40570\" data-id=\"9673a8e\" data-element_type=\"column\">\n\t\t\t<div class=\"elementor-widget-wrap\">\n\t\t\t\t\t\t\t\t\t<\/div>\n\t\t<\/div>\n\t\t\t\t<div class=\"has_eae_slider elementor-column elementor-col-25 elementor-top-column elementor-element elementor-element-7c39db6\" data-eae-slider=\"64403\" data-id=\"7c39db6\" data-element_type=\"column\">\n\t\t\t<div class=\"elementor-widget-wrap\">\n\t\t\t\t\t\t\t\t\t<\/div>\n\t\t<\/div>\n\t\t\t\t\t\t\t<\/div>\n\t\t<\/section>\n\t\t\t\t<section class=\"has_eae_slider elementor-section elementor-top-section elementor-element elementor-element-676534b elementor-section-boxed elementor-section-height-default elementor-section-height-default\" data-eae-slider=\"70290\" data-id=\"676534b\" data-element_type=\"section\" data-settings=\"{&quot;background_background&quot;:&quot;classic&quot;}\">\n\t\t\t\t\t\t<div class=\"elementor-container elementor-column-gap-default\">\n\t\t\t\t\t<div class=\"has_eae_slider elementor-column elementor-col-100 elementor-top-column elementor-element elementor-element-f3fe05f\" data-eae-slider=\"32571\" data-id=\"f3fe05f\" data-element_type=\"column\">\n\t\t\t<div class=\"elementor-widget-wrap elementor-element-populated\">\n\t\t\t\t\t\t\t\t<div class=\"elementor-element elementor-element-47c963a elementor-widget elementor-widget-text-editor\" data-id=\"47c963a\" data-element_type=\"widget\" data-widget_type=\"text-editor.default\">\n\t\t\t\t<div class=\"elementor-widget-container\">\n\t\t\t\t\t\t\t<h2 id=\"touren\"><span style=\"color: #0000;\">Trips<\/span><\/h2>\t\t\t\t\t\t<\/div>\n\t\t\t\t<\/div>\n\t\t\t\t<div class=\"elementor-element elementor-element-08559b7 elementor-widget elementor-widget-text-editor\" data-id=\"08559b7\" data-element_type=\"widget\" data-widget_type=\"text-editor.default\">\n\t\t\t\t<div class=\"elementor-widget-container\">\n\t\t\t\t\t\t\t<p>Wheelchair Tours<\/p>\t\t\t\t\t\t<\/div>\n\t\t\t\t<\/div>\n\t\t\t\t<div class=\"elementor-element elementor-element-e899574 elementor-widget elementor-widget-heading\" data-id=\"e899574\" data-element_type=\"widget\" data-widget_type=\"heading.default\">\n\t\t\t\t<div class=\"elementor-widget-container\">\n\t\t\t<h2 class=\"elementor-heading-title elementor-size-default\">REGIONS OF SOUTH TYROL<\/h2>\t\t<\/div>\n\t\t\t\t<\/div>\n\t\t\t\t<div class=\"elementor-element elementor-element-4c92235 elementor-widget-divider--view-line elementor-widget elementor-widget-divider\" data-id=\"4c92235\" data-element_type=\"widget\" data-widget_type=\"divider.default\">\n\t\t\t\t<div class=\"elementor-widget-container\">\n\t\t\t\t\t<div class=\"elementor-divider\">\n\t\t\t<span class=\"elementor-divider-separator\">\n\t\t\t\t\t\t<\/span>\n\t\t<\/div>\n\t\t\t\t<\/div>\n\t\t\t\t<\/div>\n\t\t\t\t<section class=\"has_eae_slider elementor-section elementor-inner-section elementor-element elementor-element-ef5a4bb elementor-section-boxed elementor-section-height-default elementor-section-height-default\" data-eae-slider=\"49956\" data-id=\"ef5a4bb\" data-element_type=\"section\">\n\t\t\t\t\t\t<div class=\"elementor-container elementor-column-gap-default\">\n\t\t\t\t\t<div class=\"has_eae_slider elementor-column elementor-col-33 elementor-inner-column elementor-element elementor-element-02cfdf5\" data-eae-slider=\"1324\" data-id=\"02cfdf5\" data-element_type=\"column\">\n\t\t\t<div class=\"elementor-widget-wrap\">\n\t\t\t\t\t\t\t\t\t<\/div>\n\t\t<\/div>\n\t\t\t\t<div class=\"has_eae_slider elementor-column elementor-col-33 elementor-inner-column elementor-element elementor-element-b79bc58\" data-eae-slider=\"51324\" data-id=\"b79bc58\" data-element_type=\"column\">\n\t\t\t<div class=\"elementor-widget-wrap elementor-element-populated\">\n\t\t\t\t\t\t\t\t<div class=\"elementor-element elementor-element-a66e183 elementor-widget elementor-widget-text-editor\" data-id=\"a66e183\" data-element_type=\"widget\" data-widget_type=\"text-editor.default\">\n\t\t\t\t<div class=\"elementor-widget-container\">\n\t\t\t\t\t\t\t<p>Here you will find a short overview of the regions of South Tyrol, which we also refer to in our tour overview.\u00a0<\/p>\t\t\t\t\t\t<\/div>\n\t\t\t\t<\/div>\n\t\t\t\t<div class=\"elementor-element elementor-element-c5fab86 elementor-align-center elementor-widget elementor-widget-button\" data-id=\"c5fab86\" data-element_type=\"widget\" data-widget_type=\"button.default\">\n\t\t\t\t<div class=\"elementor-widget-container\">\n\t\t\t\t\t<div class=\"elementor-button-wrapper\">\n\t\t\t<a class=\"elementor-button elementor-button-link elementor-size-md\" href=\"https:\/\/wheelchair-tours.org\/en\/touren\/\">\n\t\t\t\t\t\t<span class=\"elementor-button-content-wrapper\">\n\t\t\t\t\t\t<span class=\"elementor-button-text\">TRIPS<\/span>\n\t\t<\/span>\n\t\t\t\t\t<\/a>\n\t\t<\/div>\n\t\t\t\t<\/div>\n\t\t\t\t<\/div>\n\t\t\t\t\t<\/div>\n\t\t<\/div>\n\t\t\t\t<div class=\"has_eae_slider elementor-column elementor-col-33 elementor-inner-column elementor-element elementor-element-ccac6e9\" data-eae-slider=\"16220\" data-id=\"ccac6e9\" data-element_type=\"column\">\n\t\t\t<div class=\"elementor-widget-wrap\">\n\t\t\t\t\t\t\t\t\t<\/div>\n\t\t<\/div>\n\t\t\t\t\t\t\t<\/div>\n\t\t<\/section>\n\t\t\t\t\t<\/div>\n\t\t<\/div>\n\t\t\t\t\t\t\t<\/div>\n\t\t<\/section>\n\t\t\t\t<section class=\"has_eae_slider elementor-section elementor-top-section elementor-element elementor-element-a74c648 elementor-section-boxed elementor-section-height-default elementor-section-height-default\" data-eae-slider=\"3053\" data-id=\"a74c648\" data-element_type=\"section\">\n\t\t\t\t\t\t<div class=\"elementor-container elementor-column-gap-default\">\n\t\t\t\t\t<div class=\"has_eae_slider elementor-column elementor-col-25 elementor-top-column elementor-element elementor-element-1723d5c\" data-eae-slider=\"25873\" data-id=\"1723d5c\" data-element_type=\"column\">\n\t\t\t<div class=\"elementor-widget-wrap\">\n\t\t\t\t\t\t\t\t\t<\/div>\n\t\t<\/div>\n\t\t\t\t<div class=\"has_eae_slider elementor-column elementor-col-50 elementor-top-column elementor-element elementor-element-d3ee00c\" data-eae-slider=\"28698\" data-id=\"d3ee00c\" data-element_type=\"column\">\n\t\t\t<div class=\"elementor-widget-wrap elementor-element-populated\">\n\t\t\t\t\t\t\t\t<div class=\"elementor-element elementor-element-a2d918c elementor-widget elementor-widget-image\" data-id=\"a2d918c\" data-element_type=\"widget\" data-widget_type=\"image.default\">\n\t\t\t\t<div class=\"elementor-widget-container\">\n\t\t\t\t\t\t\t\t\t\t\t\t\t\t\t\t<a href=\"https:\/\/wheelchair-tours.org\/wp-content\/uploads\/2019\/08\/Landkarte_S\u00fcdtirol_DE.png\" data-elementor-open-lightbox=\"yes\" data-elementor-lightbox-title=\"Landkarte_S\u00fcdtirol_DE\" data-elementor-lightbox-description=\"Landkarte S\u00fcdtirol Regionen Wheelchair Tours\" data-e-action-hash=\"#elementor-action%3Aaction%3Dlightbox%26settings%3DeyJpZCI6MjAxNCwidXJsIjoiaHR0cHM6XC9cL3doZWVsY2hhaXItdG91cnMub3JnXC93cC1jb250ZW50XC91cGxvYWRzXC8yMDE5XC8wOFwvTGFuZGthcnRlX1NcdTAwZmNkdGlyb2xfREUucG5nIn0%3D\">\n\t\t\t\t\t\t\t<img loading=\"lazy\" decoding=\"async\" width=\"3840\" height=\"2160\" src=\"https:\/\/wheelchair-tours.org\/wp-content\/uploads\/2019\/08\/Landkarte_S\u00fcdtirol_DE.png\" class=\"attachment-full size-full wp-image-2014\" alt=\"Die Regionen S\u00fcdtirols\" srcset=\"https:\/\/wheelchair-tours.org\/wp-content\/uploads\/2019\/08\/Landkarte_S\u00fcdtirol_DE.png 3840w, https:\/\/wheelchair-tours.org\/wp-content\/uploads\/2019\/08\/Landkarte_S\u00fcdtirol_DE-300x169.png 300w, https:\/\/wheelchair-tours.org\/wp-content\/uploads\/2019\/08\/Landkarte_S\u00fcdtirol_DE-768x432.png 768w, https:\/\/wheelchair-tours.org\/wp-content\/uploads\/2019\/08\/Landkarte_S\u00fcdtirol_DE-1024x576.png 1024w\" sizes=\"auto, (max-width: 3840px) 100vw, 3840px\" \/>\t\t\t\t\t\t\t\t<\/a>\n\t\t\t\t\t\t\t\t\t\t\t\t\t\t\t<\/div>\n\t\t\t\t<\/div>\n\t\t\t\t\t<\/div>\n\t\t<\/div>\n\t\t\t\t<div class=\"has_eae_slider elementor-column elementor-col-25 elementor-top-column elementor-element elementor-element-a33daf6\" data-eae-slider=\"21268\" data-id=\"a33daf6\" data-element_type=\"column\">\n\t\t\t<div class=\"elementor-widget-wrap\">\n\t\t\t\t\t\t\t\t\t<\/div>\n\t\t<\/div>\n\t\t\t\t\t\t\t<\/div>\n\t\t<\/section>\n\t\t\t\t<section class=\"has_eae_slider elementor-section elementor-top-section elementor-element elementor-element-2d48d7a elementor-section-boxed elementor-section-height-default elementor-section-height-default\" data-eae-slider=\"81835\" data-id=\"2d48d7a\" data-element_type=\"section\">\n\t\t\t\t\t\t<div class=\"elementor-container elementor-column-gap-default\">\n\t\t\t\t\t<div class=\"has_eae_slider elementor-column elementor-col-33 elementor-top-column elementor-element elementor-element-7f34f6a\" data-eae-slider=\"50980\" data-id=\"7f34f6a\" data-element_type=\"column\">\n\t\t\t<div class=\"elementor-widget-wrap elementor-element-populated\">\n\t\t\t\t\t\t\t\t<div class=\"elementor-element elementor-element-c85f940 elementor-position-top elementor-widget elementor-widget-image-box\" data-id=\"c85f940\" data-element_type=\"widget\" data-widget_type=\"image-box.default\">\n\t\t\t\t<div class=\"elementor-widget-container\">\n\t\t\t<div class=\"elementor-image-box-wrapper\"><figure class=\"elementor-image-box-img\"><img loading=\"lazy\" decoding=\"async\" width=\"640\" height=\"400\" src=\"https:\/\/wheelchair-tours.org\/wp-content\/uploads\/2019\/07\/Wheelchair-Tours-Rollstuhl-Jenesien-Auslick-Jenesien-Fremdbild-pixabay.jpg\" class=\"elementor-animation-grow attachment-full size-full wp-image-1547\" alt=\"Wheelchair-Tours-Rollstuhl-Jenesien-Auslick-Jenesien-Fremdbild-pixabay\" srcset=\"https:\/\/wheelchair-tours.org\/wp-content\/uploads\/2019\/07\/Wheelchair-Tours-Rollstuhl-Jenesien-Auslick-Jenesien-Fremdbild-pixabay.jpg 640w, https:\/\/wheelchair-tours.org\/wp-content\/uploads\/2019\/07\/Wheelchair-Tours-Rollstuhl-Jenesien-Auslick-Jenesien-Fremdbild-pixabay-300x188.jpg 300w\" sizes=\"auto, (max-width: 640px) 100vw, 640px\" \/><\/figure><div class=\"elementor-image-box-content\"><h3 class=\"elementor-image-box-title\">Dolomites<\/h3><p class=\"elementor-image-box-description\">The Dolomites are South Tyrol's touristic \"heartland\". Here you can find the most famous mountains from the Three Peaks to the Sella.\nThe most famous ski resorts are also located here - including Kronplatz, the ski slopes in Val Gardena and Alta Badia.<\/p><\/div><\/div>\t\t<\/div>\n\t\t\t\t<\/div>\n\t\t\t\t<div class=\"elementor-element elementor-element-c4aaf58 elementor-widget elementor-widget-spacer\" data-id=\"c4aaf58\" data-element_type=\"widget\" data-widget_type=\"spacer.default\">\n\t\t\t\t<div class=\"elementor-widget-container\">\n\t\t\t\t\t<div class=\"elementor-spacer\">\n\t\t\t<div class=\"elementor-spacer-inner\"><\/div>\n\t\t<\/div>\n\t\t\t\t<\/div>\n\t\t\t\t<\/div>\n\t\t\t\t<div class=\"elementor-element elementor-element-93f0073 elementor-position-top elementor-widget elementor-widget-image-box\" data-id=\"93f0073\" data-element_type=\"widget\" data-widget_type=\"image-box.default\">\n\t\t\t\t<div class=\"elementor-widget-container\">\n\t\t\t<div class=\"elementor-image-box-wrapper\"><figure class=\"elementor-image-box-img\"><img loading=\"lazy\" decoding=\"async\" width=\"640\" height=\"400\" src=\"https:\/\/wheelchair-tours.org\/wp-content\/uploads\/2019\/10\/Wheelchair-Tours-Rollstuhl-Trautmanndorf-Ausblick-Meran.jpg\" class=\"elementor-animation-grow attachment-full size-full wp-image-2268\" alt=\"Wheelchair-Tours-Rollstuhl-Trautmanndorf-Ausblick-Meran\" srcset=\"https:\/\/wheelchair-tours.org\/wp-content\/uploads\/2019\/10\/Wheelchair-Tours-Rollstuhl-Trautmanndorf-Ausblick-Meran.jpg 640w, https:\/\/wheelchair-tours.org\/wp-content\/uploads\/2019\/10\/Wheelchair-Tours-Rollstuhl-Trautmanndorf-Ausblick-Meran-300x188.jpg 300w\" sizes=\"auto, (max-width: 640px) 100vw, 640px\" \/><\/figure><div class=\"elementor-image-box-content\"><h3 class=\"elementor-image-box-title\">Merano &amp; surrounding area<\/h3><p class=\"elementor-image-box-description\">If you're looking for the essence of South Tyrol, you'll probably find it here: From the Mediterranean vegetation in the fashionable spa town of Merano to the vineyards of the Adige Valley, from the unspoilt nature of the Passeier and Ulten Valleys to the peaks of the Texel Group Nature Park, Merano is an incredibly varied holiday paradise.<\/p><\/div><\/div>\t\t<\/div>\n\t\t\t\t<\/div>\n\t\t\t\t\t<\/div>\n\t\t<\/div>\n\t\t\t\t<div class=\"has_eae_slider elementor-column elementor-col-33 elementor-top-column elementor-element elementor-element-204f96e\" data-eae-slider=\"10396\" data-id=\"204f96e\" data-element_type=\"column\">\n\t\t\t<div class=\"elementor-widget-wrap elementor-element-populated\">\n\t\t\t\t\t\t\t\t<div class=\"elementor-element elementor-element-b569540 elementor-position-top elementor-widget elementor-widget-image-box\" data-id=\"b569540\" data-element_type=\"widget\" data-widget_type=\"image-box.default\">\n\t\t\t\t<div class=\"elementor-widget-container\">\n\t\t\t<div class=\"elementor-image-box-wrapper\"><figure class=\"elementor-image-box-img\"><img loading=\"lazy\" decoding=\"async\" width=\"640\" height=\"400\" src=\"https:\/\/wheelchair-tours.org\/wp-content\/uploads\/2019\/10\/Wheelchair-Tours-Rollstuhl-Trudner-Horn-Ausblick-Unterland.jpg\" class=\"elementor-animation-grow attachment-full size-full wp-image-2267\" alt=\"In S\u00fcdtirols S\u00fcden weitet sich das Etschtal, die Landschaft wird sanfter und ist gepr\u00e4gt vom Wein- und Obstbau. Dazwischen wachsen und bl\u00fchen Palmen, Zypressen und Zitruspflanzen \u2013 wie in einem riesigen Garten.\" srcset=\"https:\/\/wheelchair-tours.org\/wp-content\/uploads\/2019\/10\/Wheelchair-Tours-Rollstuhl-Trudner-Horn-Ausblick-Unterland.jpg 640w, https:\/\/wheelchair-tours.org\/wp-content\/uploads\/2019\/10\/Wheelchair-Tours-Rollstuhl-Trudner-Horn-Ausblick-Unterland-300x188.jpg 300w\" sizes=\"auto, (max-width: 640px) 100vw, 640px\" \/><\/figure><div class=\"elementor-image-box-content\"><h3 class=\"elementor-image-box-title\">Bassa Atesina<\/h3><p class=\"elementor-image-box-description\">In the south of South Tyrol, the Adige river valley widens, and the landscape becomes gentler, characterized by vineyards and orchards. Palm trees, cypress and citrus trees  grow and blossom there too, like in a huge garden.<\/p><\/div><\/div>\t\t<\/div>\n\t\t\t\t<\/div>\n\t\t\t\t<div class=\"elementor-element elementor-element-a0b2266 elementor-widget elementor-widget-spacer\" data-id=\"a0b2266\" data-element_type=\"widget\" data-widget_type=\"spacer.default\">\n\t\t\t\t<div class=\"elementor-widget-container\">\n\t\t\t\t\t<div class=\"elementor-spacer\">\n\t\t\t<div class=\"elementor-spacer-inner\"><\/div>\n\t\t<\/div>\n\t\t\t\t<\/div>\n\t\t\t\t<\/div>\n\t\t\t\t<div class=\"elementor-element elementor-element-5e11269 elementor-position-top elementor-widget elementor-widget-image-box\" data-id=\"5e11269\" data-element_type=\"widget\" data-widget_type=\"image-box.default\">\n\t\t\t\t<div class=\"elementor-widget-container\">\n\t\t\t<div class=\"elementor-image-box-wrapper\"><figure class=\"elementor-image-box-img\"><img loading=\"lazy\" decoding=\"async\" width=\"640\" height=\"400\" src=\"https:\/\/wheelchair-tours.org\/wp-content\/uploads\/2019\/10\/Wheelchair-Tours-Rollstuhl-Radlausflug-Toblach-Lienz-Zwischenstation.jpg\" class=\"elementor-animation-grow attachment-full size-full wp-image-2270\" alt=\"Wheelchair-Tours-Rollstuhl-Radlausflug-Toblach-Lienz-Zwischenstation\" srcset=\"https:\/\/wheelchair-tours.org\/wp-content\/uploads\/2019\/10\/Wheelchair-Tours-Rollstuhl-Radlausflug-Toblach-Lienz-Zwischenstation.jpg 640w, https:\/\/wheelchair-tours.org\/wp-content\/uploads\/2019\/10\/Wheelchair-Tours-Rollstuhl-Radlausflug-Toblach-Lienz-Zwischenstation-300x188.jpg 300w\" sizes=\"auto, (max-width: 640px) 100vw, 640px\" \/><\/figure><div class=\"elementor-image-box-content\"><h3 class=\"elementor-image-box-title\">Valle Aurina &amp; Val Pusteria<\/h3><p class=\"elementor-image-box-description\">In a sunny mountain valley, the sunny southern slopes of the Zillertal Alps on one side, the Durreck and Riesenferner group on the other, lies the Tauferer Ahrntal (Val Aurina). Here you can look forward to picturesque Alpine pastures and imposing peaks, idyllic mountain villages and pure relaxation in the northernmost part of Italy! Holidays in Val Pusteria - in the middle of the UNESCO World Heritage Site of the Dolomites - promise fun and relaxation for the whole family. Here cultural wealth and unique natural beauty are combined to create an incomparable experience.<\/p><\/div><\/div>\t\t<\/div>\n\t\t\t\t<\/div>\n\t\t\t\t<div class=\"elementor-element elementor-element-1b4fc5c elementor-position-top elementor-widget elementor-widget-image-box\" data-id=\"1b4fc5c\" data-element_type=\"widget\" data-widget_type=\"image-box.default\">\n\t\t\t\t<div class=\"elementor-widget-container\">\n\t\t\t<div class=\"elementor-image-box-wrapper\"><figure class=\"elementor-image-box-img\"><img decoding=\"async\" src=\"https:\/\/wheelchair-tours.org\/wp-content\/uploads\/elementor\/thumbs\/Wheelchair-Tours-Rollstuhl-Eisacktal-Schnaggenkreuz-Ausblick-Eisacktal_Tourenseite-re5xd7fpfg9gxstbela4ljsqnq5hqzr1oe3bxgjq8w.jpg\" title=\"Wheelchair-Tours-Wheelchair-Eisacktal-Schnaggenkreuz-Outlook-Eisacktal_Tourpage\" alt=\"Wheelchair-Tours-Rollstuhl-Eisacktal-Schnaggenkreuz-Ausblick-Eisacktal_Tourenseite\" class=\"elementor-animation-grow\" loading=\"lazy\" \/><\/figure><div class=\"elementor-image-box-content\"><h3 class=\"elementor-image-box-title\">Alta Valle Isarco &amp; Valle Isarco<\/h3><p class=\"elementor-image-box-description\">Head south, cross the Brenner Pass and you have reached your destination! Where the Valley of the river Isarco opens into a wide basin lies the town of Vipitieno, one of the most beautiful towns in South Tyrol. Both large and small villages of the Isarco Valley are popular starting points for hikes and mountain tours in the South Tyrolean Alps. <\/p><\/div><\/div>\t\t<\/div>\n\t\t\t\t<\/div>\n\t\t\t\t\t<\/div>\n\t\t<\/div>\n\t\t\t\t<div class=\"has_eae_slider elementor-column elementor-col-33 elementor-top-column elementor-element elementor-element-7e2be07\" data-eae-slider=\"72654\" data-id=\"7e2be07\" data-element_type=\"column\">\n\t\t\t<div class=\"elementor-widget-wrap elementor-element-populated\">\n\t\t\t\t\t\t\t\t<div class=\"elementor-element elementor-element-053eb4c elementor-position-top elementor-widget elementor-widget-image-box\" data-id=\"053eb4c\" data-element_type=\"widget\" data-widget_type=\"image-box.default\">\n\t\t\t\t<div class=\"elementor-widget-container\">\n\t\t\t<div class=\"elementor-image-box-wrapper\"><figure class=\"elementor-image-box-img\"><img loading=\"lazy\" decoding=\"async\" width=\"640\" height=\"400\" src=\"https:\/\/wheelchair-tours.org\/wp-content\/uploads\/2019\/10\/Wheelchair-Tours-Rollstuhl-Vinschgau-Ausblick-Reschensee.jpg\" class=\"elementor-animation-grow attachment-full size-full wp-image-2269\" alt=\"Wheelchair-Tours-Rollstuhl-Vinschgau-Ausblick-Reschensee\" srcset=\"https:\/\/wheelchair-tours.org\/wp-content\/uploads\/2019\/10\/Wheelchair-Tours-Rollstuhl-Vinschgau-Ausblick-Reschensee.jpg 640w, https:\/\/wheelchair-tours.org\/wp-content\/uploads\/2019\/10\/Wheelchair-Tours-Rollstuhl-Vinschgau-Ausblick-Reschensee-300x188.jpg 300w\" sizes=\"auto, (max-width: 640px) 100vw, 640px\" \/><\/figure><div class=\"elementor-image-box-content\"><h3 class=\"elementor-image-box-title\">Val Venosta<\/h3><p class=\"elementor-image-box-description\">The charming Vinschgau region (Val Venosta) lies between the Reschen Pass, where the main Alpine ridge is broken, and the Merano region, nestled between the \u00d6tztal Alps in the north and the Ortles Group in the south. Dreamy villages, lush forests and the snow-capped peaks in the background will make your heart beat faster.<\/p><\/div><\/div>\t\t<\/div>\n\t\t\t\t<\/div>\n\t\t\t\t<div class=\"elementor-element elementor-element-34c3329 elementor-position-top elementor-widget elementor-widget-image-box\" data-id=\"34c3329\" data-element_type=\"widget\" data-widget_type=\"image-box.default\">\n\t\t\t\t<div class=\"elementor-widget-container\">\n\t\t\t<div class=\"elementor-image-box-wrapper\"><figure class=\"elementor-image-box-img\"><img decoding=\"async\" src=\"https:\/\/wheelchair-tours.org\/wp-content\/uploads\/elementor\/thumbs\/Wheelchair-Tours-Rollstuhl-Walter-Promenade-Aussicht-Aussichtspunkt-re5xd7fpfg9gxstbela4ljsqnq5hqzr1oe3bxgjq8w.jpg\" title=\"Wheelchair-Tours-Wheelchair-Walter-Promenade-Viewpoint\" alt=\"Wheelchair-Tours-Rollstuhl-Walter-Promenade-Aussicht-Aussichtspunkt.\" class=\"elementor-animation-grow\" loading=\"lazy\" \/><\/figure><div class=\"elementor-image-box-content\"><h3 class=\"elementor-image-box-title\">Bolzano &amp; surrounding area<\/h3><p class=\"elementor-image-box-description\">The economic, political and cultural centre of the region is the provincial capital Bolzano. The old,  heritage town  is characterized by great cultural diversity. Tyrolean cosiness meets Mediterranean lust for life  and the lightness of the south. In the famous arcades,  at the fruit market or on Waltherplatz - life is pulsating everywhere. Numerous theatres, museums and galleries provide a wide cultural offering with something for everyone.<\/p><\/div><\/div>\t\t<\/div>\n\t\t\t\t<\/div>\n\t\t\t\t\t<\/div>\n\t\t<\/div>\n\t\t\t\t\t\t\t<\/div>\n\t\t<\/section>\n\t\t\t\t<section class=\"has_eae_slider elementor-section elementor-top-section elementor-element elementor-element-3ddb134 elementor-section-height-min-height elementor-section-boxed elementor-section-height-default elementor-section-items-middle\" data-eae-slider=\"32557\" data-id=\"3ddb134\" data-element_type=\"section\" data-settings=\"{&quot;background_background&quot;:&quot;classic&quot;,&quot;shape_divider_top&quot;:&quot;wave-brush&quot;}\" data-e-bg-lazyload=\"\">\n\t\t\t\t\t<div class=\"elementor-shape elementor-shape-top\" data-negative=\"false\">\n\t\t\t<svg xmlns=\"http:\/\/www.w3.org\/2000\/svg\" viewbox=\"0 0 283.5 27.8\" preserveaspectratio=\"none\">\n\t<path class=\"elementor-shape-fill\" d=\"M283.5,9.7c0,0-7.3,4.3-14,4.6c-6.8,0.3-12.6,0-20.9-1.5c-11.3-2-33.1-10.1-44.7-5.7\ts-12.1,4.6-18,7.4c-6.6,3.2-20,9.6-36.6,9.3C131.6,23.5,99.5,7.2,86.3,8c-1.4,0.1-6.6,0.8-10.5,2c-3.8,1.2-9.4,3.8-17,4.7\tc-3.2,0.4-8.3,1.1-14.2,0.9c-1.5-0.1-6.3-0.4-12-1.6c-5.7-1.2-11-3.1-15.8-3.7C6.5,9.2,0,10.8,0,10.8V0h283.5V9.7z M260.8,11.3\tc-0.7-1-2-0.4-4.3-0.4c-2.3,0-6.1-1.2-5.8-1.1c0.3,0.1,3.1,1.5,6,1.9C259.7,12.2,261.4,12.3,260.8,11.3z M242.4,8.6\tc0,0-2.4-0.2-5.6-0.9c-3.2-0.8-10.3-2.8-15.1-3.5c-8.2-1.1-15.8,0-15.1,0.1c0.8,0.1,9.6-0.6,17.6,1.1c3.3,0.7,9.3,2.2,12.4,2.7\tC239.9,8.7,242.4,8.6,242.4,8.6z M185.2,8.5c1.7-0.7-13.3,4.7-18.5,6.1c-2.1,0.6-6.2,1.6-10,2c-3.9,0.4-8.9,0.4-8.8,0.5\tc0,0.2,5.8,0.8,11.2,0c5.4-0.8,5.2-1.1,7.6-1.6C170.5,14.7,183.5,9.2,185.2,8.5z M199.1,6.9c0.2,0-0.8-0.4-4.8,1.1\tc-4,1.5-6.7,3.5-6.9,3.7c-0.2,0.1,3.5-1.8,6.6-3C197,7.5,199,6.9,199.1,6.9z M283,6c-0.1,0.1-1.9,1.1-4.8,2.5s-6.9,2.8-6.7,2.7\tc0.2,0,3.5-0.6,7.4-2.5C282.8,6.8,283.1,5.9,283,6z M31.3,11.6c0.1-0.2-1.9-0.2-4.5-1.2s-5.4-1.6-7.8-2C15,7.6,7.3,8.5,7.7,8.6\tC8,8.7,15.9,8.3,20.2,9.3c2.2,0.5,2.4,0.5,5.7,1.6S31.2,11.9,31.3,11.6z M73,9.2c0.4-0.1,3.5-1.6,8.4-2.6c4.9-1.1,8.9-0.5,8.9-0.8\tc0-0.3-1-0.9-6.2-0.3S72.6,9.3,73,9.2z M71.6,6.7C71.8,6.8,75,5.4,77.3,5c2.3-0.3,1.9-0.5,1.9-0.6c0-0.1-1.1-0.2-2.7,0.2\tC74.8,5.1,71.4,6.6,71.6,6.7z M93.6,4.4c0.1,0.2,3.5,0.8,5.6,1.8c2.1,1,1.8,0.6,1.9,0.5c0.1-0.1-0.8-0.8-2.4-1.3\tC97.1,4.8,93.5,4.2,93.6,4.4z M65.4,11.1c-0.1,0.3,0.3,0.5,1.9-0.2s2.6-1.3,2.2-1.2s-0.9,0.4-2.5,0.8C65.3,10.9,65.5,10.8,65.4,11.1\tz M34.5,12.4c-0.2,0,2.1,0.8,3.3,0.9c1.2,0.1,2,0.1,2-0.2c0-0.3-0.1-0.5-1.6-0.4C36.6,12.8,34.7,12.4,34.5,12.4z M152.2,21.1\tc-0.1,0.1-2.4-0.3-7.5-0.3c-5,0-13.6-2.4-17.2-3.5c-3.6-1.1,10,3.9,16.5,4.1C150.5,21.6,152.3,21,152.2,21.1z\"\/>\n\t<path class=\"elementor-shape-fill\" d=\"M269.6,18c-0.1-0.1-4.6,0.3-7.2,0c-7.3-0.7-17-3.2-16.6-2.9c0.4,0.3,13.7,3.1,17,3.3\tC267.7,18.8,269.7,18,269.6,18z\"\/>\n\t<path class=\"elementor-shape-fill\" d=\"M227.4,9.8c-0.2-0.1-4.5-1-9.5-1.2c-5-0.2-12.7,0.6-12.3,0.5c0.3-0.1,5.9-1.8,13.3-1.2\tS227.6,9.9,227.4,9.8z\"\/>\n\t<path class=\"elementor-shape-fill\" d=\"M204.5,13.4c-0.1-0.1,2-1,3.2-1.1c1.2-0.1,2,0,2,0.3c0,0.3-0.1,0.5-1.6,0.4\tC206.4,12.9,204.6,13.5,204.5,13.4z\"\/>\n\t<path class=\"elementor-shape-fill\" d=\"M201,10.6c0-0.1-4.4,1.2-6.3,2.2c-1.9,0.9-6.2,3.1-6.1,3.1c0.1,0.1,4.2-1.6,6.3-2.6\tS201,10.7,201,10.6z\"\/>\n\t<path class=\"elementor-shape-fill\" d=\"M154.5,26.7c-0.1-0.1-4.6,0.3-7.2,0c-7.3-0.7-17-3.2-16.6-2.9c0.4,0.3,13.7,3.1,17,3.3\tC152.6,27.5,154.6,26.8,154.5,26.7z\"\/>\n\t<path class=\"elementor-shape-fill\" d=\"M41.9,19.3c0,0,1.2-0.3,2.9-0.1c1.7,0.2,5.8,0.9,8.2,0.7c4.2-0.4,7.4-2.7,7-2.6\tc-0.4,0-4.3,2.2-8.6,1.9c-1.8-0.1-5.1-0.5-6.7-0.4S41.9,19.3,41.9,19.3z\"\/>\n\t<path class=\"elementor-shape-fill\" d=\"M75.5,12.6c0.2,0.1,2-0.8,4.3-1.1c2.3-0.2,2.1-0.3,2.1-0.5c0-0.1-1.8-0.4-3.4,0\tC76.9,11.5,75.3,12.5,75.5,12.6z\"\/>\n\t<path class=\"elementor-shape-fill\" d=\"M15.6,13.2c0-0.1,4.3,0,6.7,0.5c2.4,0.5,5,1.9,5,2c0,0.1-2.7-0.8-5.1-1.4\tC19.9,13.7,15.7,13.3,15.6,13.2z\"\/>\n<\/svg>\t\t<\/div>\n\t\t\t\t\t<div class=\"elementor-container elementor-column-gap-default\">\n\t\t\t\t\t<div class=\"has_eae_slider elementor-column elementor-col-100 elementor-top-column elementor-element elementor-element-5c769f3\" data-eae-slider=\"60093\" data-id=\"5c769f3\" data-element_type=\"column\">\n\t\t\t<div class=\"elementor-widget-wrap\">\n\t\t\t\t\t\t\t\t\t<\/div>\n\t\t<\/div>\n\t\t\t\t\t\t\t<\/div>\n\t\t<\/section>\n\t\t\t\t\t\t\t<\/div>","protected":false},"excerpt":{"rendered":"<p>Tours Wheelchair Tours THE REGIONS OF SOUTH TYROL Here you will find a short overview of the regions of South Tyrol, which we also refer to in our tour overview.  TOURS Dolomites The Dolomites are South Tyrol's tourist \"heartland\". Here you will find the most famous mountains from the Three Peaks to the Sella. The most famous ski resorts are also located here - ...<\/p>\n<p class=\"read-more\"> <a class=\"\" href=\"https:\/\/wheelchair-tours.org\/en\/die-regionen-suedtirols\/\"> <span class=\"screen-reader-text\">The regions of South Tyrol<\/span> Read More \"<\/a><\/p>","protected":false},"author":1,"featured_media":0,"parent":0,"menu_order":0,"comment_status":"closed","ping_status":"closed","template":"","meta":{"_uag_custom_page_level_css":"","site-sidebar-layout":"no-sidebar","site-content-layout":"page-builder","ast-site-content-layout":"","site-content-style":"default","site-sidebar-style":"default","ast-global-header-display":"","ast-banner-title-visibility":"","ast-main-header-display":"","ast-hfb-above-header-display":"","ast-hfb-below-header-display":"","ast-hfb-mobile-header-display":"","site-post-title":"disabled","ast-breadcrumbs-content":"","ast-featured-img":"disabled","footer-sml-layout":"","theme-transparent-header-meta":"default","adv-header-id-meta":"","stick-header-meta":"","header-above-stick-meta":"","header-main-stick-meta":"","header-below-stick-meta":"","astra-migrate-meta-layouts":"","footnotes":""},"class_list":["post-6453","page","type-page","status-publish","hentry"],"uagb_featured_image_src":{"full":false,"thumbnail":false,"medium":false,"medium_large":false,"large":false,"1536x1536":false,"2048x2048":false,"trp-custom-language-flag":false},"uagb_author_info":{"display_name":"Sabrina","author_link":"https:\/\/wheelchair-tours.org\/en\/author\/sabrina\/"},"uagb_comment_info":0,"uagb_excerpt":"Touren Wheelchair Tours DIE REGIONEN S\u00dcDTIROLS Hier findest du eine kurze \u00dcbersicht \u00fcber die Regionen S\u00fcdtirols, auf die wir uns in unserer Touren\u00fcbersicht ebenfalls beziehen.\u00a0 TOUREN Dolomiten Die Dolomiten sind S\u00fcdtirols touristisches \u201eKernland\u201c. Hier sind die ber\u00fchmtesten Berge von den Drei Zinnen bis zum Sella zu finden. Ebenso befinden sich hier die bekanntesten Skigebiete &#8211;&hellip;","_links":{"self":[{"href":"https:\/\/wheelchair-tours.org\/en\/wp-json\/wp\/v2\/pages\/6453","targetHints":{"allow":["GET"]}}],"collection":[{"href":"https:\/\/wheelchair-tours.org\/en\/wp-json\/wp\/v2\/pages"}],"about":[{"href":"https:\/\/wheelchair-tours.org\/en\/wp-json\/wp\/v2\/types\/page"}],"author":[{"embeddable":true,"href":"https:\/\/wheelchair-tours.org\/en\/wp-json\/wp\/v2\/users\/1"}],"replies":[{"embeddable":true,"href":"https:\/\/wheelchair-tours.org\/en\/wp-json\/wp\/v2\/comments?post=6453"}],"version-history":[{"count":10,"href":"https:\/\/wheelchair-tours.org\/en\/wp-json\/wp\/v2\/pages\/6453\/revisions"}],"predecessor-version":[{"id":6465,"href":"https:\/\/wheelchair-tours.org\/en\/wp-json\/wp\/v2\/pages\/6453\/revisions\/6465"}],"wp:attachment":[{"href":"https:\/\/wheelchair-tours.org\/en\/wp-json\/wp\/v2\/media?parent=6453"}],"curies":[{"name":"wp","href":"https:\/\/api.w.org\/{rel}","templated":true}]}}