{"id":2753,"date":"2019-10-31T17:29:57","date_gmt":"2019-10-31T16:29:57","guid":{"rendered":"https:\/\/wheelchair-tours.org\/?page_id=2753"},"modified":"2019-11-01T16:16:00","modified_gmt":"2019-11-01T15:16:00","slug":"social-media","status":"publish","type":"page","link":"https:\/\/wheelchair-tours.org\/en\/social-media\/","title":{"rendered":"social media"},"content":{"rendered":"<div data-elementor-type=\"wp-page\" data-elementor-id=\"2753\" class=\"elementor elementor-2753\">\n\t\t\t\t\t\t\t\t\t<section class=\"has_eae_slider elementor-section elementor-top-section elementor-element elementor-element-6957f37 elementor-section-full_width elementor-section-height-default elementor-section-height-default\" data-eae-slider=\"93214\" data-id=\"6957f37\" data-element_type=\"section\">\n\t\t\t\t\t\t<div class=\"elementor-container elementor-column-gap-default\">\n\t\t\t\t\t<div class=\"has_eae_slider elementor-column elementor-col-100 elementor-top-column elementor-element elementor-element-3883c89\" data-eae-slider=\"79457\" data-id=\"3883c89\" data-element_type=\"column\">\n\t\t\t<div class=\"elementor-widget-wrap elementor-element-populated\">\n\t\t\t\t\t\t\t\t<div class=\"elementor-element elementor-element-46deb8c elementor-widget elementor-widget-template\" data-id=\"46deb8c\" data-element_type=\"widget\" data-widget_type=\"template.default\">\n\t\t\t\t<div class=\"elementor-widget-container\">\n\t\t\t\t\t<div class=\"elementor-template\">\n\t\t\t\t\t<div data-elementor-type=\"archive\" data-elementor-id=\"2769\" class=\"elementor elementor-2769\">\n\t\t<div class=\"elementor-section-wrap\">\n\t\t\t\t\t<section class=\"has_eae_slider elementor-section elementor-top-section elementor-element elementor-element-3128475a elementor-section-height-min-height elementor-section-full_width elementor-section-stretched elementor-section-height-default elementor-section-items-middle\" data-eae-slider=\"17401\" data-id=\"3128475a\" data-element_type=\"section\" data-settings=\"{&quot;background_background&quot;:&quot;classic&quot;,&quot;stretch_section&quot;:&quot;section-stretched&quot;}\" data-e-bg-lazyload=\"\">\n\t\t\t\t\t\t\t<div class=\"elementor-background-overlay\"><\/div>\n\t\t\t\t\t\t\t<div class=\"elementor-container elementor-column-gap-default\">\n\t\t\t\t\t<div class=\"has_eae_slider elementor-column elementor-col-25 elementor-top-column elementor-element elementor-element-6fba83f3\" data-eae-slider=\"19413\" data-id=\"6fba83f3\" data-element_type=\"column\">\n\t\t\t<div class=\"elementor-widget-wrap\">\n\t\t\t\t\t\t\t\t\t<\/div>\n\t\t<\/div>\n\t\t\t\t<div class=\"has_eae_slider elementor-column elementor-col-50 elementor-top-column elementor-element elementor-element-4bf6ee0c\" data-eae-slider=\"14857\" data-id=\"4bf6ee0c\" data-element_type=\"column\">\n\t\t\t<div class=\"elementor-widget-wrap elementor-element-populated\">\n\t\t\t\t\t\t\t\t<div class=\"elementor-element elementor-element-70fdbe34 elementor-widget elementor-widget-heading\" data-id=\"70fdbe34\" data-element_type=\"widget\" data-widget_type=\"heading.default\">\n\t\t\t\t<div class=\"elementor-widget-container\">\n\t\t\t<h2 class=\"elementor-heading-title elementor-size-default\">social media<\/h2>\t\t<\/div>\n\t\t\t\t<\/div>\n\t\t\t\t\t<\/div>\n\t\t<\/div>\n\t\t\t\t<div class=\"has_eae_slider elementor-column elementor-col-25 elementor-top-column elementor-element elementor-element-64432b15\" data-eae-slider=\"32804\" data-id=\"64432b15\" data-element_type=\"column\">\n\t\t\t<div class=\"elementor-widget-wrap\">\n\t\t\t\t\t\t\t\t\t<\/div>\n\t\t<\/div>\n\t\t\t\t\t\t\t<\/div>\n\t\t<\/section>\n\t\t\t\t<section class=\"has_eae_slider elementor-section elementor-top-section elementor-element elementor-element-7cb48d6d elementor-section-stretched elementor-section-full_width elementor-section-height-default elementor-section-height-default\" data-eae-slider=\"93794\" data-id=\"7cb48d6d\" data-element_type=\"section\" data-settings=\"{&quot;background_background&quot;:&quot;classic&quot;,&quot;shape_divider_top&quot;:&quot;mountains&quot;,&quot;shape_divider_bottom&quot;:&quot;mountains&quot;,&quot;stretch_section&quot;:&quot;section-stretched&quot;}\">\n\t\t\t\t\t<div class=\"elementor-shape elementor-shape-top\" data-negative=\"false\">\n\t\t\t<svg xmlns=\"http:\/\/www.w3.org\/2000\/svg\" viewbox=\"0 0 1000 100\" preserveaspectratio=\"none\">\n\t<path class=\"elementor-shape-fill\" opacity=\"0.33\" d=\"M473,67.3c-203.9,88.3-263.1-34-320.3,0C66,119.1,0,59.7,0,59.7V0h1000v59.7 c0,0-62.1,26.1-94.9,29.3c-32.8,3.3-62.8-12.3-75.8-22.1C806,49.6,745.3,8.7,694.9,4.7S492.4,59,473,67.3z\"\/>\n\t<path class=\"elementor-shape-fill\" opacity=\"0.66\" d=\"M734,67.3c-45.5,0-77.2-23.2-129.1-39.1c-28.6-8.7-150.3-10.1-254,39.1 s-91.7-34.4-149.2,0C115.7,118.3,0,39.8,0,39.8V0h1000v36.5c0,0-28.2-18.5-92.1-18.5C810.2,18.1,775.7,67.3,734,67.3z\"\/>\n\t<path class=\"elementor-shape-fill\" d=\"M766.1,28.9c-200-57.5-266,65.5-395.1,19.5C242,1.8,242,5.4,184.8,20.6C128,35.8,132.3,44.9,89.9,52.5C28.6,63.7,0,0,0,0 h1000c0,0-9.9,40.9-83.6,48.1S829.6,47,766.1,28.9z\"\/>\n<\/svg>\t\t<\/div>\n\t\t\t\t<div class=\"elementor-shape elementor-shape-bottom\" data-negative=\"false\">\n\t\t\t<svg xmlns=\"http:\/\/www.w3.org\/2000\/svg\" viewbox=\"0 0 1000 100\" preserveaspectratio=\"none\">\n\t<path class=\"elementor-shape-fill\" opacity=\"0.33\" d=\"M473,67.3c-203.9,88.3-263.1-34-320.3,0C66,119.1,0,59.7,0,59.7V0h1000v59.7 c0,0-62.1,26.1-94.9,29.3c-32.8,3.3-62.8-12.3-75.8-22.1C806,49.6,745.3,8.7,694.9,4.7S492.4,59,473,67.3z\"\/>\n\t<path class=\"elementor-shape-fill\" opacity=\"0.66\" d=\"M734,67.3c-45.5,0-77.2-23.2-129.1-39.1c-28.6-8.7-150.3-10.1-254,39.1 s-91.7-34.4-149.2,0C115.7,118.3,0,39.8,0,39.8V0h1000v36.5c0,0-28.2-18.5-92.1-18.5C810.2,18.1,775.7,67.3,734,67.3z\"\/>\n\t<path class=\"elementor-shape-fill\" d=\"M766.1,28.9c-200-57.5-266,65.5-395.1,19.5C242,1.8,242,5.4,184.8,20.6C128,35.8,132.3,44.9,89.9,52.5C28.6,63.7,0,0,0,0 h1000c0,0-9.9,40.9-83.6,48.1S829.6,47,766.1,28.9z\"\/>\n<\/svg>\t\t<\/div>\n\t\t\t\t\t<div class=\"elementor-container elementor-column-gap-default\">\n\t\t\t\t\t<div class=\"has_eae_slider elementor-column elementor-col-25 elementor-top-column elementor-element elementor-element-6a47529a\" data-eae-slider=\"81034\" data-id=\"6a47529a\" data-element_type=\"column\">\n\t\t\t<div class=\"elementor-widget-wrap\">\n\t\t\t\t\t\t\t\t\t<\/div>\n\t\t<\/div>\n\t\t\t\t<div class=\"has_eae_slider elementor-column elementor-col-50 elementor-top-column elementor-element elementor-element-24404a5\" data-eae-slider=\"99924\" data-id=\"24404a5\" data-element_type=\"column\">\n\t\t\t<div class=\"elementor-widget-wrap elementor-element-populated\">\n\t\t\t\t\t\t\t\t<div class=\"elementor-element elementor-element-2cac7c97 elementor-blockquote--skin-quotation elementor-blockquote--align-center elementor-blockquote--button-color-official elementor-widget elementor-widget-blockquote\" data-id=\"2cac7c97\" data-element_type=\"widget\" data-widget_type=\"blockquote.default\">\n\t\t\t\t<div class=\"elementor-widget-container\">\n\t\t\t\t\t<blockquote class=\"elementor-blockquote\">\n\t\t\t<p class=\"elementor-blockquote__content\">\n\t\t\t\tWe love content.\t\t\t<\/p>\n\t\t\t\t\t\t\t<footer>\n\t\t\t\t\t\t\t\t\t\t\t<cite class=\"elementor-blockquote__author\">rollin' alps<\/cite>\n\t\t\t\t\t\t\t\t\t\t\t\t\t\t<\/footer>\n\t\t\t\t\t<\/blockquote>\n\t\t\t\t<\/div>\n\t\t\t\t<\/div>\n\t\t\t\t\t<\/div>\n\t\t<\/div>\n\t\t\t\t<div class=\"has_eae_slider elementor-column elementor-col-25 elementor-top-column elementor-element elementor-element-4c4dd0da\" data-eae-slider=\"67596\" data-id=\"4c4dd0da\" data-element_type=\"column\">\n\t\t\t<div class=\"elementor-widget-wrap\">\n\t\t\t\t\t\t\t\t\t<\/div>\n\t\t<\/div>\n\t\t\t\t\t\t\t<\/div>\n\t\t<\/section>\n\t\t\t\t<section class=\"has_eae_slider elementor-section elementor-top-section elementor-element elementor-element-1ad887e1 elementor-section-boxed elementor-section-height-default elementor-section-height-default\" data-eae-slider=\"46046\" data-id=\"1ad887e1\" data-element_type=\"section\" data-settings=\"{&quot;background_background&quot;:&quot;classic&quot;}\">\n\t\t\t\t\t\t<div class=\"elementor-container elementor-column-gap-default\">\n\t\t\t\t\t<div class=\"has_eae_slider elementor-column elementor-col-100 elementor-top-column elementor-element elementor-element-156ea781\" data-eae-slider=\"96947\" data-id=\"156ea781\" data-element_type=\"column\">\n\t\t\t<div class=\"elementor-widget-wrap elementor-element-populated\">\n\t\t\t\t\t\t\t\t<div class=\"elementor-element elementor-element-31689210 elementor-widget elementor-widget-text-editor\" data-id=\"31689210\" data-element_type=\"widget\" data-widget_type=\"text-editor.default\">\n\t\t\t\t<div class=\"elementor-widget-container\">\n\t\t\t\t\t\t\t<p>rollin&#8216; alps<\/p>\t\t\t\t\t\t<\/div>\n\t\t\t\t<\/div>\n\t\t\t\t<div class=\"elementor-element elementor-element-61faa2e elementor-widget elementor-widget-heading\" data-id=\"61faa2e\" data-element_type=\"widget\" data-widget_type=\"heading.default\">\n\t\t\t\t<div class=\"elementor-widget-container\">\n\t\t\t<h2 class=\"elementor-heading-title elementor-size-default\">social media<\/h2>\t\t<\/div>\n\t\t\t\t<\/div>\n\t\t\t\t<div class=\"elementor-element elementor-element-1c34cc2e elementor-widget-divider--view-line elementor-widget elementor-widget-divider\" data-id=\"1c34cc2e\" data-element_type=\"widget\" data-widget_type=\"divider.default\">\n\t\t\t\t<div class=\"elementor-widget-container\">\n\t\t\t\t\t<div class=\"elementor-divider\">\n\t\t\t<span class=\"elementor-divider-separator\">\n\t\t\t\t\t\t<\/span>\n\t\t<\/div>\n\t\t\t\t<\/div>\n\t\t\t\t<\/div>\n\t\t\t\t\t<\/div>\n\t\t<\/div>\n\t\t\t\t\t\t\t<\/div>\n\t\t<\/section>\n\t\t\t\t<section class=\"has_eae_slider elementor-section elementor-top-section elementor-element elementor-element-7ef47768 elementor-section-boxed elementor-section-height-default elementor-section-height-default\" data-eae-slider=\"58696\" data-id=\"7ef47768\" data-element_type=\"section\">\n\t\t\t\t\t\t<div class=\"elementor-container elementor-column-gap-default\">\n\t\t\t\t\t<div class=\"has_eae_slider elementor-column elementor-col-25 elementor-top-column elementor-element elementor-element-1335ab58\" data-eae-slider=\"38084\" data-id=\"1335ab58\" data-element_type=\"column\">\n\t\t\t<div class=\"elementor-widget-wrap\">\n\t\t\t\t\t\t\t\t\t<\/div>\n\t\t<\/div>\n\t\t\t\t<div class=\"has_eae_slider elementor-column elementor-col-50 elementor-top-column elementor-element elementor-element-29c4a8b0\" data-eae-slider=\"31542\" data-id=\"29c4a8b0\" data-element_type=\"column\">\n\t\t\t<div class=\"elementor-widget-wrap elementor-element-populated\">\n\t\t\t\t\t\t\t\t<div class=\"elementor-element elementor-element-6c3b422b elementor-widget elementor-widget-text-editor\" data-id=\"6c3b422b\" data-element_type=\"widget\" data-widget_type=\"text-editor.default\">\n\t\t\t\t<div class=\"elementor-widget-container\">\n\t\t\t\t\t\t\t<p>On this page, you can find links to our latest posts\/contributions to our social media channels.<\/p><p>We have set this up, so you'll be able to call up links, content, videos etc. at your convenience.\u00a0<br \/><br \/>So hast Du die Informationen immer griffbereit.<\/p>\t\t\t\t\t\t<\/div>\n\t\t\t\t<\/div>\n\t\t\t\t\t<\/div>\n\t\t<\/div>\n\t\t\t\t<div class=\"has_eae_slider elementor-column elementor-col-25 elementor-top-column elementor-element elementor-element-7a801f8e\" data-eae-slider=\"57492\" data-id=\"7a801f8e\" data-element_type=\"column\">\n\t\t\t<div class=\"elementor-widget-wrap\">\n\t\t\t\t\t\t\t\t\t<\/div>\n\t\t<\/div>\n\t\t\t\t\t\t\t<\/div>\n\t\t<\/section>\n\t\t\t\t<section class=\"has_eae_slider elementor-section elementor-top-section elementor-element elementor-element-572ad618 elementor-section-stretched elementor-section-full_width elementor-section-height-default elementor-section-height-default\" data-eae-slider=\"62043\" data-id=\"572ad618\" data-element_type=\"section\" data-settings=\"{&quot;stretch_section&quot;:&quot;section-stretched&quot;}\">\n\t\t\t\t\t\t<div class=\"elementor-container elementor-column-gap-default\">\n\t\t\t\t\t<div class=\"has_eae_slider elementor-column elementor-col-33 elementor-top-column elementor-element elementor-element-27bc7e1a\" data-eae-slider=\"4460\" data-id=\"27bc7e1a\" data-element_type=\"column\">\n\t\t\t<div class=\"elementor-widget-wrap elementor-element-populated\">\n\t\t\t\t\t\t\t\t<div class=\"elementor-element elementor-element-5f9f945a elementor-widget elementor-widget-image\" data-id=\"5f9f945a\" data-element_type=\"widget\" data-widget_type=\"image.default\">\n\t\t\t\t<div class=\"elementor-widget-container\">\n\t\t\t\t\t\t\t\t\t\t\t\t\t\t\t<img loading=\"lazy\" decoding=\"async\" width=\"640\" height=\"400\" src=\"https:\/\/wheelchair-tours.org\/wp-content\/uploads\/2019\/10\/Wheelchair-Tours-Rollstuhl-Wandern-Seiser-Alm-Mahlknechthuette-Ausblick-Alm-Panorama.jpg\" class=\"attachment-full size-full wp-image-2375\" alt=\"Wheelchair-Tours-Rollstuhl-Wandern-Seiser-Alm-Mahlknechthuette-Ausblick-Alm-Panorama-featured-image\" srcset=\"https:\/\/wheelchair-tours.org\/wp-content\/uploads\/2019\/10\/Wheelchair-Tours-Rollstuhl-Wandern-Seiser-Alm-Mahlknechthuette-Ausblick-Alm-Panorama.jpg 640w, https:\/\/wheelchair-tours.org\/wp-content\/uploads\/2019\/10\/Wheelchair-Tours-Rollstuhl-Wandern-Seiser-Alm-Mahlknechthuette-Ausblick-Alm-Panorama-300x188.jpg 300w\" sizes=\"auto, (max-width: 640px) 100vw, 640px\" \/>\t\t\t\t\t\t\t\t\t\t\t\t\t\t\t<\/div>\n\t\t\t\t<\/div>\n\t\t\t\t\t<\/div>\n\t\t<\/div>\n\t\t\t\t<div class=\"has_eae_slider elementor-column elementor-col-33 elementor-top-column elementor-element elementor-element-5b4e47ef\" data-eae-slider=\"54015\" data-id=\"5b4e47ef\" data-element_type=\"column\">\n\t\t\t<div class=\"elementor-widget-wrap elementor-element-populated\">\n\t\t\t\t\t\t\t\t<div class=\"elementor-element elementor-element-6e1cdb6a elementor-widget elementor-widget-image\" data-id=\"6e1cdb6a\" data-element_type=\"widget\" data-widget_type=\"image.default\">\n\t\t\t\t<div class=\"elementor-widget-container\">\n\t\t\t\t\t\t\t\t\t\t\t\t\t\t\t<img loading=\"lazy\" decoding=\"async\" width=\"640\" height=\"400\" src=\"https:\/\/wheelchair-tours.org\/wp-content\/uploads\/2019\/10\/Wheelchair-Tours-Rollstuhl-Wandern-Seiser-Alm-Mahlknechthuette-Ausblick-Eidelweisshuette.jpg\" class=\"attachment-full size-full wp-image-2378\" alt=\"Wheelchair-Tours-Rollstuhl-Wandern-Seiser-Alm-Mahlknechthuette-Ausblick-Alm-Panorama-featured-image\" srcset=\"https:\/\/wheelchair-tours.org\/wp-content\/uploads\/2019\/10\/Wheelchair-Tours-Rollstuhl-Wandern-Seiser-Alm-Mahlknechthuette-Ausblick-Eidelweisshuette.jpg 640w, https:\/\/wheelchair-tours.org\/wp-content\/uploads\/2019\/10\/Wheelchair-Tours-Rollstuhl-Wandern-Seiser-Alm-Mahlknechthuette-Ausblick-Eidelweisshuette-300x188.jpg 300w\" sizes=\"auto, (max-width: 640px) 100vw, 640px\" \/>\t\t\t\t\t\t\t\t\t\t\t\t\t\t\t<\/div>\n\t\t\t\t<\/div>\n\t\t\t\t\t<\/div>\n\t\t<\/div>\n\t\t\t\t<div class=\"has_eae_slider elementor-column elementor-col-33 elementor-top-column elementor-element elementor-element-7182e16e\" data-eae-slider=\"22193\" data-id=\"7182e16e\" data-element_type=\"column\">\n\t\t\t<div class=\"elementor-widget-wrap elementor-element-populated\">\n\t\t\t\t\t\t\t\t<div class=\"elementor-element elementor-element-36eb7bb elementor-widget elementor-widget-image\" data-id=\"36eb7bb\" data-element_type=\"widget\" data-widget_type=\"image.default\">\n\t\t\t\t<div class=\"elementor-widget-container\">\n\t\t\t\t\t\t\t\t\t\t\t\t\t\t\t<img loading=\"lazy\" decoding=\"async\" width=\"640\" height=\"400\" src=\"https:\/\/wheelchair-tours.org\/wp-content\/uploads\/2019\/10\/Wheelchair-Tours-Rollstuhl-Vinschgau-Ausblick-Reschensee.jpg\" class=\"attachment-full size-full wp-image-2269\" alt=\"Wheelchair-Tours-Rollstuhl-Vinschgau-Ausblick-Reschensee\" srcset=\"https:\/\/wheelchair-tours.org\/wp-content\/uploads\/2019\/10\/Wheelchair-Tours-Rollstuhl-Vinschgau-Ausblick-Reschensee.jpg 640w, https:\/\/wheelchair-tours.org\/wp-content\/uploads\/2019\/10\/Wheelchair-Tours-Rollstuhl-Vinschgau-Ausblick-Reschensee-300x188.jpg 300w\" sizes=\"auto, (max-width: 640px) 100vw, 640px\" \/>\t\t\t\t\t\t\t\t\t\t\t\t\t\t\t<\/div>\n\t\t\t\t<\/div>\n\t\t\t\t\t<\/div>\n\t\t<\/div>\n\t\t\t\t\t\t\t<\/div>\n\t\t<\/section>\n\t\t\t\t<section class=\"has_eae_slider elementor-section elementor-top-section elementor-element elementor-element-321c4ae6 elementor-section-content-top elementor-section-boxed elementor-section-height-default elementor-section-height-default\" data-eae-slider=\"36567\" data-id=\"321c4ae6\" data-element_type=\"section\">\n\t\t\t\t\t\t<div class=\"elementor-container elementor-column-gap-narrow\">\n\t\t\t\t\t<div class=\"has_eae_slider elementor-column elementor-col-100 elementor-top-column elementor-element elementor-element-7e6c82b6\" data-eae-slider=\"61656\" data-id=\"7e6c82b6\" data-element_type=\"column\">\n\t\t\t<div class=\"elementor-widget-wrap elementor-element-populated\">\n\t\t\t\t\t\t\t\t<div class=\"elementor-element elementor-element-112ba57e elementor-widget elementor-widget-heading\" data-id=\"112ba57e\" data-element_type=\"widget\" data-widget_type=\"heading.default\">\n\t\t\t\t<div class=\"elementor-widget-container\">\n\t\t\t<h2 class=\"elementor-heading-title elementor-size-default\">Overview<\/h2>\t\t<\/div>\n\t\t\t\t<\/div>\n\t\t\t\t<div class=\"elementor-element elementor-element-8b81c0b elementor-widget elementor-widget-heading\" data-id=\"8b81c0b\" data-element_type=\"widget\" data-widget_type=\"heading.default\">\n\t\t\t\t<div class=\"elementor-widget-container\">\n\t\t\t<h3 class=\"elementor-heading-title elementor-size-default\">Filters<\/h3>\t\t<\/div>\n\t\t\t\t<\/div>\n\t\t\t\t<section class=\"has_eae_slider elementor-section elementor-inner-section elementor-element elementor-element-e78d7c8 elementor-section-boxed elementor-section-height-default elementor-section-height-default\" data-eae-slider=\"98738\" data-id=\"e78d7c8\" data-element_type=\"section\">\n\t\t\t\t\t\t<div class=\"elementor-container elementor-column-gap-default\">\n\t\t\t\t\t<div class=\"has_eae_slider elementor-column elementor-col-20 elementor-inner-column elementor-element elementor-element-c26149b\" data-eae-slider=\"2401\" data-id=\"c26149b\" data-element_type=\"column\">\n\t\t\t<div class=\"elementor-widget-wrap elementor-element-populated\">\n\t\t\t\t\t\t\t\t<div class=\"elementor-element elementor-element-5c3ae91 elementor-widget elementor-widget-checkbox-filter\" data-id=\"5c3ae91\" data-element_type=\"widget\" data-widget_type=\"checkbox-filter.default\">\n\t\t\t\t<div class=\"elementor-widget-container\">\n\t\t\t\n\n    <div>\n      <ul class=\"cat-checkbox-list cat-filter-for-SocialMedia_1\" id=\"filter-kooperation-5c3ae91\" data-hide-empty=\"\">\n        <li\n      class=\"cat-checkbox-filter\"\n      data-term=\"kooperation-interessantes\"\n      data-container=\"filter-kooperation-5c3ae91\"\n      data-posts=\"SocialMedia_1\">\n      <span class=\"cat-checkbox-icon-container\"><i class=\"fa fa-check-circle-o cat-icon-on\" aria-hidden=\"true\"><\/i><i class=\"fa fa-circle-thin cat-icon-off\" aria-hidden=\"true\"><\/i><\/span>\n      Interesting posts\n      <\/li><li\n      class=\"cat-checkbox-filter\"\n      data-term=\"kooperation-interesting-posts\"\n      data-container=\"filter-kooperation-5c3ae91\"\n      data-posts=\"SocialMedia_1\">\n      <span class=\"cat-checkbox-icon-container\"><i class=\"fa fa-check-circle-o cat-icon-on\" aria-hidden=\"true\"><\/i><i class=\"fa fa-circle-thin cat-icon-off\" aria-hidden=\"true\"><\/i><\/span>\n      Interesting posts\n      <\/li>      <\/ul>\n    <\/div>\n\n    \t\t<\/div>\n\t\t\t\t<\/div>\n\t\t\t\t\t<\/div>\n\t\t<\/div>\n\t\t\t\t<div class=\"has_eae_slider elementor-column elementor-col-20 elementor-inner-column elementor-element elementor-element-a85ed29\" data-eae-slider=\"58337\" data-id=\"a85ed29\" data-element_type=\"column\">\n\t\t\t<div class=\"elementor-widget-wrap elementor-element-populated\">\n\t\t\t\t\t\t\t\t<div class=\"elementor-element elementor-element-a39a9f0 elementor-widget elementor-widget-checkbox-filter\" data-id=\"a39a9f0\" data-element_type=\"widget\" data-widget_type=\"checkbox-filter.default\">\n\t\t\t\t<div class=\"elementor-widget-container\">\n\t\t\t\n\n    <div>\n      <ul class=\"cat-checkbox-list cat-filter-for-SocialMedia_1\" id=\"filter-anekdote-a39a9f0\" data-hide-empty=\"\">\n        <li\n      class=\"cat-checkbox-filter\"\n      data-term=\"anekdote-anecdotes\"\n      data-container=\"filter-anekdote-a39a9f0\"\n      data-posts=\"SocialMedia_1\">\n      <span class=\"cat-checkbox-icon-container\"><i class=\"fa fa-check-circle-o cat-icon-on\" aria-hidden=\"true\"><\/i><i class=\"fa fa-circle-thin cat-icon-off\" aria-hidden=\"true\"><\/i><\/span>\n      Anecdotes\n      <\/li><li\n      class=\"cat-checkbox-filter\"\n      data-term=\"anekdote-anekdote\"\n      data-container=\"filter-anekdote-a39a9f0\"\n      data-posts=\"SocialMedia_1\">\n      <span class=\"cat-checkbox-icon-container\"><i class=\"fa fa-check-circle-o cat-icon-on\" aria-hidden=\"true\"><\/i><i class=\"fa fa-circle-thin cat-icon-off\" aria-hidden=\"true\"><\/i><\/span>\n      Anecdotes\n      <\/li>      <\/ul>\n    <\/div>\n\n    \t\t<\/div>\n\t\t\t\t<\/div>\n\t\t\t\t\t<\/div>\n\t\t<\/div>\n\t\t\t\t<div class=\"has_eae_slider elementor-column elementor-col-20 elementor-inner-column elementor-element elementor-element-f73518c\" data-eae-slider=\"61615\" data-id=\"f73518c\" data-element_type=\"column\">\n\t\t\t<div class=\"elementor-widget-wrap elementor-element-populated\">\n\t\t\t\t\t\t\t\t<div class=\"elementor-element elementor-element-f08c253 elementor-widget elementor-widget-checkbox-filter\" data-id=\"f08c253\" data-element_type=\"widget\" data-widget_type=\"checkbox-filter.default\">\n\t\t\t\t<div class=\"elementor-widget-container\">\n\t\t\t\n\n    <div>\n      <ul class=\"cat-checkbox-list cat-filter-for-SocialMedia_1\" id=\"filter-blogbeitrag-f08c253\" data-hide-empty=\"yes\">\n        <li\n      class=\"cat-checkbox-filter\"\n      data-term=\"blogbeitrag-neuer-blogbeitrag\"\n      data-container=\"filter-blogbeitrag-f08c253\"\n      data-posts=\"SocialMedia_1\">\n      <span class=\"cat-checkbox-icon-container\"><i class=\"fa fa-check-circle-o cat-icon-on\" aria-hidden=\"true\"><\/i><i class=\"fa fa-circle-thin cat-icon-off\" aria-hidden=\"true\"><\/i><\/span>\n      new blog post\n      <\/li><li\n      class=\"cat-checkbox-filter\"\n      data-term=\"blogbeitrag-new-blog-post\"\n      data-container=\"filter-blogbeitrag-f08c253\"\n      data-posts=\"SocialMedia_1\">\n      <span class=\"cat-checkbox-icon-container\"><i class=\"fa fa-check-circle-o cat-icon-on\" aria-hidden=\"true\"><\/i><i class=\"fa fa-circle-thin cat-icon-off\" aria-hidden=\"true\"><\/i><\/span>\n      New blog post\n      <\/li>      <\/ul>\n    <\/div>\n\n    \t\t<\/div>\n\t\t\t\t<\/div>\n\t\t\t\t\t<\/div>\n\t\t<\/div>\n\t\t\t\t<div class=\"has_eae_slider elementor-column elementor-col-20 elementor-inner-column elementor-element elementor-element-574fe70\" data-eae-slider=\"50217\" data-id=\"574fe70\" data-element_type=\"column\">\n\t\t\t<div class=\"elementor-widget-wrap elementor-element-populated\">\n\t\t\t\t\t\t\t\t<div class=\"elementor-element elementor-element-688582a elementor-widget elementor-widget-checkbox-filter\" data-id=\"688582a\" data-element_type=\"widget\" data-widget_type=\"checkbox-filter.default\">\n\t\t\t\t<div class=\"elementor-widget-container\">\n\t\t\t\n\n    <div>\n      <ul class=\"cat-checkbox-list cat-filter-for-SocialMedia_1\" id=\"filter-neue_tour-688582a\" data-hide-empty=\"\">\n        <li\n      class=\"cat-checkbox-filter\"\n      data-term=\"neue_tour-neue-tour\"\n      data-container=\"filter-neue_tour-688582a\"\n      data-posts=\"SocialMedia_1\">\n      <span class=\"cat-checkbox-icon-container\"><i class=\"fa fa-check-circle-o cat-icon-on\" aria-hidden=\"true\"><\/i><i class=\"fa fa-circle-thin cat-icon-off\" aria-hidden=\"true\"><\/i><\/span>\n      new tour\n      <\/li><li\n      class=\"cat-checkbox-filter\"\n      data-term=\"neue_tour-new-tour\"\n      data-container=\"filter-neue_tour-688582a\"\n      data-posts=\"SocialMedia_1\">\n      <span class=\"cat-checkbox-icon-container\"><i class=\"fa fa-check-circle-o cat-icon-on\" aria-hidden=\"true\"><\/i><i class=\"fa fa-circle-thin cat-icon-off\" aria-hidden=\"true\"><\/i><\/span>\n      New tour\n      <\/li>      <\/ul>\n    <\/div>\n\n    \t\t<\/div>\n\t\t\t\t<\/div>\n\t\t\t\t\t<\/div>\n\t\t<\/div>\n\t\t\t\t<div class=\"has_eae_slider elementor-column elementor-col-20 elementor-inner-column elementor-element elementor-element-430c885\" data-eae-slider=\"78428\" data-id=\"430c885\" data-element_type=\"column\">\n\t\t\t<div class=\"elementor-widget-wrap elementor-element-populated\">\n\t\t\t\t\t\t\t\t<div class=\"elementor-element elementor-element-5c82552 elementor-widget elementor-widget-checkbox-filter\" data-id=\"5c82552\" data-element_type=\"widget\" data-widget_type=\"checkbox-filter.default\">\n\t\t\t\t<div class=\"elementor-widget-container\">\n\t\t\t\n\n    <div>\n      <ul class=\"cat-checkbox-list cat-filter-for-SocialMedia_1\" id=\"filter-neues_feature-5c82552\" data-hide-empty=\"\">\n        <li\n      class=\"cat-checkbox-filter\"\n      data-term=\"neues_feature-neues-feature\"\n      data-container=\"filter-neues_feature-5c82552\"\n      data-posts=\"SocialMedia_1\">\n      <span class=\"cat-checkbox-icon-container\"><i class=\"fa fa-check-circle-o cat-icon-on\" aria-hidden=\"true\"><\/i><i class=\"fa fa-circle-thin cat-icon-off\" aria-hidden=\"true\"><\/i><\/span>\n      new feature\n      <\/li><li\n      class=\"cat-checkbox-filter\"\n      data-term=\"neues_feature-new-feature\"\n      data-container=\"filter-neues_feature-5c82552\"\n      data-posts=\"SocialMedia_1\">\n      <span class=\"cat-checkbox-icon-container\"><i class=\"fa fa-check-circle-o cat-icon-on\" aria-hidden=\"true\"><\/i><i class=\"fa fa-circle-thin cat-icon-off\" aria-hidden=\"true\"><\/i><\/span>\n      New feature\n      <\/li>      <\/ul>\n    <\/div>\n\n    \t\t<\/div>\n\t\t\t\t<\/div>\n\t\t\t\t\t<\/div>\n\t\t<\/div>\n\t\t\t\t\t\t\t<\/div>\n\t\t<\/section>\n\t\t\t\t<div class=\"elementor-element elementor-element-14996abb elementor-posts--align-center elementor-grid-4 elementor-grid-tablet-2 elementor-grid-mobile-1 elementor-posts--thumbnail-top elementor-card-shadow-yes elementor-posts__hover-gradient elementor-widget elementor-widget-posts\" data-id=\"14996abb\" data-element_type=\"widget\" id=\"SocialMedia_1\" data-settings=\"{&quot;cards_row_gap&quot;:{&quot;unit&quot;:&quot;px&quot;,&quot;size&quot;:15,&quot;sizes&quot;:[]},&quot;cards_columns&quot;:&quot;4&quot;,&quot;cards_columns_tablet&quot;:&quot;2&quot;,&quot;cards_columns_mobile&quot;:&quot;1&quot;,&quot;cards_row_gap_tablet&quot;:{&quot;unit&quot;:&quot;px&quot;,&quot;size&quot;:&quot;&quot;,&quot;sizes&quot;:[]},&quot;cards_row_gap_mobile&quot;:{&quot;unit&quot;:&quot;px&quot;,&quot;size&quot;:&quot;&quot;,&quot;sizes&quot;:[]}}\" data-widget_type=\"posts.cards\">\n\t\t\t\t<div class=\"elementor-widget-container\">\n\t\t\t\t\t<div class=\"elementor-posts-container elementor-posts elementor-posts--skin-cards elementor-grid\">\n\t\t\t\t<article class=\"elementor-post elementor-grid-item post-5021 social_media_beitrag type-social_media_beitrag status-publish has-post-thumbnail hentry neue_tour-neue-tour\">\n\t\t\t<div class=\"elementor-post__card\">\n\t\t\t\t<a class=\"elementor-post__thumbnail__link\" href=\"https:\/\/wheelchair-tours.org\/en\/social-media-beitrag\/neue-tour-naturerlebnisweg-zans-im-villnoesstal\/\"><div class=\"elementor-post__thumbnail\"><img loading=\"lazy\" decoding=\"async\" width=\"2094\" height=\"1178\" src=\"https:\/\/wheelchair-tours.org\/wp-content\/uploads\/2020\/07\/Wheelchair-Tours-Rollstuhl-Viln\u00f6sstal-Kirche-St-Johann.jpg\" class=\"attachment-full size-full wp-image-5022\" alt=\"Wheelchair-Tours-Rollstuhl-Viln\u00f6sstal-Kirche-St-Johann\" srcset=\"https:\/\/wheelchair-tours.org\/wp-content\/uploads\/2020\/07\/Wheelchair-Tours-Rollstuhl-Viln\u00f6sstal-Kirche-St-Johann.jpg 2094w, https:\/\/wheelchair-tours.org\/wp-content\/uploads\/2020\/07\/Wheelchair-Tours-Rollstuhl-Viln\u00f6sstal-Kirche-St-Johann-300x169.jpg 300w, https:\/\/wheelchair-tours.org\/wp-content\/uploads\/2020\/07\/Wheelchair-Tours-Rollstuhl-Viln\u00f6sstal-Kirche-St-Johann-1024x576.jpg 1024w, https:\/\/wheelchair-tours.org\/wp-content\/uploads\/2020\/07\/Wheelchair-Tours-Rollstuhl-Viln\u00f6sstal-Kirche-St-Johann-768x432.jpg 768w, https:\/\/wheelchair-tours.org\/wp-content\/uploads\/2020\/07\/Wheelchair-Tours-Rollstuhl-Viln\u00f6sstal-Kirche-St-Johann-1536x864.jpg 1536w, https:\/\/wheelchair-tours.org\/wp-content\/uploads\/2020\/07\/Wheelchair-Tours-Rollstuhl-Viln\u00f6sstal-Kirche-St-Johann-2048x1152.jpg 2048w\" sizes=\"auto, (max-width: 2094px) 100vw, 2094px\" \/><\/div><\/a>\n\t\t\t\t<div class=\"elementor-post__text\">\n\t\t\t\t<h3 class=\"elementor-post__title\">\n\t\t\t<a href=\"https:\/\/wheelchair-tours.org\/en\/social-media-beitrag\/neue-tour-naturerlebnisweg-zans-im-villnoesstal\/\">\n\t\t\t\tNew tour: Nature adventure trail Zans in the Villn\u00f6ss Valley\t\t\t<\/a>\n\t\t<\/h3>\n\t\t\t\t<div class=\"elementor-post__excerpt\">\n\t\t\t<p>Hike along the nature experience trail in Zans \ud83d\ude04 The tour is an alternative to our previously published tours in the Viln\u00f6s Valley. \u2757\ufe0f The \ud83c\udf3f\ud83c\udf3a Nature discovery trail<\/p>\n\t\t<\/div>\n\t\t\t\t<\/div>\n\t\t\t\t<div class=\"elementor-post__meta-data\">\n\t\t\t\t\t<span class=\"elementor-post-date\">\n\t\t\t27 July 2020\t\t<\/span>\n\t\t\t\t<span class=\"elementor-post-avatar\">\n\t\t\tNo Comments\t\t<\/span>\n\t\t\t\t<\/div>\n\t\t\t\t\t<\/div>\n\t\t<\/article>\n\t\t\t\t<article class=\"elementor-post elementor-grid-item post-5026 social_media_beitrag type-social_media_beitrag status-publish has-post-thumbnail hentry neue_tour-new-tour\">\n\t\t\t<div class=\"elementor-post__card\">\n\t\t\t\t<a class=\"elementor-post__thumbnail__link\" href=\"https:\/\/wheelchair-tours.org\/en\/social-media-beitrag\/new-tour-nature-discovery-trail-zans-in-the-val-di-funes\/\"><div class=\"elementor-post__thumbnail\"><img loading=\"lazy\" decoding=\"async\" width=\"2094\" height=\"1178\" src=\"https:\/\/wheelchair-tours.org\/wp-content\/uploads\/2020\/07\/Wheelchair-Tours-Rollstuhl-Viln\u00f6sstal-Kirche-St-Johann.jpg\" class=\"attachment-full size-full wp-image-5022\" alt=\"Wheelchair-Tours-Rollstuhl-Viln\u00f6sstal-Kirche-St-Johann\" srcset=\"https:\/\/wheelchair-tours.org\/wp-content\/uploads\/2020\/07\/Wheelchair-Tours-Rollstuhl-Viln\u00f6sstal-Kirche-St-Johann.jpg 2094w, https:\/\/wheelchair-tours.org\/wp-content\/uploads\/2020\/07\/Wheelchair-Tours-Rollstuhl-Viln\u00f6sstal-Kirche-St-Johann-300x169.jpg 300w, https:\/\/wheelchair-tours.org\/wp-content\/uploads\/2020\/07\/Wheelchair-Tours-Rollstuhl-Viln\u00f6sstal-Kirche-St-Johann-1024x576.jpg 1024w, https:\/\/wheelchair-tours.org\/wp-content\/uploads\/2020\/07\/Wheelchair-Tours-Rollstuhl-Viln\u00f6sstal-Kirche-St-Johann-768x432.jpg 768w, https:\/\/wheelchair-tours.org\/wp-content\/uploads\/2020\/07\/Wheelchair-Tours-Rollstuhl-Viln\u00f6sstal-Kirche-St-Johann-1536x864.jpg 1536w, https:\/\/wheelchair-tours.org\/wp-content\/uploads\/2020\/07\/Wheelchair-Tours-Rollstuhl-Viln\u00f6sstal-Kirche-St-Johann-2048x1152.jpg 2048w\" sizes=\"auto, (max-width: 2094px) 100vw, 2094px\" \/><\/div><\/a>\n\t\t\t\t<div class=\"elementor-post__text\">\n\t\t\t\t<h3 class=\"elementor-post__title\">\n\t\t\t<a href=\"https:\/\/wheelchair-tours.org\/en\/social-media-beitrag\/new-tour-nature-discovery-trail-zans-in-the-val-di-funes\/\">\n\t\t\t\tNew Tour: Nature discovery trail Zans in the Val di Funes\t\t\t<\/a>\n\t\t<\/h3>\n\t\t\t\t<div class=\"elementor-post__excerpt\">\n\t\t\t<p>Hike along the nature discovery trail Zans \ud83d\ude04 This tour is an alternative to our already published tours in the Viln\u00f6sstal. \u2757\ufe0f The \ud83c\udf3f\ud83c\udf3a Zans<\/p>\n\t\t<\/div>\n\t\t\t\t<\/div>\n\t\t\t\t<div class=\"elementor-post__meta-data\">\n\t\t\t\t\t<span class=\"elementor-post-date\">\n\t\t\t27 July 2020\t\t<\/span>\n\t\t\t\t<span class=\"elementor-post-avatar\">\n\t\t\tNo Comments\t\t<\/span>\n\t\t\t\t<\/div>\n\t\t\t\t\t<\/div>\n\t\t<\/article>\n\t\t\t\t<article class=\"elementor-post elementor-grid-item post-5011 social_media_beitrag type-social_media_beitrag status-publish has-post-thumbnail hentry kooperation-interessantes\">\n\t\t\t<div class=\"elementor-post__card\">\n\t\t\t\t<a class=\"elementor-post__thumbnail__link\" href=\"https:\/\/wheelchair-tours.org\/en\/social-media-beitrag\/die-50-besten-urlaubsorte-fuer-menschen-mit-eingeschraenkter-mobilitaet\/\"><div class=\"elementor-post__thumbnail\"><img loading=\"lazy\" decoding=\"async\" width=\"640\" height=\"428\" src=\"https:\/\/wheelchair-tours.org\/wp-content\/uploads\/2020\/07\/water-3058236_640.jpg\" class=\"attachment-full size-full wp-image-5012\" alt=\"Beach \/ Stand\" srcset=\"https:\/\/wheelchair-tours.org\/wp-content\/uploads\/2020\/07\/water-3058236_640.jpg 640w, https:\/\/wheelchair-tours.org\/wp-content\/uploads\/2020\/07\/water-3058236_640-300x201.jpg 300w\" sizes=\"auto, (max-width: 640px) 100vw, 640px\" \/><\/div><\/a>\n\t\t\t\t<div class=\"elementor-post__text\">\n\t\t\t\t<h3 class=\"elementor-post__title\">\n\t\t\t<a href=\"https:\/\/wheelchair-tours.org\/en\/social-media-beitrag\/die-50-besten-urlaubsorte-fuer-menschen-mit-eingeschraenkter-mobilitaet\/\">\n\t\t\t\tDie 50 besten Urlaubsorte f\u00fcr Menschen mit eingeschr\u00e4nkter Mobilit\u00e4t\t\t\t<\/a>\n\t\t<\/h3>\n\t\t\t\t<div class=\"elementor-post__excerpt\">\n\t\t\t<p>\u00a9 Paul Brennan on Pixabay Die 50 besten Urlaubsorte f\u00fcr Menschen mit eingeschr\u00e4nkter Mobilit\u00e4t \u2753 Hast Du dich immer schon mal gefragt, ob es so<\/p>\n\t\t<\/div>\n\t\t\t\t<\/div>\n\t\t\t\t<div class=\"elementor-post__meta-data\">\n\t\t\t\t\t<span class=\"elementor-post-date\">\n\t\t\t20. July 2020\t\t<\/span>\n\t\t\t\t<span class=\"elementor-post-avatar\">\n\t\t\tNo Comments\t\t<\/span>\n\t\t\t\t<\/div>\n\t\t\t\t\t<\/div>\n\t\t<\/article>\n\t\t\t\t<article class=\"elementor-post elementor-grid-item post-5018 social_media_beitrag type-social_media_beitrag status-publish has-post-thumbnail hentry kooperation-interesting-posts\">\n\t\t\t<div class=\"elementor-post__card\">\n\t\t\t\t<a class=\"elementor-post__thumbnail__link\" href=\"https:\/\/wheelchair-tours.org\/en\/social-media-beitrag\/50-best-wheelchair-accessible-vacation-spots\/\"><div class=\"elementor-post__thumbnail\"><img loading=\"lazy\" decoding=\"async\" width=\"640\" height=\"428\" src=\"https:\/\/wheelchair-tours.org\/wp-content\/uploads\/2020\/07\/water-3058236_640.jpg\" class=\"attachment-full size-full wp-image-5012\" alt=\"Beach \/ Stand\" srcset=\"https:\/\/wheelchair-tours.org\/wp-content\/uploads\/2020\/07\/water-3058236_640.jpg 640w, https:\/\/wheelchair-tours.org\/wp-content\/uploads\/2020\/07\/water-3058236_640-300x201.jpg 300w\" sizes=\"auto, (max-width: 640px) 100vw, 640px\" \/><\/div><\/a>\n\t\t\t\t<div class=\"elementor-post__text\">\n\t\t\t\t<h3 class=\"elementor-post__title\">\n\t\t\t<a href=\"https:\/\/wheelchair-tours.org\/en\/social-media-beitrag\/50-best-wheelchair-accessible-vacation-spots\/\">\n\t\t\t\t50 Best Wheelchair-Accessible Vacation Spots\t\t\t<\/a>\n\t\t<\/h3>\n\t\t\t\t<div class=\"elementor-post__excerpt\">\n\t\t\t<p>\u00a0\u00a9 Paul Brennan on Pixabay 50 Best Wheelchair-Accessible Vacations Spots \u2753 Have you always wondered if there is a kind of top ten list for<\/p>\n\t\t<\/div>\n\t\t\t\t<\/div>\n\t\t\t\t<div class=\"elementor-post__meta-data\">\n\t\t\t\t\t<span class=\"elementor-post-date\">\n\t\t\t20. July 2020\t\t<\/span>\n\t\t\t\t<span class=\"elementor-post-avatar\">\n\t\t\tNo Comments\t\t<\/span>\n\t\t\t\t<\/div>\n\t\t\t\t\t<\/div>\n\t\t<\/article>\n\t\t\t\t<article class=\"elementor-post elementor-grid-item post-4957 social_media_beitrag type-social_media_beitrag status-publish has-post-thumbnail hentry kooperation-interessantes\">\n\t\t\t<div class=\"elementor-post__card\">\n\t\t\t\t<a class=\"elementor-post__thumbnail__link\" href=\"https:\/\/wheelchair-tours.org\/en\/social-media-beitrag\/reisen-mit-dem-rollstuhl-macchu-picchu\/\"><div class=\"elementor-post__thumbnail\"><img loading=\"lazy\" decoding=\"async\" width=\"1080\" height=\"809\" src=\"https:\/\/wheelchair-tours.org\/wp-content\/uploads\/2020\/06\/71802370_144718713513568_592176275232465726_n.jpg\" class=\"attachment-full size-full wp-image-4958\" alt=\"Soaking in the beautiful view at Machu Picchu, Peru.\" srcset=\"https:\/\/wheelchair-tours.org\/wp-content\/uploads\/2020\/06\/71802370_144718713513568_592176275232465726_n.jpg 1080w, https:\/\/wheelchair-tours.org\/wp-content\/uploads\/2020\/06\/71802370_144718713513568_592176275232465726_n-300x225.jpg 300w, https:\/\/wheelchair-tours.org\/wp-content\/uploads\/2020\/06\/71802370_144718713513568_592176275232465726_n-1024x767.jpg 1024w, https:\/\/wheelchair-tours.org\/wp-content\/uploads\/2020\/06\/71802370_144718713513568_592176275232465726_n-768x575.jpg 768w\" sizes=\"auto, (max-width: 1080px) 100vw, 1080px\" \/><\/div><\/a>\n\t\t\t\t<div class=\"elementor-post__text\">\n\t\t\t\t<h3 class=\"elementor-post__title\">\n\t\t\t<a href=\"https:\/\/wheelchair-tours.org\/en\/social-media-beitrag\/reisen-mit-dem-rollstuhl-macchu-picchu\/\">\n\t\t\t\tNew possibilities - Macchu Picchu\t\t\t<\/a>\n\t\t<\/h3>\n\t\t\t\t<div class=\"elementor-post__excerpt\">\n\t\t\t<p>Wir wussten es ist unm\u00f6glich &#8211; darum haben wir es getan. Nelson Mandela \u2757\ufe0f Die M\u00f6glichkeiten voll aussch\u00f6pfen &#8211; das ist es was uns diese<\/p>\n\t\t<\/div>\n\t\t\t\t<\/div>\n\t\t\t\t<div class=\"elementor-post__meta-data\">\n\t\t\t\t\t<span class=\"elementor-post-date\">\n\t\t\t18. July 2020\t\t<\/span>\n\t\t\t\t<span class=\"elementor-post-avatar\">\n\t\t\tNo Comments\t\t<\/span>\n\t\t\t\t<\/div>\n\t\t\t\t\t<\/div>\n\t\t<\/article>\n\t\t\t\t<article class=\"elementor-post elementor-grid-item post-4964 social_media_beitrag type-social_media_beitrag status-publish has-post-thumbnail hentry kooperation-interesting-posts\">\n\t\t\t<div class=\"elementor-post__card\">\n\t\t\t\t<a class=\"elementor-post__thumbnail__link\" href=\"https:\/\/wheelchair-tours.org\/en\/social-media-beitrag\/new-possibilities-macchu-picchu\/\"><div class=\"elementor-post__thumbnail\"><img loading=\"lazy\" decoding=\"async\" width=\"1080\" height=\"809\" src=\"https:\/\/wheelchair-tours.org\/wp-content\/uploads\/2020\/06\/71802370_144718713513568_592176275232465726_n.jpg\" class=\"attachment-full size-full wp-image-4958\" alt=\"Soaking in the beautiful view at Machu Picchu, Peru.\" srcset=\"https:\/\/wheelchair-tours.org\/wp-content\/uploads\/2020\/06\/71802370_144718713513568_592176275232465726_n.jpg 1080w, https:\/\/wheelchair-tours.org\/wp-content\/uploads\/2020\/06\/71802370_144718713513568_592176275232465726_n-300x225.jpg 300w, https:\/\/wheelchair-tours.org\/wp-content\/uploads\/2020\/06\/71802370_144718713513568_592176275232465726_n-1024x767.jpg 1024w, https:\/\/wheelchair-tours.org\/wp-content\/uploads\/2020\/06\/71802370_144718713513568_592176275232465726_n-768x575.jpg 768w\" sizes=\"auto, (max-width: 1080px) 100vw, 1080px\" \/><\/div><\/a>\n\t\t\t\t<div class=\"elementor-post__text\">\n\t\t\t\t<h3 class=\"elementor-post__title\">\n\t\t\t<a href=\"https:\/\/wheelchair-tours.org\/en\/social-media-beitrag\/new-possibilities-macchu-picchu\/\">\n\t\t\t\tNew possibilities - Macchu Picchu\t\t\t<\/a>\n\t\t<\/h3>\n\t\t\t\t<div class=\"elementor-post__excerpt\">\n\t\t\t<p>We knew it was impossible &#8211; that&#8217;s why we did it. Nelson Mandela \u2757\ufe0f Taking full advantage of the possibilities &#8211; that&#8217;s what gives us<\/p>\n\t\t<\/div>\n\t\t\t\t<\/div>\n\t\t\t\t<div class=\"elementor-post__meta-data\">\n\t\t\t\t\t<span class=\"elementor-post-date\">\n\t\t\t18. July 2020\t\t<\/span>\n\t\t\t\t<span class=\"elementor-post-avatar\">\n\t\t\tNo Comments\t\t<\/span>\n\t\t\t\t<\/div>\n\t\t\t\t\t<\/div>\n\t\t<\/article>\n\t\t\t\t<article class=\"elementor-post elementor-grid-item post-5002 social_media_beitrag type-social_media_beitrag status-publish has-post-thumbnail hentry neue_tour-neue-tour\">\n\t\t\t<div class=\"elementor-post__card\">\n\t\t\t\t<a class=\"elementor-post__thumbnail__link\" href=\"https:\/\/wheelchair-tours.org\/en\/social-media-beitrag\/neue-tour-saltner-huette-auf-der-seiser-alm\/\"><div class=\"elementor-post__thumbnail\"><img loading=\"lazy\" decoding=\"async\" width=\"1024\" height=\"576\" src=\"https:\/\/wheelchair-tours.org\/wp-content\/uploads\/2020\/07\/Wheelchair-Tours-Rollstuhl-Seiser-Alm-Eule-vor-Schlern.jpg\" class=\"attachment-full size-full wp-image-5005\" alt=\"Wheelchair-Tours-Rollstuhl-Seiser-Alm-Eule-vor-Schlern\" srcset=\"https:\/\/wheelchair-tours.org\/wp-content\/uploads\/2020\/07\/Wheelchair-Tours-Rollstuhl-Seiser-Alm-Eule-vor-Schlern.jpg 1024w, https:\/\/wheelchair-tours.org\/wp-content\/uploads\/2020\/07\/Wheelchair-Tours-Rollstuhl-Seiser-Alm-Eule-vor-Schlern-300x169.jpg 300w, https:\/\/wheelchair-tours.org\/wp-content\/uploads\/2020\/07\/Wheelchair-Tours-Rollstuhl-Seiser-Alm-Eule-vor-Schlern-768x432.jpg 768w\" sizes=\"auto, (max-width: 1024px) 100vw, 1024px\" \/><\/div><\/a>\n\t\t\t\t<div class=\"elementor-post__text\">\n\t\t\t\t<h3 class=\"elementor-post__title\">\n\t\t\t<a href=\"https:\/\/wheelchair-tours.org\/en\/social-media-beitrag\/neue-tour-saltner-huette-auf-der-seiser-alm\/\">\n\t\t\t\tNew tour: Saltner Hut on the Alpe di Siusi\t\t\t<\/a>\n\t\t<\/h3>\n\t\t\t\t<div class=\"elementor-post__excerpt\">\n\t\t\t<p>Wanderung zur Saltnerh\u00fctte auf der Seiser Alm Die\u00a0Seiser Alm \/ Alpe di Siusi\u00a0\ud83d\udc04\ud83d\udc07\ud83c\udf3f\u00a0ist und war schon immer ein Anziehungspunkt f\u00fcr viele Wanderer\u00a0\ud83d\udeb6\u200d\u2640\ufe0f\u00a0und sonstigen Naturliebhaber. Und<\/p>\n\t\t<\/div>\n\t\t\t\t<\/div>\n\t\t\t\t<div class=\"elementor-post__meta-data\">\n\t\t\t\t\t<span class=\"elementor-post-date\">\n\t\t\t13 July 2020\t\t<\/span>\n\t\t\t\t<span class=\"elementor-post-avatar\">\n\t\t\tNo Comments\t\t<\/span>\n\t\t\t\t<\/div>\n\t\t\t\t\t<\/div>\n\t\t<\/article>\n\t\t\t\t<article class=\"elementor-post elementor-grid-item post-5007 social_media_beitrag type-social_media_beitrag status-publish has-post-thumbnail hentry neue_tour-new-tour\">\n\t\t\t<div class=\"elementor-post__card\">\n\t\t\t\t<a class=\"elementor-post__thumbnail__link\" href=\"https:\/\/wheelchair-tours.org\/en\/social-media-beitrag\/new-tour-rifugio-saltner-saltnerhutte\/\"><div class=\"elementor-post__thumbnail\"><img loading=\"lazy\" decoding=\"async\" width=\"1024\" height=\"576\" src=\"https:\/\/wheelchair-tours.org\/wp-content\/uploads\/2020\/07\/Wheelchair-Tours-Rollstuhl-Seiser-Alm-Eule-vor-Schlern.jpg\" class=\"attachment-full size-full wp-image-5005\" alt=\"Wheelchair-Tours-Rollstuhl-Seiser-Alm-Eule-vor-Schlern\" srcset=\"https:\/\/wheelchair-tours.org\/wp-content\/uploads\/2020\/07\/Wheelchair-Tours-Rollstuhl-Seiser-Alm-Eule-vor-Schlern.jpg 1024w, https:\/\/wheelchair-tours.org\/wp-content\/uploads\/2020\/07\/Wheelchair-Tours-Rollstuhl-Seiser-Alm-Eule-vor-Schlern-300x169.jpg 300w, https:\/\/wheelchair-tours.org\/wp-content\/uploads\/2020\/07\/Wheelchair-Tours-Rollstuhl-Seiser-Alm-Eule-vor-Schlern-768x432.jpg 768w\" sizes=\"auto, (max-width: 1024px) 100vw, 1024px\" \/><\/div><\/a>\n\t\t\t\t<div class=\"elementor-post__text\">\n\t\t\t\t<h3 class=\"elementor-post__title\">\n\t\t\t<a href=\"https:\/\/wheelchair-tours.org\/en\/social-media-beitrag\/new-tour-rifugio-saltner-saltnerhutte\/\">\n\t\t\t\tNew Tour: Malga Saltner\/Saltnerh\u00fctte\t\t\t<\/a>\n\t\t<\/h3>\n\t\t\t\t<div class=\"elementor-post__excerpt\">\n\t\t\t<p>Hike to the Rifugio Saltner on the Alpe di Siusi The Seiser Alm \/ Alpe di Siusi\u00a0\ud83d\udc04\ud83d\udc07\ud83c\udf3f\u00a0is and has always been an attraction for many<\/p>\n\t\t<\/div>\n\t\t\t\t<\/div>\n\t\t\t\t<div class=\"elementor-post__meta-data\">\n\t\t\t\t\t<span class=\"elementor-post-date\">\n\t\t\t13 July 2020\t\t<\/span>\n\t\t\t\t<span class=\"elementor-post-avatar\">\n\t\t\tNo Comments\t\t<\/span>\n\t\t\t\t<\/div>\n\t\t\t\t\t<\/div>\n\t\t<\/article>\n\t\t\t\t<article class=\"elementor-post elementor-grid-item post-4993 social_media_beitrag type-social_media_beitrag status-publish has-post-thumbnail hentry kooperation-interessantes\">\n\t\t\t<div class=\"elementor-post__card\">\n\t\t\t\t<a class=\"elementor-post__thumbnail__link\" href=\"https:\/\/wheelchair-tours.org\/en\/social-media-beitrag\/wasser-ein-tolles-element\/\"><div class=\"elementor-post__thumbnail\"><img loading=\"lazy\" decoding=\"async\" width=\"1038\" height=\"576\" src=\"https:\/\/wheelchair-tours.org\/wp-content\/uploads\/2019\/05\/Wheelchair-Tours-Rollstuhl-V\u00f6ls-Weiher-Sommer.jpg\" class=\"attachment-full size-full wp-image-763\" alt=\"Wheelchair-Tours-Rollstuhl-V\u00f6ls-Weiher-Sommer\" srcset=\"https:\/\/wheelchair-tours.org\/wp-content\/uploads\/2019\/05\/Wheelchair-Tours-Rollstuhl-V\u00f6ls-Weiher-Sommer.jpg 1038w, https:\/\/wheelchair-tours.org\/wp-content\/uploads\/2019\/05\/Wheelchair-Tours-Rollstuhl-V\u00f6ls-Weiher-Sommer-300x166.jpg 300w, https:\/\/wheelchair-tours.org\/wp-content\/uploads\/2019\/05\/Wheelchair-Tours-Rollstuhl-V\u00f6ls-Weiher-Sommer-768x426.jpg 768w, https:\/\/wheelchair-tours.org\/wp-content\/uploads\/2019\/05\/Wheelchair-Tours-Rollstuhl-V\u00f6ls-Weiher-Sommer-1024x568.jpg 1024w\" sizes=\"auto, (max-width: 1038px) 100vw, 1038px\" \/><\/div><\/a>\n\t\t\t\t<div class=\"elementor-post__text\">\n\t\t\t\t<h3 class=\"elementor-post__title\">\n\t\t\t<a href=\"https:\/\/wheelchair-tours.org\/en\/social-media-beitrag\/wasser-ein-tolles-element\/\">\n\t\t\t\tWasser &#8211; ein tolles Element!\t\t\t<\/a>\n\t\t<\/h3>\n\t\t\t\t<div class=\"elementor-post__excerpt\">\n\t\t\t<p>Wasser &#8211; ein tolles Element und Ort f\u00fcr eine Lieblingssportart \u267f\ufe0f\ud83c\udfca\u200d\u2640\ufe0f \ud83d\udc49 Im Februar haben wir uns mit dem Thema &#8222;Barrierefreie B\u00e4der &#8211; zuhause und<\/p>\n\t\t<\/div>\n\t\t\t\t<\/div>\n\t\t\t\t<div class=\"elementor-post__meta-data\">\n\t\t\t\t\t<span class=\"elementor-post-date\">\n\t\t\t8. July 2020\t\t<\/span>\n\t\t\t\t<span class=\"elementor-post-avatar\">\n\t\t\tNo Comments\t\t<\/span>\n\t\t\t\t<\/div>\n\t\t\t\t\t<\/div>\n\t\t<\/article>\n\t\t\t\t<article class=\"elementor-post elementor-grid-item post-4997 social_media_beitrag type-social_media_beitrag status-publish has-post-thumbnail hentry kooperation-interesting-posts\">\n\t\t\t<div class=\"elementor-post__card\">\n\t\t\t\t<a class=\"elementor-post__thumbnail__link\" href=\"https:\/\/wheelchair-tours.org\/en\/social-media-beitrag\/water-a-great-element\/\"><div class=\"elementor-post__thumbnail\"><img loading=\"lazy\" decoding=\"async\" width=\"1038\" height=\"576\" src=\"https:\/\/wheelchair-tours.org\/wp-content\/uploads\/2019\/05\/Wheelchair-Tours-Rollstuhl-V\u00f6ls-Weiher-Sommer.jpg\" class=\"attachment-full size-full wp-image-763\" alt=\"Wheelchair-Tours-Rollstuhl-V\u00f6ls-Weiher-Sommer\" srcset=\"https:\/\/wheelchair-tours.org\/wp-content\/uploads\/2019\/05\/Wheelchair-Tours-Rollstuhl-V\u00f6ls-Weiher-Sommer.jpg 1038w, https:\/\/wheelchair-tours.org\/wp-content\/uploads\/2019\/05\/Wheelchair-Tours-Rollstuhl-V\u00f6ls-Weiher-Sommer-300x166.jpg 300w, https:\/\/wheelchair-tours.org\/wp-content\/uploads\/2019\/05\/Wheelchair-Tours-Rollstuhl-V\u00f6ls-Weiher-Sommer-768x426.jpg 768w, https:\/\/wheelchair-tours.org\/wp-content\/uploads\/2019\/05\/Wheelchair-Tours-Rollstuhl-V\u00f6ls-Weiher-Sommer-1024x568.jpg 1024w\" sizes=\"auto, (max-width: 1038px) 100vw, 1038px\" \/><\/div><\/a>\n\t\t\t\t<div class=\"elementor-post__text\">\n\t\t\t\t<h3 class=\"elementor-post__title\">\n\t\t\t<a href=\"https:\/\/wheelchair-tours.org\/en\/social-media-beitrag\/water-a-great-element\/\">\n\t\t\t\tWater - a great element\t\t\t<\/a>\n\t\t<\/h3>\n\t\t\t\t<div class=\"elementor-post__excerpt\">\n\t\t\t<p>Water &#8211; a great element and place for one of our favorite sports in nature \u267f\ufe0f\ud83c\udfca\u200d\u2640\ufe0f \ud83d\udc49\u00a0In February we dealt with the topic of &#8222;Accessible<\/p>\n\t\t<\/div>\n\t\t\t\t<\/div>\n\t\t\t\t<div class=\"elementor-post__meta-data\">\n\t\t\t\t\t<span class=\"elementor-post-date\">\n\t\t\t8. July 2020\t\t<\/span>\n\t\t\t\t<span class=\"elementor-post-avatar\">\n\t\t\tNo Comments\t\t<\/span>\n\t\t\t\t<\/div>\n\t\t\t\t\t<\/div>\n\t\t<\/article>\n\t\t\t\t<article class=\"elementor-post elementor-grid-item post-4989 social_media_beitrag type-social_media_beitrag status-publish has-post-thumbnail hentry kooperation-interesting-posts\">\n\t\t\t<div class=\"elementor-post__card\">\n\t\t\t\t<a class=\"elementor-post__thumbnail__link\" href=\"https:\/\/wheelchair-tours.org\/en\/social-media-beitrag\/accessibility-in-germany\/\"><div class=\"elementor-post__thumbnail\"><img loading=\"lazy\" decoding=\"async\" width=\"640\" height=\"401\" src=\"https:\/\/wheelchair-tours.org\/wp-content\/uploads\/2020\/07\/beer-3378136_640.jpg\" class=\"attachment-full size-full wp-image-4987\" alt=\"Bier mit Blumen \/Symbol Bayern\" srcset=\"https:\/\/wheelchair-tours.org\/wp-content\/uploads\/2020\/07\/beer-3378136_640.jpg 640w, https:\/\/wheelchair-tours.org\/wp-content\/uploads\/2020\/07\/beer-3378136_640-300x188.jpg 300w\" sizes=\"auto, (max-width: 640px) 100vw, 640px\" \/><\/div><\/a>\n\t\t\t\t<div class=\"elementor-post__text\">\n\t\t\t\t<h3 class=\"elementor-post__title\">\n\t\t\t<a href=\"https:\/\/wheelchair-tours.org\/en\/social-media-beitrag\/accessibility-in-germany\/\">\n\t\t\t\tAccessibility in Germany?\t\t\t<\/a>\n\t\t<\/h3>\n\t\t\t\t<div class=\"elementor-post__excerpt\">\n\t\t\t<p>\u00a9 pixabay Accessibility in Germany? Oh dear, what a contribution comes now again.\u00a0\ud83d\ude09 \ud83d\ude05\u00a0Don&#8217;t worry, we just want to draw your attention to a report<\/p>\n\t\t<\/div>\n\t\t\t\t<\/div>\n\t\t\t\t<div class=\"elementor-post__meta-data\">\n\t\t\t\t\t<span class=\"elementor-post-date\">\n\t\t\t6. July 2020\t\t<\/span>\n\t\t\t\t<span class=\"elementor-post-avatar\">\n\t\t\tNo Comments\t\t<\/span>\n\t\t\t\t<\/div>\n\t\t\t\t\t<\/div>\n\t\t<\/article>\n\t\t\t\t<article class=\"elementor-post elementor-grid-item post-4981 social_media_beitrag type-social_media_beitrag status-publish has-post-thumbnail hentry kooperation-interessantes\">\n\t\t\t<div class=\"elementor-post__card\">\n\t\t\t\t<a class=\"elementor-post__thumbnail__link\" href=\"https:\/\/wheelchair-tours.org\/en\/social-media-beitrag\/barrierefreiheit-in-deutschland\/\"><div class=\"elementor-post__thumbnail\"><img loading=\"lazy\" decoding=\"async\" width=\"640\" height=\"401\" src=\"https:\/\/wheelchair-tours.org\/wp-content\/uploads\/2020\/07\/beer-3378136_640.jpg\" class=\"attachment-full size-full wp-image-4987\" alt=\"Bier mit Blumen \/Symbol Bayern\" srcset=\"https:\/\/wheelchair-tours.org\/wp-content\/uploads\/2020\/07\/beer-3378136_640.jpg 640w, https:\/\/wheelchair-tours.org\/wp-content\/uploads\/2020\/07\/beer-3378136_640-300x188.jpg 300w\" sizes=\"auto, (max-width: 640px) 100vw, 640px\" \/><\/div><\/a>\n\t\t\t\t<div class=\"elementor-post__text\">\n\t\t\t\t<h3 class=\"elementor-post__title\">\n\t\t\t<a href=\"https:\/\/wheelchair-tours.org\/en\/social-media-beitrag\/barrierefreiheit-in-deutschland\/\">\n\t\t\t\tBarrierefreiheit in Deutschland?\t\t\t<\/a>\n\t\t<\/h3>\n\t\t\t\t<div class=\"elementor-post__excerpt\">\n\t\t\t<p>\u00a9 pixabay Barrierefreiheit in Deutschland? Oh je, was kommt jetzt wieder f\u00fcr ein Beitrag.\u00a0\ud83d\ude09 \ud83d\ude05\u00a0Keine Sorge, wir wollen dich nur auf einen Beitrag des\u00a0BR Fernsehen\u00a0aufmerksam<\/p>\n\t\t<\/div>\n\t\t\t\t<\/div>\n\t\t\t\t<div class=\"elementor-post__meta-data\">\n\t\t\t\t\t<span class=\"elementor-post-date\">\n\t\t\t6. July 2020\t\t<\/span>\n\t\t\t\t<span class=\"elementor-post-avatar\">\n\t\t\tNo Comments\t\t<\/span>\n\t\t\t\t<\/div>\n\t\t\t\t\t<\/div>\n\t\t<\/article>\n\t\t\t\t<article class=\"elementor-post elementor-grid-item post-4971 social_media_beitrag type-social_media_beitrag status-publish has-post-thumbnail hentry kooperation-interessantes\">\n\t\t\t<div class=\"elementor-post__card\">\n\t\t\t\t<a class=\"elementor-post__thumbnail__link\" href=\"https:\/\/wheelchair-tours.org\/en\/social-media-beitrag\/urlaub-in-deutschland-lueneburg\/\"><div class=\"elementor-post__thumbnail\"><img loading=\"lazy\" decoding=\"async\" width=\"640\" height=\"450\" src=\"https:\/\/wheelchair-tours.org\/wp-content\/uploads\/2020\/07\/germany-4548999_640.jpg\" class=\"attachment-full size-full wp-image-4972\" alt=\"Alter Kran am Stint in L\u00fcneburg\" srcset=\"https:\/\/wheelchair-tours.org\/wp-content\/uploads\/2020\/07\/germany-4548999_640.jpg 640w, https:\/\/wheelchair-tours.org\/wp-content\/uploads\/2020\/07\/germany-4548999_640-300x211.jpg 300w\" sizes=\"auto, (max-width: 640px) 100vw, 640px\" \/><\/div><\/a>\n\t\t\t\t<div class=\"elementor-post__text\">\n\t\t\t\t<h3 class=\"elementor-post__title\">\n\t\t\t<a href=\"https:\/\/wheelchair-tours.org\/en\/social-media-beitrag\/urlaub-in-deutschland-lueneburg\/\">\n\t\t\t\tUrlaub in Deutschland &#8211; L\u00fcneburg\t\t\t<\/a>\n\t\t<\/h3>\n\t\t\t\t<div class=\"elementor-post__excerpt\">\n\t\t\t<p>\u00a9 Makalu auf Pixabay L\u00fcneburg \ud83c\udfeb L\u00fcneburg ist die &#8222;Heimatstadt&#8220; von unserem Teammitglied Sabrina und eine der sch\u00f6nsten St\u00e4dte Deutschlands. (zumindest aus unserer Sicht \ud83d\ude01)<\/p>\n\t\t<\/div>\n\t\t\t\t<\/div>\n\t\t\t\t<div class=\"elementor-post__meta-data\">\n\t\t\t\t\t<span class=\"elementor-post-date\">\n\t\t\t4. July 2020\t\t<\/span>\n\t\t\t\t<span class=\"elementor-post-avatar\">\n\t\t\tNo Comments\t\t<\/span>\n\t\t\t\t<\/div>\n\t\t\t\t\t<\/div>\n\t\t<\/article>\n\t\t\t\t<article class=\"elementor-post elementor-grid-item post-4977 social_media_beitrag type-social_media_beitrag status-publish has-post-thumbnail hentry kooperation-interesting-posts\">\n\t\t\t<div class=\"elementor-post__card\">\n\t\t\t\t<a class=\"elementor-post__thumbnail__link\" href=\"https:\/\/wheelchair-tours.org\/en\/social-media-beitrag\/holiday-in-germany-luneburg\/\"><div class=\"elementor-post__thumbnail\"><img loading=\"lazy\" decoding=\"async\" width=\"640\" height=\"450\" src=\"https:\/\/wheelchair-tours.org\/wp-content\/uploads\/2020\/07\/germany-4548999_640.jpg\" class=\"attachment-full size-full wp-image-4972\" alt=\"Alter Kran am Stint in L\u00fcneburg\" srcset=\"https:\/\/wheelchair-tours.org\/wp-content\/uploads\/2020\/07\/germany-4548999_640.jpg 640w, https:\/\/wheelchair-tours.org\/wp-content\/uploads\/2020\/07\/germany-4548999_640-300x211.jpg 300w\" sizes=\"auto, (max-width: 640px) 100vw, 640px\" \/><\/div><\/a>\n\t\t\t\t<div class=\"elementor-post__text\">\n\t\t\t\t<h3 class=\"elementor-post__title\">\n\t\t\t<a href=\"https:\/\/wheelchair-tours.org\/en\/social-media-beitrag\/holiday-in-germany-luneburg\/\">\n\t\t\t\tHoliday in Germany - L\u00fcneburg\t\t\t<\/a>\n\t\t<\/h3>\n\t\t\t\t<div class=\"elementor-post__excerpt\">\n\t\t\t<p>\u00a9 Makalu auf Pixabay L\u00fcneburg \ud83c\udfeb L\u00fcneburg is the &#8222;home town&#8220; of our team member Sabrina and one of the most beautiful cities in Germany.<\/p>\n\t\t<\/div>\n\t\t\t\t<\/div>\n\t\t\t\t<div class=\"elementor-post__meta-data\">\n\t\t\t\t\t<span class=\"elementor-post-date\">\n\t\t\t4. July 2020\t\t<\/span>\n\t\t\t\t<span class=\"elementor-post-avatar\">\n\t\t\tNo Comments\t\t<\/span>\n\t\t\t\t<\/div>\n\t\t\t\t\t<\/div>\n\t\t<\/article>\n\t\t\t\t<article class=\"elementor-post elementor-grid-item post-4893 social_media_beitrag type-social_media_beitrag status-publish has-post-thumbnail hentry kooperation-interessantes\">\n\t\t\t<div class=\"elementor-post__card\">\n\t\t\t\t<a class=\"elementor-post__thumbnail__link\" href=\"https:\/\/wheelchair-tours.org\/en\/social-media-beitrag\/barrierefreie-reisen-auch-mit-dem-zug\/\"><div class=\"elementor-post__thumbnail\"><img loading=\"lazy\" decoding=\"async\" width=\"1024\" height=\"576\" src=\"https:\/\/wheelchair-tours.org\/wp-content\/uploads\/2020\/06\/Wheelchair_tours_Rollstuhl_Social_Media_Zugreise_Barrierefrei_Washington-Post.jpg\" class=\"attachment-full size-full wp-image-4894\" alt=\"Wheelchair_tours_Rollstuhl_Social_Media_Zugreise_Barrierefrei_Washington-Post\" srcset=\"https:\/\/wheelchair-tours.org\/wp-content\/uploads\/2020\/06\/Wheelchair_tours_Rollstuhl_Social_Media_Zugreise_Barrierefrei_Washington-Post.jpg 1024w, https:\/\/wheelchair-tours.org\/wp-content\/uploads\/2020\/06\/Wheelchair_tours_Rollstuhl_Social_Media_Zugreise_Barrierefrei_Washington-Post-300x169.jpg 300w, https:\/\/wheelchair-tours.org\/wp-content\/uploads\/2020\/06\/Wheelchair_tours_Rollstuhl_Social_Media_Zugreise_Barrierefrei_Washington-Post-768x432.jpg 768w\" sizes=\"auto, (max-width: 1024px) 100vw, 1024px\" \/><\/div><\/a>\n\t\t\t\t<div class=\"elementor-post__text\">\n\t\t\t\t<h3 class=\"elementor-post__title\">\n\t\t\t<a href=\"https:\/\/wheelchair-tours.org\/en\/social-media-beitrag\/barrierefreie-reisen-auch-mit-dem-zug\/\">\n\t\t\t\tBarrierefreie Reisen &#8211; auch mit dem Zug!\t\t\t<\/a>\n\t\t<\/h3>\n\t\t\t\t<div class=\"elementor-post__excerpt\">\n\t\t\t<p>Barrierefreie Reisen &#8211; auch mit dem Zug! Vor kurzem sind wir \u00fcber diesen interessanten Artikel\u00a0\ud83d\udce7 der Washington Post\u00a0zum Thema\u00a0\ud83e\uddf3\u00a0Reisen &amp; Barrierefreiheit\u00a0\ud83d\udc69\u200d\ud83e\uddbd\u00a0gesto\u00dfen und m\u00f6chten diesen an<\/p>\n\t\t<\/div>\n\t\t\t\t<\/div>\n\t\t\t\t<div class=\"elementor-post__meta-data\">\n\t\t\t\t\t<span class=\"elementor-post-date\">\n\t\t\t24. June 2020\t\t<\/span>\n\t\t\t\t<span class=\"elementor-post-avatar\">\n\t\t\tNo Comments\t\t<\/span>\n\t\t\t\t<\/div>\n\t\t\t\t\t<\/div>\n\t\t<\/article>\n\t\t\t\t<article class=\"elementor-post elementor-grid-item post-4898 social_media_beitrag type-social_media_beitrag status-publish has-post-thumbnail hentry kooperation-interesting-posts\">\n\t\t\t<div class=\"elementor-post__card\">\n\t\t\t\t<a class=\"elementor-post__thumbnail__link\" href=\"https:\/\/wheelchair-tours.org\/en\/social-media-beitrag\/accessible-travel-also-by-train\/\"><div class=\"elementor-post__thumbnail\"><img loading=\"lazy\" decoding=\"async\" width=\"1024\" height=\"576\" src=\"https:\/\/wheelchair-tours.org\/wp-content\/uploads\/2020\/06\/Wheelchair_tours_Rollstuhl_Social_Media_Zugreise_Barrierefrei_Washington-Post.jpg\" class=\"attachment-full size-full wp-image-4894\" alt=\"Wheelchair_tours_Rollstuhl_Social_Media_Zugreise_Barrierefrei_Washington-Post\" srcset=\"https:\/\/wheelchair-tours.org\/wp-content\/uploads\/2020\/06\/Wheelchair_tours_Rollstuhl_Social_Media_Zugreise_Barrierefrei_Washington-Post.jpg 1024w, https:\/\/wheelchair-tours.org\/wp-content\/uploads\/2020\/06\/Wheelchair_tours_Rollstuhl_Social_Media_Zugreise_Barrierefrei_Washington-Post-300x169.jpg 300w, https:\/\/wheelchair-tours.org\/wp-content\/uploads\/2020\/06\/Wheelchair_tours_Rollstuhl_Social_Media_Zugreise_Barrierefrei_Washington-Post-768x432.jpg 768w\" sizes=\"auto, (max-width: 1024px) 100vw, 1024px\" \/><\/div><\/a>\n\t\t\t\t<div class=\"elementor-post__text\">\n\t\t\t\t<h3 class=\"elementor-post__title\">\n\t\t\t<a href=\"https:\/\/wheelchair-tours.org\/en\/social-media-beitrag\/accessible-travel-also-by-train\/\">\n\t\t\t\tAccessible travel - also by train!\t\t\t<\/a>\n\t\t<\/h3>\n\t\t\t\t<div class=\"elementor-post__excerpt\">\n\t\t\t<p>Accessible travel &#8211; also by train! We recently came across this interesting article\u00a0\ud83d\udce7\u00a0from the\u00a0Washington Post\u00a0about\u00a0\ud83e\uddf3\u00a0Travel &amp; Accessibility\u00a0\ud83d\udc69\ud83e\uddbd\u00a0and would like to share it with you here.<\/p>\n\t\t<\/div>\n\t\t\t\t<\/div>\n\t\t\t\t<div class=\"elementor-post__meta-data\">\n\t\t\t\t\t<span class=\"elementor-post-date\">\n\t\t\t24. June 2020\t\t<\/span>\n\t\t\t\t<span class=\"elementor-post-avatar\">\n\t\t\tNo Comments\t\t<\/span>\n\t\t\t\t<\/div>\n\t\t\t\t\t<\/div>\n\t\t<\/article>\n\t\t\t\t<article class=\"elementor-post elementor-grid-item post-4884 social_media_beitrag type-social_media_beitrag status-publish has-post-thumbnail hentry kooperation-interessantes\">\n\t\t\t<div class=\"elementor-post__card\">\n\t\t\t\t<a class=\"elementor-post__thumbnail__link\" href=\"https:\/\/wheelchair-tours.org\/en\/social-media-beitrag\/barrierefreies-muenchen\/\"><div class=\"elementor-post__thumbnail\"><img loading=\"lazy\" decoding=\"async\" width=\"1024\" height=\"576\" src=\"https:\/\/wheelchair-tours.org\/wp-content\/uploads\/2020\/06\/Wheelchair_tours_Rollstuhl_Social_Media_M\u00fcnchen_Michael_Siebert-Pixabay.jpg\" class=\"attachment-full size-full wp-image-4885\" alt=\"Wheelchair_tours_Rollstuhl_Social_Media_M\u00fcnchen_Michael_Siebert-Pixabay\" srcset=\"https:\/\/wheelchair-tours.org\/wp-content\/uploads\/2020\/06\/Wheelchair_tours_Rollstuhl_Social_Media_M\u00fcnchen_Michael_Siebert-Pixabay.jpg 1024w, https:\/\/wheelchair-tours.org\/wp-content\/uploads\/2020\/06\/Wheelchair_tours_Rollstuhl_Social_Media_M\u00fcnchen_Michael_Siebert-Pixabay-300x169.jpg 300w, https:\/\/wheelchair-tours.org\/wp-content\/uploads\/2020\/06\/Wheelchair_tours_Rollstuhl_Social_Media_M\u00fcnchen_Michael_Siebert-Pixabay-768x432.jpg 768w\" sizes=\"auto, (max-width: 1024px) 100vw, 1024px\" \/><\/div><\/a>\n\t\t\t\t<div class=\"elementor-post__text\">\n\t\t\t\t<h3 class=\"elementor-post__title\">\n\t\t\t<a href=\"https:\/\/wheelchair-tours.org\/en\/social-media-beitrag\/barrierefreies-muenchen\/\">\n\t\t\t\tBarrier-free Munich\t\t\t<\/a>\n\t\t<\/h3>\n\t\t\t\t<div class=\"elementor-post__excerpt\">\n\t\t\t<p>Barrierefreies M\u00fcnchen \ud83e\udd28\u00a0Da momentan Urlaub in \u00dcbersee eher nicht in Frage kommt, haben wir gedacht, wir stellen ein paar nahgelegene Ausflugsziele vor. \u2757\u267f\u00a0Angefangen mit M\u00fcnchen.<\/p>\n\t\t<\/div>\n\t\t\t\t<\/div>\n\t\t\t\t<div class=\"elementor-post__meta-data\">\n\t\t\t\t\t<span class=\"elementor-post-date\">\n\t\t\t22. June 2020\t\t<\/span>\n\t\t\t\t<span class=\"elementor-post-avatar\">\n\t\t\tNo Comments\t\t<\/span>\n\t\t\t\t<\/div>\n\t\t\t\t\t<\/div>\n\t\t<\/article>\n\t\t\t\t<article class=\"elementor-post elementor-grid-item post-4889 social_media_beitrag type-social_media_beitrag status-publish has-post-thumbnail hentry kooperation-interesting-posts\">\n\t\t\t<div class=\"elementor-post__card\">\n\t\t\t\t<a class=\"elementor-post__thumbnail__link\" href=\"https:\/\/wheelchair-tours.org\/en\/social-media-beitrag\/accessible-munich\/\"><div class=\"elementor-post__thumbnail\"><img loading=\"lazy\" decoding=\"async\" width=\"1024\" height=\"576\" src=\"https:\/\/wheelchair-tours.org\/wp-content\/uploads\/2020\/06\/Wheelchair_tours_Rollstuhl_Social_Media_M\u00fcnchen_Michael_Siebert-Pixabay.jpg\" class=\"attachment-full size-full wp-image-4885\" alt=\"Wheelchair_tours_Rollstuhl_Social_Media_M\u00fcnchen_Michael_Siebert-Pixabay\" srcset=\"https:\/\/wheelchair-tours.org\/wp-content\/uploads\/2020\/06\/Wheelchair_tours_Rollstuhl_Social_Media_M\u00fcnchen_Michael_Siebert-Pixabay.jpg 1024w, https:\/\/wheelchair-tours.org\/wp-content\/uploads\/2020\/06\/Wheelchair_tours_Rollstuhl_Social_Media_M\u00fcnchen_Michael_Siebert-Pixabay-300x169.jpg 300w, https:\/\/wheelchair-tours.org\/wp-content\/uploads\/2020\/06\/Wheelchair_tours_Rollstuhl_Social_Media_M\u00fcnchen_Michael_Siebert-Pixabay-768x432.jpg 768w\" sizes=\"auto, (max-width: 1024px) 100vw, 1024px\" \/><\/div><\/a>\n\t\t\t\t<div class=\"elementor-post__text\">\n\t\t\t\t<h3 class=\"elementor-post__title\">\n\t\t\t<a href=\"https:\/\/wheelchair-tours.org\/en\/social-media-beitrag\/accessible-munich\/\">\n\t\t\t\tAccessible Munich\t\t\t<\/a>\n\t\t<\/h3>\n\t\t\t\t<div class=\"elementor-post__excerpt\">\n\t\t\t<p>Accessible Munich \ud83d\ude0d\u00a0Holiday in Germany. \ud83e\udd28\u00a0Since holidays overseas are not really an option at the moment, we thought we would introduce a few nearby destinations.<\/p>\n\t\t<\/div>\n\t\t\t\t<\/div>\n\t\t\t\t<div class=\"elementor-post__meta-data\">\n\t\t\t\t\t<span class=\"elementor-post-date\">\n\t\t\t22. June 2020\t\t<\/span>\n\t\t\t\t<span class=\"elementor-post-avatar\">\n\t\t\tNo Comments\t\t<\/span>\n\t\t\t\t<\/div>\n\t\t\t\t\t<\/div>\n\t\t<\/article>\n\t\t\t\t<article class=\"elementor-post elementor-grid-item post-4878 social_media_beitrag type-social_media_beitrag status-publish has-post-thumbnail hentry kooperation-interesting-posts\">\n\t\t\t<div class=\"elementor-post__card\">\n\t\t\t\t<a class=\"elementor-post__thumbnail__link\" href=\"https:\/\/wheelchair-tours.org\/en\/social-media-beitrag\/the-dolomites-south-tyrols-figurehead\/\"><div class=\"elementor-post__thumbnail\"><img loading=\"lazy\" decoding=\"async\" width=\"1024\" height=\"576\" src=\"https:\/\/wheelchair-tours.org\/wp-content\/uploads\/2020\/06\/Wheelchair_tours_Rollstuhl_Social_Media_Dolomiten-Marmolate_Vincentiu-solomon_Unsplash.jpg\" class=\"attachment-full size-full wp-image-4874\" alt=\"Wheelchair_tours_Rollstuhl_Social_Media_Dolomiten-Marmolate_Vincentiu-solomon_Unsplash\" srcset=\"https:\/\/wheelchair-tours.org\/wp-content\/uploads\/2020\/06\/Wheelchair_tours_Rollstuhl_Social_Media_Dolomiten-Marmolate_Vincentiu-solomon_Unsplash.jpg 1024w, https:\/\/wheelchair-tours.org\/wp-content\/uploads\/2020\/06\/Wheelchair_tours_Rollstuhl_Social_Media_Dolomiten-Marmolate_Vincentiu-solomon_Unsplash-300x169.jpg 300w, https:\/\/wheelchair-tours.org\/wp-content\/uploads\/2020\/06\/Wheelchair_tours_Rollstuhl_Social_Media_Dolomiten-Marmolate_Vincentiu-solomon_Unsplash-768x432.jpg 768w\" sizes=\"auto, (max-width: 1024px) 100vw, 1024px\" \/><\/div><\/a>\n\t\t\t\t<div class=\"elementor-post__text\">\n\t\t\t\t<h3 class=\"elementor-post__title\">\n\t\t\t<a href=\"https:\/\/wheelchair-tours.org\/en\/social-media-beitrag\/the-dolomites-south-tyrols-figurehead\/\">\n\t\t\t\tThe Dolomites - South Tyrol's \"figurehead\"\t\t\t<\/a>\n\t\t<\/h3>\n\t\t\t\t<div class=\"elementor-post__excerpt\">\n\t\t\t<p>The Dolomites A part of the mountains in South Tyrol, the Dolomites, are an annual attraction for many\u00a0\ud83d\udeb6\u00a0hikers, climbers and walkers. Depending on fitness level<\/p>\n\t\t<\/div>\n\t\t\t\t<\/div>\n\t\t\t\t<div class=\"elementor-post__meta-data\">\n\t\t\t\t\t<span class=\"elementor-post-date\">\n\t\t\t20. June 2020\t\t<\/span>\n\t\t\t\t<span class=\"elementor-post-avatar\">\n\t\t\tNo Comments\t\t<\/span>\n\t\t\t\t<\/div>\n\t\t\t\t\t<\/div>\n\t\t<\/article>\n\t\t\t\t<article class=\"elementor-post elementor-grid-item post-4873 social_media_beitrag type-social_media_beitrag status-publish has-post-thumbnail hentry kooperation-interessantes\">\n\t\t\t<div class=\"elementor-post__card\">\n\t\t\t\t<a class=\"elementor-post__thumbnail__link\" href=\"https:\/\/wheelchair-tours.org\/en\/social-media-beitrag\/die-dolomiten-suedtirols-aushaengeschild\/\"><div class=\"elementor-post__thumbnail\"><img loading=\"lazy\" decoding=\"async\" width=\"1024\" height=\"576\" src=\"https:\/\/wheelchair-tours.org\/wp-content\/uploads\/2020\/06\/Wheelchair_tours_Rollstuhl_Social_Media_Dolomiten-Marmolate_Vincentiu-solomon_Unsplash.jpg\" class=\"attachment-full size-full wp-image-4874\" alt=\"Wheelchair_tours_Rollstuhl_Social_Media_Dolomiten-Marmolate_Vincentiu-solomon_Unsplash\" srcset=\"https:\/\/wheelchair-tours.org\/wp-content\/uploads\/2020\/06\/Wheelchair_tours_Rollstuhl_Social_Media_Dolomiten-Marmolate_Vincentiu-solomon_Unsplash.jpg 1024w, https:\/\/wheelchair-tours.org\/wp-content\/uploads\/2020\/06\/Wheelchair_tours_Rollstuhl_Social_Media_Dolomiten-Marmolate_Vincentiu-solomon_Unsplash-300x169.jpg 300w, https:\/\/wheelchair-tours.org\/wp-content\/uploads\/2020\/06\/Wheelchair_tours_Rollstuhl_Social_Media_Dolomiten-Marmolate_Vincentiu-solomon_Unsplash-768x432.jpg 768w\" sizes=\"auto, (max-width: 1024px) 100vw, 1024px\" \/><\/div><\/a>\n\t\t\t\t<div class=\"elementor-post__text\">\n\t\t\t\t<h3 class=\"elementor-post__title\">\n\t\t\t<a href=\"https:\/\/wheelchair-tours.org\/en\/social-media-beitrag\/die-dolomiten-suedtirols-aushaengeschild\/\">\n\t\t\t\tDie Dolomiten &#8211; S\u00fcdtirols &#8222;Aush\u00e4ngeschild&#8220;\t\t\t<\/a>\n\t\t<\/h3>\n\t\t\t\t<div class=\"elementor-post__excerpt\">\n\t\t\t<p>Die Dolomiten Ein Teil der Berge in S\u00fcdtirol, die Dolomiten, sind jedes Jahr ein Anziehungspunkt f\u00fcr viele\u00a0\ud83d\udeb6\u200d\u2640\ufe0f\u00a0Wanderer, Kletterer und Spazierg\u00e4nger. Je nach Fitnesslevel und Vorlieben<\/p>\n\t\t<\/div>\n\t\t\t\t<\/div>\n\t\t\t\t<div class=\"elementor-post__meta-data\">\n\t\t\t\t\t<span class=\"elementor-post-date\">\n\t\t\t20. June 2020\t\t<\/span>\n\t\t\t\t<span class=\"elementor-post-avatar\">\n\t\t\tNo Comments\t\t<\/span>\n\t\t\t\t<\/div>\n\t\t\t\t\t<\/div>\n\t\t<\/article>\n\t\t\t\t<article class=\"elementor-post elementor-grid-item post-4743 social_media_beitrag type-social_media_beitrag status-publish has-post-thumbnail hentry kooperation-interessantes\">\n\t\t\t<div class=\"elementor-post__card\">\n\t\t\t\t<a class=\"elementor-post__thumbnail__link\" href=\"https:\/\/wheelchair-tours.org\/en\/social-media-beitrag\/nicht-schon-wieder-corona-%f0%9f%98%85\/\"><div class=\"elementor-post__thumbnail\"><img loading=\"lazy\" decoding=\"async\" width=\"1240\" height=\"744\" src=\"https:\/\/wheelchair-tours.org\/wp-content\/uploads\/2020\/05\/5012.jpg\" class=\"attachment-full size-full wp-image-4739\" alt=\"Wheelchair-Tours-Rollstuhl-Wandern-Unterland-Suedtirol-AltoAdige-Social_Media-Corona_USA-TheGuardian\" srcset=\"https:\/\/wheelchair-tours.org\/wp-content\/uploads\/2020\/05\/5012.jpg 1240w, https:\/\/wheelchair-tours.org\/wp-content\/uploads\/2020\/05\/5012-300x180.jpg 300w, https:\/\/wheelchair-tours.org\/wp-content\/uploads\/2020\/05\/5012-1024x614.jpg 1024w, https:\/\/wheelchair-tours.org\/wp-content\/uploads\/2020\/05\/5012-768x461.jpg 768w\" sizes=\"auto, (max-width: 1240px) 100vw, 1240px\" \/><\/div><\/a>\n\t\t\t\t<div class=\"elementor-post__text\">\n\t\t\t\t<h3 class=\"elementor-post__title\">\n\t\t\t<a href=\"https:\/\/wheelchair-tours.org\/en\/social-media-beitrag\/nicht-schon-wieder-corona-%f0%9f%98%85\/\">\n\t\t\t\tNicht schon wieder Corona! \ud83d\ude05\t\t\t<\/a>\n\t\t<\/h3>\n\t\t\t\t<div class=\"elementor-post__excerpt\">\n\t\t\t<p>\u00a9 Murdo MacLeod\/The Guardian Nicht schon wieder Corona! Ja, wir wissen, das Thema ist wie Kaugummi. Aber es ist und bleibt eben auch ein wichtiges<\/p>\n\t\t<\/div>\n\t\t\t\t<\/div>\n\t\t\t\t<div class=\"elementor-post__meta-data\">\n\t\t\t\t\t<span class=\"elementor-post-date\">\n\t\t\t13. June 2020\t\t<\/span>\n\t\t\t\t<span class=\"elementor-post-avatar\">\n\t\t\tNo Comments\t\t<\/span>\n\t\t\t\t<\/div>\n\t\t\t\t\t<\/div>\n\t\t<\/article>\n\t\t\t\t<article class=\"elementor-post elementor-grid-item post-4738 social_media_beitrag type-social_media_beitrag status-publish has-post-thumbnail hentry kooperation-interesting-posts\">\n\t\t\t<div class=\"elementor-post__card\">\n\t\t\t\t<a class=\"elementor-post__thumbnail__link\" href=\"https:\/\/wheelchair-tours.org\/en\/social-media-beitrag\/not-corona-again-%f0%9f%98%85\/\"><div class=\"elementor-post__thumbnail\"><img loading=\"lazy\" decoding=\"async\" width=\"1240\" height=\"744\" src=\"https:\/\/wheelchair-tours.org\/wp-content\/uploads\/2020\/05\/5012.jpg\" class=\"attachment-full size-full wp-image-4739\" alt=\"Wheelchair-Tours-Rollstuhl-Wandern-Unterland-Suedtirol-AltoAdige-Social_Media-Corona_USA-TheGuardian\" srcset=\"https:\/\/wheelchair-tours.org\/wp-content\/uploads\/2020\/05\/5012.jpg 1240w, https:\/\/wheelchair-tours.org\/wp-content\/uploads\/2020\/05\/5012-300x180.jpg 300w, https:\/\/wheelchair-tours.org\/wp-content\/uploads\/2020\/05\/5012-1024x614.jpg 1024w, https:\/\/wheelchair-tours.org\/wp-content\/uploads\/2020\/05\/5012-768x461.jpg 768w\" sizes=\"auto, (max-width: 1240px) 100vw, 1240px\" \/><\/div><\/a>\n\t\t\t\t<div class=\"elementor-post__text\">\n\t\t\t\t<h3 class=\"elementor-post__title\">\n\t\t\t<a href=\"https:\/\/wheelchair-tours.org\/en\/social-media-beitrag\/not-corona-again-%f0%9f%98%85\/\">\n\t\t\t\tNot Corona again! \ud83d\ude05\t\t\t<\/a>\n\t\t<\/h3>\n\t\t\t\t<div class=\"elementor-post__excerpt\">\n\t\t\t<p>\u00a9 Murdo MacLeod\/The Guardian Not Corona again! Yeah, we know, the subject is like gum. But it is and will remain an important topic. \u2757\ud83d\udc69\ud83e\uddbd<\/p>\n\t\t<\/div>\n\t\t\t\t<\/div>\n\t\t\t\t<div class=\"elementor-post__meta-data\">\n\t\t\t\t\t<span class=\"elementor-post-date\">\n\t\t\t13. June 2020\t\t<\/span>\n\t\t\t\t<span class=\"elementor-post-avatar\">\n\t\t\tNo Comments\t\t<\/span>\n\t\t\t\t<\/div>\n\t\t\t\t\t<\/div>\n\t\t<\/article>\n\t\t\t\t<article class=\"elementor-post elementor-grid-item post-4730 social_media_beitrag type-social_media_beitrag status-publish has-post-thumbnail hentry kooperation-interesting-posts\">\n\t\t\t<div class=\"elementor-post__card\">\n\t\t\t\t<a class=\"elementor-post__thumbnail__link\" href=\"https:\/\/wheelchair-tours.org\/en\/social-media-beitrag\/travel-while-disabled-is-4x-more-expensive\/\"><div class=\"elementor-post__thumbnail\"><img loading=\"lazy\" decoding=\"async\" width=\"640\" height=\"378\" src=\"https:\/\/wheelchair-tours.org\/wp-content\/uploads\/2020\/05\/beach-1867137_1280-e1590591795822.jpg\" class=\"attachment-full size-full wp-image-4731\" alt=\"Wheelchair-Tours-Rollstuhl-Wandern-Unterland-Suedtirol-AltoAdige-Social_Media-Travel-expensive-pixabay\" \/><\/div><\/a>\n\t\t\t\t<div class=\"elementor-post__text\">\n\t\t\t\t<h3 class=\"elementor-post__title\">\n\t\t\t<a href=\"https:\/\/wheelchair-tours.org\/en\/social-media-beitrag\/travel-while-disabled-is-4x-more-expensive\/\">\n\t\t\t\tTravel while disabled is 4x more expensive\t\t\t<\/a>\n\t\t<\/h3>\n\t\t\t\t<div class=\"elementor-post__excerpt\">\n\t\t\t<p>\u00a9 pixabay Travel while disabled is 4x more expensive \ud83d\udc4d Thanks to @grabyourwheels we came across an interesting article \ud83e\uddfe\ud83d\udcda of Quartz media @qz about<\/p>\n\t\t<\/div>\n\t\t\t\t<\/div>\n\t\t\t\t<div class=\"elementor-post__meta-data\">\n\t\t\t\t\t<span class=\"elementor-post-date\">\n\t\t\t8. June 2020\t\t<\/span>\n\t\t\t\t<span class=\"elementor-post-avatar\">\n\t\t\tNo Comments\t\t<\/span>\n\t\t\t\t<\/div>\n\t\t\t\t\t<\/div>\n\t\t<\/article>\n\t\t\t\t<article class=\"elementor-post elementor-grid-item post-4734 social_media_beitrag type-social_media_beitrag status-publish has-post-thumbnail hentry kooperation-interessantes\">\n\t\t\t<div class=\"elementor-post__card\">\n\t\t\t\t<a class=\"elementor-post__thumbnail__link\" href=\"https:\/\/wheelchair-tours.org\/en\/social-media-beitrag\/reisen-mit-behinderung-ist-4x-teurer\/\"><div class=\"elementor-post__thumbnail\"><img loading=\"lazy\" decoding=\"async\" width=\"640\" height=\"378\" src=\"https:\/\/wheelchair-tours.org\/wp-content\/uploads\/2020\/05\/beach-1867137_1280-e1590591795822.jpg\" class=\"attachment-full size-full wp-image-4731\" alt=\"Wheelchair-Tours-Rollstuhl-Wandern-Unterland-Suedtirol-AltoAdige-Social_Media-Travel-expensive-pixabay\" \/><\/div><\/a>\n\t\t\t\t<div class=\"elementor-post__text\">\n\t\t\t\t<h3 class=\"elementor-post__title\">\n\t\t\t<a href=\"https:\/\/wheelchair-tours.org\/en\/social-media-beitrag\/reisen-mit-behinderung-ist-4x-teurer\/\">\n\t\t\t\tReisen mit Behinderung ist 4x teurer\t\t\t<\/a>\n\t\t<\/h3>\n\t\t\t\t<div class=\"elementor-post__excerpt\">\n\t\t\t<p>\u00a9 pixabay Reisen mit Behinderung ist 4x teurer \ud83d\udc4d Dank @grabyourwheels sind wir auf einen interessanten Artikel \ud83e\uddfe\ud83d\udcda von Quartz Media @qz gesto\u00dfen, in dem<\/p>\n\t\t<\/div>\n\t\t\t\t<\/div>\n\t\t\t\t<div class=\"elementor-post__meta-data\">\n\t\t\t\t\t<span class=\"elementor-post-date\">\n\t\t\t8. June 2020\t\t<\/span>\n\t\t\t\t<span class=\"elementor-post-avatar\">\n\t\t\tNo Comments\t\t<\/span>\n\t\t\t\t<\/div>\n\t\t\t\t\t<\/div>\n\t\t<\/article>\n\t\t\t\t<article class=\"elementor-post elementor-grid-item post-4791 social_media_beitrag type-social_media_beitrag status-publish has-post-thumbnail hentry blogbeitrag-neuer-blogbeitrag\">\n\t\t\t<div class=\"elementor-post__card\">\n\t\t\t\t<a class=\"elementor-post__thumbnail__link\" href=\"https:\/\/wheelchair-tours.org\/en\/social-media-beitrag\/neuer-blog-beitrag-venedig-teil-2-rialto-bruecke-piazza-san-marco\/\"><div class=\"elementor-post__thumbnail\"><img loading=\"lazy\" decoding=\"async\" width=\"640\" height=\"400\" src=\"https:\/\/wheelchair-tours.org\/wp-content\/uploads\/2020\/03\/Wheelchair_tours_Rollstuhl_Wandern_Blog_Venedig_barrierefrei_Aussicht_vom_einkaufszentrum.jpg\" class=\"attachment-full size-full wp-image-4356\" alt=\"Blick von der Dachterreasse des Fondacho auf den Canal Grande\" srcset=\"https:\/\/wheelchair-tours.org\/wp-content\/uploads\/2020\/03\/Wheelchair_tours_Rollstuhl_Wandern_Blog_Venedig_barrierefrei_Aussicht_vom_einkaufszentrum.jpg 640w, https:\/\/wheelchair-tours.org\/wp-content\/uploads\/2020\/03\/Wheelchair_tours_Rollstuhl_Wandern_Blog_Venedig_barrierefrei_Aussicht_vom_einkaufszentrum-300x188.jpg 300w\" sizes=\"auto, (max-width: 640px) 100vw, 640px\" \/><\/div><\/a>\n\t\t\t\t<div class=\"elementor-post__text\">\n\t\t\t\t<h3 class=\"elementor-post__title\">\n\t\t\t<a href=\"https:\/\/wheelchair-tours.org\/en\/social-media-beitrag\/neuer-blog-beitrag-venedig-teil-2-rialto-bruecke-piazza-san-marco\/\">\n\t\t\t\tNeuer Blog-Beitrag: Venedig Teil 2 &#8211; Rialto-Br\u00fccke &#038; Piazza San Marco\t\t\t<\/a>\n\t\t<\/h3>\n\t\t\t\t<div class=\"elementor-post__excerpt\">\n\t\t\t<p>Venedig &#8211; Rialto-Br\u00fccke &amp; Piazza San Marco Wie du ganz einfach nach Venedig kommst, auch mit fahrbarem Untersatz \ud83d\udc69\u200d\ud83e\uddbd, das haben wir dir letzten Monat<\/p>\n\t\t<\/div>\n\t\t\t\t<\/div>\n\t\t\t\t<div class=\"elementor-post__meta-data\">\n\t\t\t\t\t<span class=\"elementor-post-date\">\n\t\t\t6 June 2020\t\t<\/span>\n\t\t\t\t<span class=\"elementor-post-avatar\">\n\t\t\tNo Comments\t\t<\/span>\n\t\t\t\t<\/div>\n\t\t\t\t\t<\/div>\n\t\t<\/article>\n\t\t\t\t<article class=\"elementor-post elementor-grid-item post-4796 social_media_beitrag type-social_media_beitrag status-publish has-post-thumbnail hentry blogbeitrag-new-blog-post\">\n\t\t\t<div class=\"elementor-post__card\">\n\t\t\t\t<a class=\"elementor-post__thumbnail__link\" href=\"https:\/\/wheelchair-tours.org\/en\/social-media-beitrag\/new-blog-post-venedig-part-ii-rialto-bridge-piazza-san-marco\/\"><div class=\"elementor-post__thumbnail\"><img loading=\"lazy\" decoding=\"async\" width=\"640\" height=\"400\" src=\"https:\/\/wheelchair-tours.org\/wp-content\/uploads\/2020\/03\/Wheelchair_tours_Rollstuhl_Wandern_Blog_Venedig_barrierefrei_Aussicht_vom_einkaufszentrum.jpg\" class=\"attachment-full size-full wp-image-4356\" alt=\"Blick von der Dachterreasse des Fondacho auf den Canal Grande\" srcset=\"https:\/\/wheelchair-tours.org\/wp-content\/uploads\/2020\/03\/Wheelchair_tours_Rollstuhl_Wandern_Blog_Venedig_barrierefrei_Aussicht_vom_einkaufszentrum.jpg 640w, https:\/\/wheelchair-tours.org\/wp-content\/uploads\/2020\/03\/Wheelchair_tours_Rollstuhl_Wandern_Blog_Venedig_barrierefrei_Aussicht_vom_einkaufszentrum-300x188.jpg 300w\" sizes=\"auto, (max-width: 640px) 100vw, 640px\" \/><\/div><\/a>\n\t\t\t\t<div class=\"elementor-post__text\">\n\t\t\t\t<h3 class=\"elementor-post__title\">\n\t\t\t<a href=\"https:\/\/wheelchair-tours.org\/en\/social-media-beitrag\/new-blog-post-venedig-part-ii-rialto-bridge-piazza-san-marco\/\">\n\t\t\t\tNew blog post: Venice part II &#8211; Rialto-Bridge &#038; Piazza San Marco\t\t\t<\/a>\n\t\t<\/h3>\n\t\t\t\t<div class=\"elementor-post__excerpt\">\n\t\t\t<p>Venice &#8211; Rialto-Bridge &amp; Piazza San Marco \ud83d\udce7 \ud83d\udcad We told you last month how to get to Venice easily, even if using a wheelchair<\/p>\n\t\t<\/div>\n\t\t\t\t<\/div>\n\t\t\t\t<div class=\"elementor-post__meta-data\">\n\t\t\t\t\t<span class=\"elementor-post-date\">\n\t\t\t6 June 2020\t\t<\/span>\n\t\t\t\t<span class=\"elementor-post-avatar\">\n\t\t\tNo Comments\t\t<\/span>\n\t\t\t\t<\/div>\n\t\t\t\t\t<\/div>\n\t\t<\/article>\n\t\t\t\t<article class=\"elementor-post elementor-grid-item post-4726 social_media_beitrag type-social_media_beitrag status-publish has-post-thumbnail hentry neue_tour-new-tour\">\n\t\t\t<div class=\"elementor-post__card\">\n\t\t\t\t<a class=\"elementor-post__thumbnail__link\" href=\"https:\/\/wheelchair-tours.org\/en\/social-media-beitrag\/new-circular-hike-around-the-lake-monticolo\/\"><div class=\"elementor-post__thumbnail\"><img loading=\"lazy\" decoding=\"async\" width=\"1024\" height=\"576\" src=\"https:\/\/wheelchair-tours.org\/wp-content\/uploads\/2020\/05\/Wheelchair-Tours-Rollstuhl-Wandern-Unterland-Suedtirol-AltoAdige-Montiggler-See-Gras-feartured-image.jpg\" class=\"attachment-full size-full wp-image-4705\" alt=\"Wheelchair-Tours-Rollstuhl-Wandern-Unterland-Suedtirol-AltoAdige-Montiggler-See-Gras-feartured-image\" srcset=\"https:\/\/wheelchair-tours.org\/wp-content\/uploads\/2020\/05\/Wheelchair-Tours-Rollstuhl-Wandern-Unterland-Suedtirol-AltoAdige-Montiggler-See-Gras-feartured-image.jpg 1024w, https:\/\/wheelchair-tours.org\/wp-content\/uploads\/2020\/05\/Wheelchair-Tours-Rollstuhl-Wandern-Unterland-Suedtirol-AltoAdige-Montiggler-See-Gras-feartured-image-300x169.jpg 300w, https:\/\/wheelchair-tours.org\/wp-content\/uploads\/2020\/05\/Wheelchair-Tours-Rollstuhl-Wandern-Unterland-Suedtirol-AltoAdige-Montiggler-See-Gras-feartured-image-768x432.jpg 768w\" sizes=\"auto, (max-width: 1024px) 100vw, 1024px\" \/><\/div><\/a>\n\t\t\t\t<div class=\"elementor-post__text\">\n\t\t\t\t<h3 class=\"elementor-post__title\">\n\t\t\t<a href=\"https:\/\/wheelchair-tours.org\/en\/social-media-beitrag\/new-circular-hike-around-the-lake-monticolo\/\">\n\t\t\t\tNew: Circular hike around the Lake Monticolo\t\t\t<\/a>\n\t\t<\/h3>\n\t\t\t\t<div class=\"elementor-post__excerpt\">\n\t\t\t<p>Circular hike around the lake Monticolo Neue \u267f trip is online! The \ud83c\udf1e sun is laughing and the temperatures \ud83c\udf21 are rising&#8230; The perfect time<\/p>\n\t\t<\/div>\n\t\t\t\t<\/div>\n\t\t\t\t<div class=\"elementor-post__meta-data\">\n\t\t\t\t\t<span class=\"elementor-post-date\">\n\t\t\t1 June 2020\t\t<\/span>\n\t\t\t\t<span class=\"elementor-post-avatar\">\n\t\t\tNo Comments\t\t<\/span>\n\t\t\t\t<\/div>\n\t\t\t\t\t<\/div>\n\t\t<\/article>\n\t\t\t\t<article class=\"elementor-post elementor-grid-item post-4721 social_media_beitrag type-social_media_beitrag status-publish has-post-thumbnail hentry neue_tour-neue-tour\">\n\t\t\t<div class=\"elementor-post__card\">\n\t\t\t\t<a class=\"elementor-post__thumbnail__link\" href=\"https:\/\/wheelchair-tours.org\/en\/social-media-beitrag\/neue-tour-rundwanderung-um-den-grossen-montiggler-see\/\"><div class=\"elementor-post__thumbnail\"><img loading=\"lazy\" decoding=\"async\" width=\"1024\" height=\"576\" src=\"https:\/\/wheelchair-tours.org\/wp-content\/uploads\/2020\/05\/Wheelchair-Tours-Rollstuhl-Wandern-Unterland-Suedtirol-AltoAdige-Montiggler-See-Gras-feartured-image.jpg\" class=\"attachment-full size-full wp-image-4705\" alt=\"Wheelchair-Tours-Rollstuhl-Wandern-Unterland-Suedtirol-AltoAdige-Montiggler-See-Gras-feartured-image\" srcset=\"https:\/\/wheelchair-tours.org\/wp-content\/uploads\/2020\/05\/Wheelchair-Tours-Rollstuhl-Wandern-Unterland-Suedtirol-AltoAdige-Montiggler-See-Gras-feartured-image.jpg 1024w, https:\/\/wheelchair-tours.org\/wp-content\/uploads\/2020\/05\/Wheelchair-Tours-Rollstuhl-Wandern-Unterland-Suedtirol-AltoAdige-Montiggler-See-Gras-feartured-image-300x169.jpg 300w, https:\/\/wheelchair-tours.org\/wp-content\/uploads\/2020\/05\/Wheelchair-Tours-Rollstuhl-Wandern-Unterland-Suedtirol-AltoAdige-Montiggler-See-Gras-feartured-image-768x432.jpg 768w\" sizes=\"auto, (max-width: 1024px) 100vw, 1024px\" \/><\/div><\/a>\n\t\t\t\t<div class=\"elementor-post__text\">\n\t\t\t\t<h3 class=\"elementor-post__title\">\n\t\t\t<a href=\"https:\/\/wheelchair-tours.org\/en\/social-media-beitrag\/neue-tour-rundwanderung-um-den-grossen-montiggler-see\/\">\n\t\t\t\tNeue Tour: Rundwanderung um den Gro\u00dfen Montiggler See\t\t\t<\/a>\n\t\t<\/h3>\n\t\t\t\t<div class=\"elementor-post__excerpt\">\n\t\t\t<p>Rundwanderung um den Gro\u00dfen Montiggler See Neue \u267f Tour ist online! Die \ud83c\udf1e Sonne lacht und die Temperaturen \ud83c\udf21 steigen&#8230; Die perfekte Zeit f\u00fcr eine<\/p>\n\t\t<\/div>\n\t\t\t\t<\/div>\n\t\t\t\t<div class=\"elementor-post__meta-data\">\n\t\t\t\t\t<span class=\"elementor-post-date\">\n\t\t\t1 June 2020\t\t<\/span>\n\t\t\t\t<span class=\"elementor-post-avatar\">\n\t\t\tNo Comments\t\t<\/span>\n\t\t\t\t<\/div>\n\t\t\t\t\t<\/div>\n\t\t<\/article>\n\t\t\t\t<article class=\"elementor-post elementor-grid-item post-4621 social_media_beitrag type-social_media_beitrag status-publish has-post-thumbnail hentry kooperation-interessantes\">\n\t\t\t<div class=\"elementor-post__card\">\n\t\t\t\t<a class=\"elementor-post__thumbnail__link\" href=\"https:\/\/wheelchair-tours.org\/en\/social-media-beitrag\/barrierefreie-abenteuer-die-aufmerksamkeit-waechst\/\"><div class=\"elementor-post__thumbnail\"><img loading=\"lazy\" decoding=\"async\" width=\"1600\" height=\"900\" src=\"https:\/\/wheelchair-tours.org\/wp-content\/uploads\/2020\/04\/Report_AF4A1363_HR_WEB.jpg\" class=\"attachment-full size-full wp-image-4622\" alt=\"Wheelchair-Tours-Rollstuhl-Wandern-Social-Media-National-Geographic\" srcset=\"https:\/\/wheelchair-tours.org\/wp-content\/uploads\/2020\/04\/Report_AF4A1363_HR_WEB.jpg 1600w, https:\/\/wheelchair-tours.org\/wp-content\/uploads\/2020\/04\/Report_AF4A1363_HR_WEB-300x169.jpg 300w, https:\/\/wheelchair-tours.org\/wp-content\/uploads\/2020\/04\/Report_AF4A1363_HR_WEB-1024x576.jpg 1024w, https:\/\/wheelchair-tours.org\/wp-content\/uploads\/2020\/04\/Report_AF4A1363_HR_WEB-768x432.jpg 768w, https:\/\/wheelchair-tours.org\/wp-content\/uploads\/2020\/04\/Report_AF4A1363_HR_WEB-1536x864.jpg 1536w\" sizes=\"auto, (max-width: 1600px) 100vw, 1600px\" \/><\/div><\/a>\n\t\t\t\t<div class=\"elementor-post__text\">\n\t\t\t\t<h3 class=\"elementor-post__title\">\n\t\t\t<a href=\"https:\/\/wheelchair-tours.org\/en\/social-media-beitrag\/barrierefreie-abenteuer-die-aufmerksamkeit-waechst\/\">\n\t\t\t\tBarrierefreie Abenteuer- die Aufmerksamkeit w\u00e4chst!\t\t\t<\/a>\n\t\t<\/h3>\n\t\t\t\t<div class=\"elementor-post__excerpt\">\n\t\t\t<p>\u00a9 Joyce Silberstein\/Wheel the world Barrierefreie Abenteuer- die Aufmerksamkeit w\u00e4chst! Vor kurzem sind wir (danke an Grab Your Wheels, Let&#8217;s Travel) auf einen Artikel im<\/p>\n\t\t<\/div>\n\t\t\t\t<\/div>\n\t\t\t\t<div class=\"elementor-post__meta-data\">\n\t\t\t\t\t<span class=\"elementor-post-date\">\n\t\t\t25. May 2020\t\t<\/span>\n\t\t\t\t<span class=\"elementor-post-avatar\">\n\t\t\tNo Comments\t\t<\/span>\n\t\t\t\t<\/div>\n\t\t\t\t\t<\/div>\n\t\t<\/article>\n\t\t\t\t<article class=\"elementor-post elementor-grid-item post-4628 social_media_beitrag type-social_media_beitrag status-publish has-post-thumbnail hentry kooperation-interesting-posts\">\n\t\t\t<div class=\"elementor-post__card\">\n\t\t\t\t<a class=\"elementor-post__thumbnail__link\" href=\"https:\/\/wheelchair-tours.org\/en\/social-media-beitrag\/accessible-adventures-the-attention-is-growing\/\"><div class=\"elementor-post__thumbnail\"><img loading=\"lazy\" decoding=\"async\" width=\"1600\" height=\"900\" src=\"https:\/\/wheelchair-tours.org\/wp-content\/uploads\/2020\/04\/Report_AF4A1363_HR_WEB.jpg\" class=\"attachment-full size-full wp-image-4622\" alt=\"Wheelchair-Tours-Rollstuhl-Wandern-Social-Media-National-Geographic\" srcset=\"https:\/\/wheelchair-tours.org\/wp-content\/uploads\/2020\/04\/Report_AF4A1363_HR_WEB.jpg 1600w, https:\/\/wheelchair-tours.org\/wp-content\/uploads\/2020\/04\/Report_AF4A1363_HR_WEB-300x169.jpg 300w, https:\/\/wheelchair-tours.org\/wp-content\/uploads\/2020\/04\/Report_AF4A1363_HR_WEB-1024x576.jpg 1024w, https:\/\/wheelchair-tours.org\/wp-content\/uploads\/2020\/04\/Report_AF4A1363_HR_WEB-768x432.jpg 768w, https:\/\/wheelchair-tours.org\/wp-content\/uploads\/2020\/04\/Report_AF4A1363_HR_WEB-1536x864.jpg 1536w\" sizes=\"auto, (max-width: 1600px) 100vw, 1600px\" \/><\/div><\/a>\n\t\t\t\t<div class=\"elementor-post__text\">\n\t\t\t\t<h3 class=\"elementor-post__title\">\n\t\t\t<a href=\"https:\/\/wheelchair-tours.org\/en\/social-media-beitrag\/accessible-adventures-the-attention-is-growing\/\">\n\t\t\t\tAccessible adventures - the attention is growing!\t\t\t<\/a>\n\t\t<\/h3>\n\t\t\t\t<div class=\"elementor-post__excerpt\">\n\t\t\t<p>\u00a0\u00a9 Joyce Silberstein\/Wheel the world Accessible adventures &#8211; the attention is growing! Recently (thanks to Grab Your Wheels, Let&#8217;s Travel) we became aware of an<\/p>\n\t\t<\/div>\n\t\t\t\t<\/div>\n\t\t\t\t<div class=\"elementor-post__meta-data\">\n\t\t\t\t\t<span class=\"elementor-post-date\">\n\t\t\t25. May 2020\t\t<\/span>\n\t\t\t\t<span class=\"elementor-post-avatar\">\n\t\t\tNo Comments\t\t<\/span>\n\t\t\t\t<\/div>\n\t\t\t\t\t<\/div>\n\t\t<\/article>\n\t\t\t\t<\/div>\n\n\n\t\t\n\t\t\t\t<\/div>\n\t\t\t\t<\/div>\n\t\t\t\t\t<\/div>\n\t\t<\/div>\n\t\t\t\t\t\t\t<\/div>\n\t\t<\/section>\n\t\t\t\t<\/div>\n\t\t<\/div>\n\t\t\t\t<\/div>\n\t\t\t\t<\/div>\n\t\t\t\t<\/div>\n\t\t\t\t\t<\/div>\n\t\t<\/div>\n\t\t\t\t\t\t\t<\/div>\n\t\t<\/section>\n\t\t\t\t\t\t\t<\/div>","protected":false},"excerpt":{"rendered":"","protected":false},"author":1,"featured_media":0,"parent":0,"menu_order":0,"comment_status":"closed","ping_status":"closed","template":"","meta":{"_uag_custom_page_level_css":"","site-sidebar-layout":"no-sidebar","site-content-layout":"page-builder","ast-site-content-layout":"","site-content-style":"default","site-sidebar-style":"default","ast-global-header-display":"","ast-banner-title-visibility":"","ast-main-header-display":"","ast-hfb-above-header-display":"","ast-hfb-below-header-display":"","ast-hfb-mobile-header-display":"","site-post-title":"disabled","ast-breadcrumbs-content":"","ast-featured-img":"disabled","footer-sml-layout":"","theme-transparent-header-meta":"default","adv-header-id-meta":"","stick-header-meta":"","header-above-stick-meta":"","header-main-stick-meta":"","header-below-stick-meta":"","astra-migrate-meta-layouts":"","footnotes":""},"class_list":["post-2753","page","type-page","status-publish","hentry"],"uagb_featured_image_src":{"full":false,"thumbnail":false,"medium":false,"medium_large":false,"large":false,"1536x1536":false,"2048x2048":false,"trp-custom-language-flag":false},"uagb_author_info":{"display_name":"Sabrina","author_link":"https:\/\/wheelchair-tours.org\/en\/author\/sabrina\/"},"uagb_comment_info":0,"uagb_excerpt":null,"_links":{"self":[{"href":"https:\/\/wheelchair-tours.org\/en\/wp-json\/wp\/v2\/pages\/2753","targetHints":{"allow":["GET"]}}],"collection":[{"href":"https:\/\/wheelchair-tours.org\/en\/wp-json\/wp\/v2\/pages"}],"about":[{"href":"https:\/\/wheelchair-tours.org\/en\/wp-json\/wp\/v2\/types\/page"}],"author":[{"embeddable":true,"href":"https:\/\/wheelchair-tours.org\/en\/wp-json\/wp\/v2\/users\/1"}],"replies":[{"embeddable":true,"href":"https:\/\/wheelchair-tours.org\/en\/wp-json\/wp\/v2\/comments?post=2753"}],"version-history":[{"count":4,"href":"https:\/\/wheelchair-tours.org\/en\/wp-json\/wp\/v2\/pages\/2753\/revisions"}],"predecessor-version":[{"id":2954,"href":"https:\/\/wheelchair-tours.org\/en\/wp-json\/wp\/v2\/pages\/2753\/revisions\/2954"}],"wp:attachment":[{"href":"https:\/\/wheelchair-tours.org\/en\/wp-json\/wp\/v2\/media?parent=2753"}],"curies":[{"name":"wp","href":"https:\/\/api.w.org\/{rel}","templated":true}]}}